{"id":31333,"date":"2023-08-20T16:47:00","date_gmt":"2023-08-20T14:47:00","guid":{"rendered":"http:\/\/www.ovronnaz.ch\/project\/\/"},"modified":"2026-01-13T15:33:56","modified_gmt":"2026-01-13T14:33:56","slug":"famille-guy-crettenand","status":"publish","type":"project","link":"https:\/\/www.ovronnaz.ch\/en\/event\/famille-guy-crettenand\/","title":{"rendered":"CHALET PLEIN SOLEIL C"},"content":{"rendered":"<p>[et_pb_section fb_built=&#8221;1&#8243; fullwidth=&#8221;on&#8221; _builder_version=&#8221;4.21.0&#8243; _module_preset=&#8221;default&#8221; global_colors_info=&#8221;{}&#8221;][et_pb_fullwidth_slider _builder_version=&#8221;4.22.1&#8243; _module_preset=&#8221;default&#8221; global_colors_info=&#8221;{}&#8221;][et_pb_slide _builder_version=&#8221;4.22.1&#8243; _module_preset=&#8221;default&#8221; background_image=&#8221;https:\/\/www.ovronnaz.ch\/wp-content\/uploads\/2023\/08\/salon-3.png&#8221; background_enable_image=&#8221;on&#8221; global_colors_info=&#8221;{}&#8221; sticky_transition=&#8221;on&#8221;][\/et_pb_slide][\/et_pb_fullwidth_slider][\/et_pb_section][et_pb_section fb_built=&#8221;1&#8243; _builder_version=&#8221;4.21.0&#8243; _module_preset=&#8221;default&#8221; global_colors_info=&#8221;{}&#8221;][et_pb_row _builder_version=&#8221;4.21.0&#8243; _module_preset=&#8221;default&#8221; global_colors_info=&#8221;{}&#8221;][et_pb_column type=&#8221;4_4&#8243; _builder_version=&#8221;4.21.0&#8243; _module_preset=&#8221;default&#8221; global_colors_info=&#8221;{}&#8221;][et_pb_text _builder_version=&#8221;4.27.5&#8243; _module_preset=&#8221;default&#8221; hover_enabled=&#8221;0&#8243; content_en_gb=&#8221;<\/p>\n<h1>GUY CRETTENAND FAMILY<\/h1>\n<p>&#8221; content_de_de=&#8221;<\/p>\n<h1>GUY CRETTENAND FAMILIE<\/h1>\n<p>&#8221; global_colors_info=&#8221;{}&#8221; sticky_enabled=&#8221;0&#8243;]<\/p>\n<h1>Chalet Plein Soleil C<\/h1>\n<p>[\/et_pb_text][\/et_pb_column][\/et_pb_row][et_pb_row _builder_version=&#8221;4.21.0&#8243; _module_preset=&#8221;default&#8221; global_colors_info=&#8221;{}&#8221;][et_pb_column type=&#8221;4_4&#8243; _builder_version=&#8221;4.21.0&#8243; _module_preset=&#8221;default&#8221; global_colors_info=&#8221;{}&#8221;][et_pb_text _builder_version=&#8221;4.23.1&#8243; _module_preset=&#8221;default&#8221; content_en_gb=&#8221;<\/p>\n<p style=%22text-align: justify;%22>Attractive chalet-style duplex flat: three 2-bed bedrooms, 1 bathroom + WC, 1 separate WC, 3 balconies. Lots of character, in stone and old wood. Bedding and cleaning on request (price to be discussed).<\/p>\n<p style=%22text-align: justify;%22>10 minutes&#8217; walk from the spa. Postal bus stop and winter shuttle bus stop nearby. Uninterrupted view of the Rh\u00f4ne valley and mountains.<\/p>\n<p style=%22text-align: justify;%22><span>3 balconies, television, and wifi.<\/span><\/p>\n<p>&#8221; content_de_de=&#8221;<\/p>\n<p style=%22text-align: justify;%22>Sch\u00f6ne Wohnung im Chaletstil, Duplex: drei Zweibettzimmer, 1 Badezimmer + WC, 1 separates WC, 3 Balkone. Viel Cachet, aus Stein und altem Holz. Auf Anfrage, Bettw\u00e4sche + Reinigung (Preis zu diskutieren).<\/p>\n<p style=%22text-align: justify;%22>10 Minuten zu Fu\u00df vom Thermalzentrum entfernt. Haltestelle des Postbusses und des Pendelbusses im Winter in der N\u00e4he. Atemberaubende Aussicht auf das Rhonetal und die Berge.<\/p>\n<p style=%22text-align: justify;%22><span>3 Balkone, Fernseher und WLAN.<\/span><\/p>\n<p>&#8221; global_colors_info=&#8221;{}&#8221;]<\/p>\n<p style=\"text-align: justify;\">Bel appartement, style chalet, en duplex : trois chambres \u00e0 2 lits, 1 salle de bains + WC, 1 WC s\u00e9par\u00e9, 3 balcons. Beaucoup de cachet, en pierre et vieux bois. Sur demande, literie + nettoyage (prix \u00e0 discuter).<\/p>\n<p style=\"text-align: justify;\">A 10 minutes \u00e0 pied du Centre Thermal. Arr\u00eat du bus postal et du bus navette en hiver \u00e0 proximit\u00e9. Vue imprenable sur la vall\u00e9e du Rh\u00f4ne et sur les montagnes.<\/p>\n<p style=\"text-align: justify;\">3 balcons, t\u00e9l\u00e9vision et wifi<\/p>\n<p>[\/et_pb_text][dmg_masonry_gallery gallery=&#8221;32419,32422,33848,33851,37327&#8243; _builder_version=&#8221;4.23.1&#8243; _module_preset=&#8221;default&#8221; global_colors_info=&#8221;{}&#8221;][\/dmg_masonry_gallery][\/et_pb_column][\/et_pb_row][\/et_pb_section][et_pb_section fb_built=&#8221;1&#8243; _builder_version=&#8221;4.21.2&#8243; _module_preset=&#8221;default&#8221; background_color=&#8221;RGBA(255,255,255,0)&#8221; global_colors_info=&#8221;{}&#8221;][et_pb_row column_structure=&#8221;1_3,1_3,1_3&#8243; _builder_version=&#8221;4.21.0&#8243; _module_preset=&#8221;default&#8221; background_color=&#8221;#e5e5e5&#8243; max_width=&#8221;1200px&#8221; custom_padding=&#8221;|50px|50px|50px|false|true&#8221; locked=&#8221;off&#8221; global_colors_info=&#8221;{}&#8221;][et_pb_column type=&#8221;1_3&#8243; _builder_version=&#8221;4.21.0&#8243; _module_preset=&#8221;default&#8221; global_colors_info=&#8221;{}&#8221;][et_pb_blurb title=&#8221;Type de location&#8221; use_icon=&#8221;on&#8221; font_icon=&#8221;&#xe074;||divi||400&#8243; icon_color=&#8221;#000000&#8243; icon_placement=&#8221;left&#8221; _builder_version=&#8221;4.22.1&#8243; _module_preset=&#8221;default&#8221; title_en_gb=&#8221;Type of rented accommodation &#8221; content_en_gb=&#8221;<\/p>\n<p>Apartment<\/p>\n<p>&#8221; title_de_de=&#8221;Art der Vermietung &#8221; content_de_de=&#8221;<\/p>\n<p>Wohnung<\/p>\n<p>&#8221; global_colors_info=&#8221;{}&#8221;]<\/p>\n<p>Appartement<\/p>\n<p>[\/et_pb_blurb][et_pb_blurb title=&#8221;Lits&#8221; use_icon=&#8221;on&#8221; font_icon=&#8221;&#xf236;||fa||900&#8243; icon_color=&#8221;#000000&#8243; icon_placement=&#8221;left&#8221; _builder_version=&#8221;4.22.1&#8243; _module_preset=&#8221;default&#8221; title_en_gb=&#8221;Beds&#8221; title_de_de=&#8221;Betten&#8221; global_colors_info=&#8221;{}&#8221;]<\/p>\n<p>6<\/p>\n<p>[\/et_pb_blurb][et_pb_blurb title=&#8221;Pi\u00e8ces&#8221; use_icon=&#8221;on&#8221; font_icon=&#8221;&#xf009;||fa||900&#8243; icon_color=&#8221;#000000&#8243; icon_placement=&#8221;left&#8221; _builder_version=&#8221;4.22.1&#8243; _module_preset=&#8221;default&#8221; title_en_gb=&#8221;Rooms&#8221; title_de_de=&#8221;Zimmer&#8221; global_colors_info=&#8221;{}&#8221;]<\/p>\n<p>4.5<\/p>\n<p>[\/et_pb_blurb][\/et_pb_column][et_pb_column type=&#8221;1_3&#8243; _builder_version=&#8221;4.21.0&#8243; _module_preset=&#8221;default&#8221; global_colors_info=&#8221;{}&#8221;][et_pb_blurb title=&#8221;Wifi&#8221; use_icon=&#8221;on&#8221; font_icon=&#8221;&#xf1eb;||fa||900&#8243; icon_color=&#8221;#000000&#8243; icon_placement=&#8221;left&#8221; _builder_version=&#8221;4.22.1&#8243; _module_preset=&#8221;default&#8221; content_en_gb=&#8221;<\/p>\n<p>Yes<\/p>\n<p>&#8221; content_de_de=&#8221;<\/p>\n<p>Ja<\/p>\n<p>&#8221; global_colors_info=&#8221;{}&#8221;]<\/p>\n<p>Oui<\/p>\n<p>[\/et_pb_blurb][et_pb_blurb title=&#8221;Balcon ou terrasse&#8221; use_icon=&#8221;on&#8221; font_icon=&#8221;&#xf5ca;||fa||900&#8243; icon_color=&#8221;#000000&#8243; icon_placement=&#8221;left&#8221; _builder_version=&#8221;4.22.1&#8243; _module_preset=&#8221;default&#8221; title_en_gb=&#8221;Balcony or terrace&#8221; content_en_gb=&#8221;<\/p>\n<p>Yes<\/p>\n<p>&#8221; title_de_de=&#8221;Balkon oder Terrasse &#8221; content_de_de=&#8221;<\/p>\n<p>Ja<\/p>\n<p>&#8221; global_colors_info=&#8221;{}&#8221;]<\/p>\n<p>Oui<\/p>\n<p>[\/et_pb_blurb][et_pb_blurb title=&#8221;Parking&#8221; use_icon=&#8221;on&#8221; font_icon=&#8221;&#xf540;||fa||900&#8243; icon_color=&#8221;#000000&#8243; icon_placement=&#8221;left&#8221; _builder_version=&#8221;4.22.1&#8243; _module_preset=&#8221;default&#8221; title_en_gb=&#8221;Parking&#8221; content_en_gb=&#8221;<\/p>\n<p>Yes<\/p>\n<p>&#8221; title_de_de=&#8221;Parkplatz&#8221; content_de_de=&#8221;<\/p>\n<p>Ja<\/p>\n<p>&#8221; global_colors_info=&#8221;{}&#8221;]<\/p>\n<p>Oui<\/p>\n<p>[\/et_pb_blurb][\/et_pb_column][et_pb_column type=&#8221;1_3&#8243; _builder_version=&#8221;4.21.0&#8243; _module_preset=&#8221;default&#8221; global_colors_info=&#8221;{}&#8221;][et_pb_blurb title=&#8221;Fumeur&#8221; use_icon=&#8221;on&#8221; font_icon=&#8221;&#xf48d;||fa||900&#8243; icon_color=&#8221;#000000&#8243; icon_placement=&#8221;left&#8221; _builder_version=&#8221;4.22.1&#8243; _module_preset=&#8221;default&#8221; title_en_gb=&#8221;Smoker&#8221; content_en_gb=&#8221;<\/p>\n<p>No<\/p>\n<p>&#8221; title_de_de=&#8221;Raucher&#8221; content_de_de=&#8221;<\/p>\n<p>Nein<\/p>\n<p>&#8221; global_colors_info=&#8221;{}&#8221;]<\/p>\n<p>Non<\/p>\n<p>[\/et_pb_blurb][et_pb_blurb title=&#8221;Location d\u00e8s 1 ou 2 nuits&#8221; use_icon=&#8221;on&#8221; font_icon=&#8221;&#xf186;||fa||900&#8243; icon_color=&#8221;#000000&#8243; icon_placement=&#8221;left&#8221; _builder_version=&#8221;4.23.1&#8243; _module_preset=&#8221;default&#8221; title_en_gb=&#8221;Rental from 1 or 2 nights &#8221; content_en_gb=&#8221;<\/p>\n<p>Yes<\/p>\n<p>&#8221; title_de_de=&#8221;Vermietung ab 1 oder 2 N\u00e4chte&#8221; content_de_de=&#8221;<\/p>\n<p>Ja<\/p>\n<p>&#8221; global_colors_info=&#8221;{}&#8221;]<\/p>\n<p>Oui<\/p>\n<p>[\/et_pb_blurb][et_pb_blurb title=&#8221;Animal de compagnie &#8221; use_icon=&#8221;on&#8221; font_icon=&#8221;&#xf1b0;||fa||900&#8243; icon_color=&#8221;#000000&#8243; icon_placement=&#8221;left&#8221; _builder_version=&#8221;4.22.1&#8243; _module_preset=&#8221;default&#8221; title_en_gb=&#8221;Pet&#8221; content_en_gb=&#8221;<\/p>\n<p>No<\/p>\n<p>&#8221; title_de_de=&#8221;Heimtier&#8221; content_de_de=&#8221;<\/p>\n<p>Nein<\/p>\n<p>&#8221; global_colors_info=&#8221;{}&#8221;]<\/p>\n<p>Non<\/p>\n<p>[\/et_pb_blurb][\/et_pb_column][\/et_pb_row][\/et_pb_section][et_pb_section fb_built=&#8221;1&#8243; _builder_version=&#8221;4.21.0&#8243; _module_preset=&#8221;default&#8221; global_colors_info=&#8221;{}&#8221;][et_pb_row _builder_version=&#8221;4.21.2&#8243; _module_preset=&#8221;default&#8221; global_colors_info=&#8221;{}&#8221;][et_pb_column type=&#8221;4_4&#8243; _builder_version=&#8221;4.21.2&#8243; _module_preset=&#8221;default&#8221; global_colors_info=&#8221;{}&#8221;][et_pb_text _builder_version=&#8221;4.22.2&#8243; _module_preset=&#8221;default&#8221; content_en_gb=&#8221;<\/p>\n<h1>CONTACT<\/h1>\n<p>&#8221; content_de_de=&#8221;<\/p>\n<h1>KONTAKT<\/h1>\n<p>&#8221; global_colors_info=&#8221;{}&#8221;]<\/p>\n<h1>Contact<\/h1>\n<p>[\/et_pb_text][\/et_pb_column][\/et_pb_row][et_pb_row column_structure=&#8221;1_2,1_2&#8243; _builder_version=&#8221;4.21.2&#8243; _module_preset=&#8221;default&#8221; locked=&#8221;off&#8221; global_colors_info=&#8221;{}&#8221;][et_pb_column type=&#8221;1_2&#8243; _builder_version=&#8221;4.21.2&#8243; _module_preset=&#8221;default&#8221; global_colors_info=&#8221;{}&#8221;][et_pb_blurb title=&#8221;Famille Guy Crettenand&#8221; use_icon=&#8221;on&#8221; font_icon=&#8221;&#xf0c0;||fa||900&#8243; icon_color=&#8221;#000000&#8243; icon_placement=&#8221;left&#8221; image_icon_width=&#8221;28px&#8221; _builder_version=&#8221;4.22.1&#8243; _module_preset=&#8221;default&#8221; link_option_url_new_window=&#8221;on&#8221; global_colors_info=&#8221;{}&#8221;][\/et_pb_blurb][et_pb_blurb title=&#8221;ap.crettenand@gmail.com&#8221; use_icon=&#8221;on&#8221; font_icon=&#8221;&#xe010;||divi||400&#8243; icon_color=&#8221;#000000&#8243; icon_placement=&#8221;left&#8221; image_icon_width=&#8221;28px&#8221; _builder_version=&#8221;4.22.1&#8243; _module_preset=&#8221;default&#8221; link_option_url=&#8221;mailto:ap.crettenand@gmail.com&#8221; link_option_url_new_window=&#8221;on&#8221; global_colors_info=&#8221;{}&#8221;][\/et_pb_blurb][et_pb_blurb title=&#8221;+41 78 789 88 54&#8243; use_icon=&#8221;on&#8221; font_icon=&#8221;&#xf879;||fa||900&#8243; icon_color=&#8221;#000000&#8243; icon_placement=&#8221;left&#8221; image_icon_width=&#8221;28px&#8221; _builder_version=&#8221;4.27.5&#8243; _module_preset=&#8221;default&#8221; link_option_url_new_window=&#8221;on&#8221; global_colors_info=&#8221;{}&#8221;][\/et_pb_blurb][\/et_pb_column][et_pb_column type=&#8221;1_2&#8243; _builder_version=&#8221;4.21.2&#8243; _module_preset=&#8221;default&#8221; global_colors_info=&#8221;{}&#8221;][et_pb_code _builder_version=&#8221;4.23.1&#8243; _module_preset=&#8221;default&#8221; global_colors_info=&#8221;{}&#8221;]<iframe src=\"https:\/\/www.google.com\/maps\/embed?pb=!1m18!1m12!1m3!1d1380.7362982957152!2d7.17742167134136!3d46.20105288967536!2m3!1f0!2f0!3f0!3m2!1i1024!2i768!4f13.1!3m3!1m2!1s0x478ec6a6e6fa2fa7%3A0xe8df3363b5d726f7!2sRte%20de%20Chevalley%20118%2C%201911%20Leytron!5e0!3m2!1sfr!2sch!4v1700485715638!5m2!1sfr!2sch\" width=\"600\" height=\"450\" style=\"border:0;\" allowfullscreen=\"\" loading=\"lazy\" referrerpolicy=\"no-referrer-when-downgrade\"><\/iframe>[\/et_pb_code][\/et_pb_column][\/et_pb_row][\/et_pb_section]<\/p>\n","protected":false},"excerpt":{"rendered":"<p>Chalet Plein Soleil CBel appartement, style chalet, en duplex : trois chambres \u00e0 2 lits, 1 salle de bains + WC, 1 WC s\u00e9par\u00e9, 3 balcons. Beaucoup de cachet, en [&hellip;]<\/p>\n","protected":false},"author":2,"featured_media":32422,"comment_status":"open","ping_status":"closed","template":"","meta":{"_et_pb_use_builder":"on","_et_pb_old_content":"","_et_gb_content_width":"","_monsterinsights_skip_tracking":false,"_monsterinsights_sitenote_active":false,"_monsterinsights_sitenote_note":"","_monsterinsights_sitenote_category":0,"footnotes":""},"project_category":[49,54,58,52,56,55,53],"project_tag":[],"class_list":["post-31333","project","type-project","status-publish","has-post-thumbnail","hentry","project_category-appartement","project_category-balcon-ou-terrasse","project_category-caracteristiques","project_category-location","project_category-non-fumeur","project_category-place-de-parc","project_category-wifi"],"_links":{"self":[{"href":"https:\/\/www.ovronnaz.ch\/en\/wp-json\/wp\/v2\/project\/31333","targetHints":{"allow":["GET"]}}],"collection":[{"href":"https:\/\/www.ovronnaz.ch\/en\/wp-json\/wp\/v2\/project"}],"about":[{"href":"https:\/\/www.ovronnaz.ch\/en\/wp-json\/wp\/v2\/types\/project"}],"author":[{"embeddable":true,"href":"https:\/\/www.ovronnaz.ch\/en\/wp-json\/wp\/v2\/users\/2"}],"replies":[{"embeddable":true,"href":"https:\/\/www.ovronnaz.ch\/en\/wp-json\/wp\/v2\/comments?post=31333"}],"version-history":[{"count":9,"href":"https:\/\/www.ovronnaz.ch\/en\/wp-json\/wp\/v2\/project\/31333\/revisions"}],"predecessor-version":[{"id":44730,"href":"https:\/\/www.ovronnaz.ch\/en\/wp-json\/wp\/v2\/project\/31333\/revisions\/44730"}],"wp:featuredmedia":[{"embeddable":true,"href":"https:\/\/www.ovronnaz.ch\/en\/wp-json\/wp\/v2\/media\/32422"}],"wp:attachment":[{"href":"https:\/\/www.ovronnaz.ch\/en\/wp-json\/wp\/v2\/media?parent=31333"}],"wp:term":[{"taxonomy":"project_category","embeddable":true,"href":"https:\/\/www.ovronnaz.ch\/en\/wp-json\/wp\/v2\/project_category?post=31333"},{"taxonomy":"project_tag","embeddable":true,"href":"https:\/\/www.ovronnaz.ch\/en\/wp-json\/wp\/v2\/project_tag?post=31333"}],"curies":[{"name":"wp","href":"https:\/\/api.w.org\/{rel}","templated":true}]}}