{"id":30254,"date":"2023-08-04T07:48:57","date_gmt":"2023-08-04T05:48:57","guid":{"rendered":"http:\/\/www.ovronnaz.ch\/?post_type=project&#038;p=30254"},"modified":"2025-05-14T12:30:22","modified_gmt":"2025-05-14T10:30:22","slug":"cabane-rambert","status":"publish","type":"project","link":"https:\/\/www.ovronnaz.ch\/en\/event\/cabane-rambert\/","title":{"rendered":"Cabane Rambert"},"content":{"rendered":"<p>[et_pb_section fb_built=&#8221;1&#8243; fullwidth=&#8221;on&#8221; _builder_version=&#8221;4.21.0&#8243; _module_preset=&#8221;default&#8221; global_colors_info=&#8221;{}&#8221;][et_pb_fullwidth_slider _builder_version=&#8221;4.21.2&#8243; _module_preset=&#8221;default&#8221; global_colors_info=&#8221;{}&#8221;][et_pb_slide _builder_version=&#8221;4.21.2&#8243; _module_preset=&#8221;default&#8221; background_enable_color=&#8221;off&#8221; background_image=&#8221;http:\/\/www.ovronnaz.ch\/wp-content\/uploads\/2023\/08\/8f8adea7-10d8-42aa-84fe-43ef8b25523e_rw_1920.jpg&#8221; background_enable_image=&#8221;on&#8221; background_position=&#8221;bottom_center&#8221; global_colors_info=&#8221;{}&#8221; sticky_transition=&#8221;on&#8221;][\/et_pb_slide][\/et_pb_fullwidth_slider][\/et_pb_section][et_pb_section fb_built=&#8221;1&#8243; _builder_version=&#8221;4.21.0&#8243; _module_preset=&#8221;default&#8221; custom_padding=&#8221;0px||0px||false|false&#8221; global_colors_info=&#8221;{}&#8221;][et_pb_row _builder_version=&#8221;4.22.2&#8243; _module_preset=&#8221;default&#8221; custom_padding=&#8221;0px||20px||false|false&#8221; saved_tabs=&#8221;all&#8221; locked=&#8221;off&#8221; global_colors_info=&#8221;{}&#8221;][et_pb_column type=&#8221;4_4&#8243; _builder_version=&#8221;4.21.0&#8243; _module_preset=&#8221;default&#8221; global_colors_info=&#8221;{}&#8221;][et_pb_button button_url=&#8221;@ET-DC@eyJkeW5hbWljIjp0cnVlLCJjb250ZW50IjoicG9zdF9saW5rX3VybF9wYWdlIiwic2V0dGluZ3MiOnsicG9zdF9pZCI6IjI5MzE2In19@&#8221; button_text=&#8221;Liste des cabanes&#8221; _builder_version=&#8221;4.22.2&#8243; _dynamic_attributes=&#8221;button_url&#8221; _module_preset=&#8221;default&#8221; button_text_size=&#8221;14px&#8221; button_text_color=&#8221;#000000&#8243; button_bg_color=&#8221;rgba(186,186,186,0.4)&#8221; button_icon=&#8221;&#x23;||divi||400&#8243; custom_padding=&#8221;10px|20px|10px|35px|true|false&#8221; button_text_en_gb=&#8221;Mountain huts list&#8221; button_text_de_de=&#8221;H\u00fcttenliste&#8221; global_colors_info=&#8221;{}&#8221; button_text_size__hover=&#8221;16px&#8221;][\/et_pb_button][\/et_pb_column][\/et_pb_row][et_pb_row _builder_version=&#8221;4.27.4&#8243; _module_preset=&#8221;default&#8221; global_colors_info=&#8221;{}&#8221;][et_pb_column type=&#8221;4_4&#8243; _builder_version=&#8221;4.21.0&#8243; _module_preset=&#8221;default&#8221; global_colors_info=&#8221;{}&#8221;][et_pb_text _builder_version=&#8221;4.22.1&#8243; _module_preset=&#8221;default&#8221; content_en_gb=&#8221;<\/p>\n<h1>Rambert hut<\/h1>\n<p>Ovronnaz &#8211; 2580m<\/p>\n<p>&#8221; content_de_de=&#8221;<\/p>\n<h1>Rambert-H\u00fctte<\/h1>\n<p>Ovronnaz &#8211; 2580m<\/p>\n<p>&#8221; global_colors_info=&#8221;{}&#8221;]<\/p>\n<h1 class=\"entry-title\">Cabane Rambert<\/h1>\n<p>Ovronnaz &#8211; 2580m<\/p>\n<p>[\/et_pb_text][et_pb_text _builder_version=&#8221;4.27.4&#8243; _module_preset=&#8221;default&#8221; hover_enabled=&#8221;0&#8243; content_en_gb=&#8221;<\/p>\n<p style=%22text-align: justify;%22>Inaugurated on 20 July 1895 and rebuilt in 1952 at the foot of the Grand-Muveran, it was completely renovated and extended in 2015. Exceptional views of most of the 4000-metre peaks in the Valais Alps, from the Matterhorn to Mont Blanc. What&#8217;s more, the ibex often keep you company! Pascal and his team look forward to welcoming you from mid-June.<\/p>\n<p>&#8221; content_de_de=&#8221;<\/p>\n<p style=%22text-align: justify;%22>Am 20. Juli 1895 eingeweiht und 1952 am Fu\u00dfe des Grand-Muveran wieder aufgebaut, wurde sie 2015 komplett renoviert und vergr\u00f6\u00dfert. Au\u00dfergew\u00f6hnlicher Aussichtspunkt auf die meisten 4000er der Walliser Alpen: vom Matterhorn bis zum Mont-Blanc. Au\u00dferdem leisten Ihnen die Steinb\u00f6cke oft Gesellschaft! Pascal und sein Team freuen sich darauf, Sie ab Mitte Juni begr\u00fc\u00dfen zu d\u00fcrfen.<\/p>\n<p>&#8221; global_colors_info=&#8221;{}&#8221; sticky_enabled=&#8221;0&#8243;]<\/p>\n<div class=\"wpb_text_column wpb_content_element \">\n<div class=\"wpb_wrapper\">\n<p style=\"text-align: justify;\">Inaugur\u00e9e le 20 juillet 1895 puis reconstruite en 1952 au pied du Grand-Muveran, elle a \u00e9t\u00e9 enti\u00e8rement r\u00e9nov\u00e9e et agrandie en 2015. Point de vue exceptionnel sur la plupart des 4000 des Alpes valaisannes : du Cervin au Mont-Blanc. De plus, les bouquetins vous tiennent souvent compagnie ! Pascal et son \u00e9quipe se r\u00e9jouissent de vous accueillir d\u00e8s la mi-juin.<\/p>\n<\/div>\n<\/div>\n<p>[\/et_pb_text][et_pb_button button_url=&#8221;https:\/\/weathermap.netatmo.com\/?stationid=70:ee:50:a5:9d:76&#8243; url_new_window=&#8221;on&#8221; button_text=&#8221;Station m\u00e9t\u00e9o Rambert&#8221; button_alignment=&#8221;center&#8221; _builder_version=&#8221;4.27.2&#8243; _module_preset=&#8221;default&#8221; button_text_en_gb=&#8221;Rambert weather station&#8221; button_text_de_de=&#8221;Wetterstation Rambert&#8221; global_colors_info=&#8221;{}&#8221;][\/et_pb_button][\/et_pb_column][\/et_pb_row][et_pb_row _builder_version=&#8221;4.21.0&#8243; _module_preset=&#8221;default&#8221; global_colors_info=&#8221;{}&#8221;][et_pb_column type=&#8221;4_4&#8243; _builder_version=&#8221;4.21.0&#8243; _module_preset=&#8221;default&#8221; global_colors_info=&#8221;{}&#8221;][et_pb_text _builder_version=&#8221;4.22.1&#8243; _module_preset=&#8221;default&#8221; text_font=&#8221;Barlow||||||||&#8221; content_en_gb=&#8221;<\/p>\n<h2>Guarding <\/h2>\n<p>&#8221; content_de_de=&#8221;<\/p>\n<h2>Wachdienst<\/h2>\n<p>&#8221; global_colors_info=&#8221;{}&#8221;]<\/p>\n<div class=\"wpb_text_column wpb_content_element \">\n<div class=\"wpb_wrapper\">\n<h2>Gardiennage<\/h2>\n<\/div>\n<\/div>\n<p>[\/et_pb_text][et_pb_text _builder_version=&#8221;4.22.1&#8243; _module_preset=&#8221;default&#8221; content_en_gb=&#8221;<\/p>\n<p>Mid-June to end-October<\/p>\n<p>5 dormitories, 38 places<\/p>\n<p>Lunchtime catering<\/p>\n<p>Dogs only allowed in shoe entrance<\/p>\n<p>&#8221; content_de_de=&#8221;<\/p>\n<p>Von Mitte Juni bis Ende Oktober<\/p>\n<p>5 Schlafs\u00e4le, 38 Pl\u00e4tze<\/p>\n<p>Verpflegung am Mittag<\/p>\n<p>Hunde nur im Schuleintritt erlaubt<\/p>\n<p>&#8221; global_colors_info=&#8221;{}&#8221;]<\/p>\n<div class=\"wpb_text_column wpb_content_element \">\n<div class=\"wpb_wrapper\">\n<p>De mi-juin \u00e0 fin-octobre<\/p>\n<p>5 dortoirs, 38 places<\/p>\n<p>Restauration \u00e0 midi<\/p>\n<p>Chiens accept\u00e9s uniquement dans l\u2019entr\u00e9e \u00e0 chaussures<\/p>\n<\/div>\n<\/div>\n<p>[\/et_pb_text][\/et_pb_column][\/et_pb_row][et_pb_row _builder_version=&#8221;4.21.0&#8243; _module_preset=&#8221;default&#8221; global_colors_info=&#8221;{}&#8221;][et_pb_column type=&#8221;4_4&#8243; _builder_version=&#8221;4.21.0&#8243; _module_preset=&#8221;default&#8221; global_colors_info=&#8221;{}&#8221;][et_pb_text _builder_version=&#8221;4.22.1&#8243; _module_preset=&#8221;default&#8221; content_en_gb=&#8221;<\/p>\n<h2>No guardian <\/h2>\n<p>&#8221; content_de_de=&#8221;<\/p>\n<h2>Kein W\u00e4chter<\/h2>\n<p>&#8221; global_colors_info=&#8221;{}&#8221;]<\/p>\n<div class=\"wpb_text_column wpb_content_element \">\n<div class=\"wpb_wrapper\">\n<h2>Hors gardiennage<\/h2>\n<\/div>\n<\/div>\n<p>[\/et_pb_text][et_pb_text _builder_version=&#8221;4.22.1&#8243; _module_preset=&#8221;default&#8221; content_en_gb=&#8221;<\/p>\n<p>Winter accommodation available: 4 places, with blankets. No water available.<\/p>\n<p>&#8221; content_de_de=&#8221;<\/p>\n<p>Winterraum verf\u00fcgbar: 4 Pl\u00e4tze, mit Decken. Kein Wasser.<\/p>\n<p>&#8221; global_colors_info=&#8221;{}&#8221;]<\/p>\n<div class=\"wpb_text_column wpb_content_element \">\n<div class=\"wpb_wrapper\">\n<p><span>Local d\u2019hiver disponible : 4 places, avec couvertures. Pas d\u2019eau.<\/span><\/p>\n<\/div>\n<\/div>\n<p>[\/et_pb_text][\/et_pb_column][\/et_pb_row][\/et_pb_section][et_pb_section fb_built=&#8221;1&#8243; _builder_version=&#8221;4.21.2&#8243; _module_preset=&#8221;default&#8221; background_color=&#8221;#ededed&#8221; global_colors_info=&#8221;{}&#8221;][et_pb_row _builder_version=&#8221;4.21.2&#8243; _module_preset=&#8221;default&#8221; global_colors_info=&#8221;{}&#8221;][et_pb_column type=&#8221;4_4&#8243; _builder_version=&#8221;4.21.2&#8243; _module_preset=&#8221;default&#8221; global_colors_info=&#8221;{}&#8221;][et_pb_text _builder_version=&#8221;4.22.1&#8243; _module_preset=&#8221;default&#8221; content_en_gb=&#8221;<\/p>\n<h1>Summer access<\/h1>\n<p>&#8221; content_de_de=&#8221;<\/p>\n<h1>Sommerzugang<\/h1>\n<p>&#8221; global_colors_info=&#8221;{}&#8221;]<\/p>\n<h1>Acc\u00e8s \u00e9t\u00e9<\/h1>\n<p>[\/et_pb_text][\/et_pb_column][\/et_pb_row][et_pb_row column_structure=&#8221;2_3,1_3&#8243; make_equal=&#8221;on&#8221; _builder_version=&#8221;4.21.2&#8243; _module_preset=&#8221;default&#8221; global_colors_info=&#8221;{}&#8221;][et_pb_column type=&#8221;2_3&#8243; _builder_version=&#8221;4.21.2&#8243; _module_preset=&#8221;default&#8221; global_colors_info=&#8221;{}&#8221;][et_pb_text _builder_version=&#8221;4.22.1&#8243; _module_preset=&#8221;default&#8221; text_font=&#8221;Poppins||||||||&#8221; content_en_gb=&#8221;<\/p>\n<p>Ovronnaz \u2013 Jorasse chairlift \u2013 Plan Coupel \u2013 Plan Salentse<\/p>\n<p>Duration 2h40 &#8211; Difficulty T2<\/p>\n<p>&#8221; content_de_de=&#8221;<\/p>\n<p>Ovronnaz \u2013 Sessellift von Jorasse \u2013 Plan Coupel \u2013 Plan Salentse<\/p>\n<p>Dauer 2h40 &#8211; Schwierigkeitsgrad T2<\/p>\n<p>&#8221; global_colors_info=&#8221;{}&#8221;]<\/p>\n<p>Ovronnaz \u2013 t\u00e9l\u00e9si\u00e8ge Jorasse \u2013 Plan Coupel \u2013 Plan Salentse<\/p>\n<p>Dur\u00e9e 2h40 &#8211; Difficult\u00e9 T2<\/p>\n<p>[\/et_pb_text][\/et_pb_column][et_pb_column type=&#8221;1_3&#8243; _builder_version=&#8221;4.21.2&#8243; _module_preset=&#8221;default&#8221; global_colors_info=&#8221;{}&#8221;][et_pb_button button_url=&#8221;https:\/\/map.schweizmobil.ch\/?lang=fr&#038;photos=yes&#038;logo=yes&#038;detours=yes&#038;season=summer&#038;bgLayer=pk&#038;resolution=2.14&#038;E=2577096&#038;N=1119369&#038;trackId=120220731&#8243; url_new_window=&#8221;on&#8221; button_text=&#8221;Voir sur la carte&#8221; button_alignment=&#8221;right&#8221; _builder_version=&#8221;4.22.2&#8243; _module_preset=&#8221;default&#8221; button_icon=&#8221;&#xf4d7;||fa||900&#8243; button_text_en_gb=&#8221;See on map&#8221; button_text_de_de=&#8221;Auf der Karte anzeigen&#8221; global_colors_info=&#8221;{}&#8221;][\/et_pb_button][\/et_pb_column][\/et_pb_row][et_pb_row column_structure=&#8221;2_3,1_3&#8243; _builder_version=&#8221;4.21.2&#8243; _module_preset=&#8221;default&#8221; global_colors_info=&#8221;{}&#8221;][et_pb_column type=&#8221;2_3&#8243; _builder_version=&#8221;4.21.2&#8243; _module_preset=&#8221;default&#8221; global_colors_info=&#8221;{}&#8221;][et_pb_text _builder_version=&#8221;4.22.1&#8243; _module_preset=&#8221;default&#8221; text_font=&#8221;Poppins||||||||&#8221; content_en_gb=&#8221;<\/p>\n<p>Ovronnaz \u2013 Saille \u2013 Plan Coupel \u2013 Plan Salentse<\/p>\n<p>Duration  3h40 &#8211; Difficulty T2<\/p>\n<p>&#8221; content_de_de=&#8221;<\/p>\n<p>Ovronnaz \u2013 Saille \u2013 Plan Coupel \u2013 Plan Salentse<\/p>\n<p>Dauer 3h40 &#8211; Schwierigkeitsgrad T2<\/p>\n<p>&#8221; global_colors_info=&#8221;{}&#8221;]<\/p>\n<p>Ovronnaz \u2013 Saille \u2013 Plan Coupel \u2013 Plan Salentse<\/p>\n<p>Dur\u00e9e 3h40 &#8211; Difficult\u00e9 T2<\/p>\n<p>[\/et_pb_text][\/et_pb_column][et_pb_column type=&#8221;1_3&#8243; _builder_version=&#8221;4.21.2&#8243; _module_preset=&#8221;default&#8221; global_colors_info=&#8221;{}&#8221;][et_pb_button button_url=&#8221;https:\/\/map.schweizmobil.ch\/?lang=fr&#038;photos=yes&#038;logo=yes&#038;detours=yes&#038;season=summer&#038;bgLayer=pk&#038;resolution=2.02&#038;E=2577412&#038;N=1118767&#038;trackId=413256252&#8243; url_new_window=&#8221;on&#8221; button_text=&#8221;Voir sur la carte&#8221; button_alignment=&#8221;right&#8221; _builder_version=&#8221;4.22.2&#8243; _module_preset=&#8221;default&#8221; button_icon=&#8221;&#xf4d7;||fa||900&#8243; button_text_en_gb=&#8221;See on map&#8221; button_text_de_de=&#8221;Auf der Karte anzeigen&#8221; global_colors_info=&#8221;{}&#8221;][\/et_pb_button][\/et_pb_column][\/et_pb_row][et_pb_row column_structure=&#8221;2_3,1_3&#8243; _builder_version=&#8221;4.21.2&#8243; _module_preset=&#8221;default&#8221; global_colors_info=&#8221;{}&#8221;][et_pb_column type=&#8221;2_3&#8243; _builder_version=&#8221;4.21.2&#8243; _module_preset=&#8221;default&#8221; global_colors_info=&#8221;{}&#8221;][et_pb_text _builder_version=&#8221;4.22.1&#8243; _module_preset=&#8221;default&#8221; text_font=&#8221;Poppins||||||||&#8221; content_en_gb=&#8221;<\/p>\n<p>Ovronnaz \u2013 Loutze \u2013 Chamozentse<\/p>\n<p>Duration 4h15 &#8211; Difficulty T2<\/p>\n<p>&#8221; content_de_de=&#8221;<\/p>\n<p>Ovronnaz \u2013 Loutze \u2013 Chamozentse<\/p>\n<p>Dauer 4h15 &#8211; Schwierigkeitsgrad T2<\/p>\n<p>&#8221; global_colors_info=&#8221;{}&#8221;]<\/p>\n<p>Ovronnaz \u2013 Loutze \u2013 Chamozentse<\/p>\n<p>Dur\u00e9e 4h15 &#8211; Difficult\u00e9 T2<\/p>\n<p>[\/et_pb_text][\/et_pb_column][et_pb_column type=&#8221;1_3&#8243; _builder_version=&#8221;4.21.2&#8243; _module_preset=&#8221;default&#8221; global_colors_info=&#8221;{}&#8221;][et_pb_button button_url=&#8221;https:\/\/map.schweizmobil.ch\/?lang=fr&#038;photos=yes&#038;logo=yes&#038;detours=yes&#038;season=summer&#038;bgLayer=pk&#038;resolution=2.98&#038;E=2577605&#038;N=1118661&#038;trackId=1723301871&#8243; url_new_window=&#8221;on&#8221; button_text=&#8221;Voir sur la carte&#8221; button_alignment=&#8221;right&#8221; _builder_version=&#8221;4.22.2&#8243; _module_preset=&#8221;default&#8221; button_icon=&#8221;&#xf4d7;||fa||900&#8243; button_text_en_gb=&#8221;See on map&#8221; button_text_de_de=&#8221;Auf der Karte anzeigen&#8221; global_colors_info=&#8221;{}&#8221;][\/et_pb_button][\/et_pb_column][\/et_pb_row][et_pb_row _builder_version=&#8221;4.21.2&#8243; _module_preset=&#8221;default&#8221; global_colors_info=&#8221;{}&#8221;][et_pb_column type=&#8221;4_4&#8243; _builder_version=&#8221;4.21.2&#8243; _module_preset=&#8221;default&#8221; global_colors_info=&#8221;{}&#8221;][et_pb_text _builder_version=&#8221;4.22.1&#8243; _module_preset=&#8221;default&#8221; content_en_gb=&#8221;<\/p>\n<h1>Winter access<\/h1>\n<p>&#8221; content_de_de=&#8221;<\/p>\n<h1>Winterzugang<\/h1>\n<p>&#8221; global_colors_info=&#8221;{}&#8221;]<\/p>\n<h1>Acc\u00e8s hiver<\/h1>\n<p>[\/et_pb_text][\/et_pb_column][\/et_pb_row][et_pb_row column_structure=&#8221;3_4,1_4&#8243; _builder_version=&#8221;4.21.2&#8243; _module_preset=&#8221;default&#8221; global_colors_info=&#8221;{}&#8221;][et_pb_column type=&#8221;3_4&#8243; _builder_version=&#8221;4.21.2&#8243; _module_preset=&#8221;default&#8221; global_colors_info=&#8221;{}&#8221;][et_pb_text _builder_version=&#8221;4.22.1&#8243; _module_preset=&#8221;default&#8221; text_font=&#8221;Poppins||||||||&#8221; content_en_gb=&#8221;<\/p>\n<p>Ovronnaz &#8211; Loutze &#8211; Chamozentse<\/p>\n<p>Duration 4h &#8211; Difficulty PD<\/p>\n<p>&#8221; content_de_de=&#8221;<\/p>\n<p>Ovronnaz &#8211; Loutze &#8211; Chamozentse<\/p>\n<p>Dauer 4h &#8211; Schwierigkeitsgrad PD<\/p>\n<p>&#8221; global_colors_info=&#8221;{}&#8221;]<\/p>\n<p>Ovronnaz &#8211; Loutze &#8211; Chamozentse<\/p>\n<p>Dur\u00e9e 4h &#8211; Difficult\u00e9 PD<\/p>\n<p>[\/et_pb_text][\/et_pb_column][et_pb_column type=&#8221;1_4&#8243; _builder_version=&#8221;4.21.2&#8243; _module_preset=&#8221;default&#8221; global_colors_info=&#8221;{}&#8221;][\/et_pb_column][\/et_pb_row][\/et_pb_section][et_pb_section fb_built=&#8221;1&#8243; _builder_version=&#8221;4.21.0&#8243; _module_preset=&#8221;default&#8221; global_colors_info=&#8221;{}&#8221;][et_pb_row column_structure=&#8221;1_2,1_2&#8243; _builder_version=&#8221;4.21.2&#8243; _module_preset=&#8221;default&#8221; global_colors_info=&#8221;{}&#8221;][et_pb_column type=&#8221;1_2&#8243; _builder_version=&#8221;4.21.2&#8243; _module_preset=&#8221;default&#8221; global_colors_info=&#8221;{}&#8221;][et_pb_blurb title=&#8221;ramberts@cas-diablerets.ch&#8221; use_icon=&#8221;on&#8221; font_icon=&#8221;&#xe010;||divi||400&#8243; icon_color=&#8221;#000000&#8243; icon_placement=&#8221;left&#8221; image_icon_width=&#8221;28px&#8221; _builder_version=&#8221;4.21.2&#8243; _module_preset=&#8221;default&#8221; link_option_url=&#8221;mailto:rambert@cas-diablerets.ch&#8221; link_option_url_new_window=&#8221;on&#8221; global_colors_info=&#8221;{}&#8221;][\/et_pb_blurb][et_pb_blurb title=&#8221;+41 27 207 11 22&#8243; use_icon=&#8221;on&#8221; font_icon=&#8221;&#xf879;||fa||900&#8243; icon_color=&#8221;#000000&#8243; icon_placement=&#8221;left&#8221; image_icon_width=&#8221;28px&#8221; _builder_version=&#8221;4.22.1&#8243; _module_preset=&#8221;default&#8221; link_option_url_new_window=&#8221;on&#8221; global_colors_info=&#8221;{}&#8221;][\/et_pb_blurb][\/et_pb_column][et_pb_column type=&#8221;1_2&#8243; _builder_version=&#8221;4.21.2&#8243; _module_preset=&#8221;default&#8221; global_colors_info=&#8221;{}&#8221;][et_pb_button button_url=&#8221;https:\/\/www.alpsonline.org\/reservation\/calendar?hut_id=280&#8243; url_new_window=&#8221;on&#8221; button_text=&#8221;R\u00e9servation en ligne&#8221; button_alignment=&#8221;right&#8221; _builder_version=&#8221;4.22.1&#8243; _module_preset=&#8221;default&#8221; button_icon=&#8221;&#xe023;||divi||400&#8243; button_text_en_gb=&#8221;Online booking &#8221; button_text_de_de=&#8221;Online-Buchung &#8221; global_colors_info=&#8221;{}&#8221;][\/et_pb_button][\/et_pb_column][\/et_pb_row][\/et_pb_section]<\/p>\n","protected":false},"excerpt":{"rendered":"<p>Cabane Rambert Ovronnaz &#8211; 2580m Inaugur\u00e9e le 20 juillet 1895 puis reconstruite en 1952 au pied du Grand-Muveran, elle a \u00e9t\u00e9 enti\u00e8rement r\u00e9nov\u00e9e et agrandie en 2015. Point de vue [&hellip;]<\/p>\n","protected":false},"author":2,"featured_media":29920,"comment_status":"open","ping_status":"closed","template":"","meta":{"_et_pb_use_builder":"on","_et_pb_old_content":"","_et_gb_content_width":"","_monsterinsights_skip_tracking":false,"_monsterinsights_sitenote_active":false,"_monsterinsights_sitenote_note":"","_monsterinsights_sitenote_category":0,"footnotes":""},"project_category":[41],"project_tag":[],"class_list":["post-30254","project","type-project","status-publish","has-post-thumbnail","hentry","project_category-cabanes"],"_links":{"self":[{"href":"https:\/\/www.ovronnaz.ch\/en\/wp-json\/wp\/v2\/project\/30254","targetHints":{"allow":["GET"]}}],"collection":[{"href":"https:\/\/www.ovronnaz.ch\/en\/wp-json\/wp\/v2\/project"}],"about":[{"href":"https:\/\/www.ovronnaz.ch\/en\/wp-json\/wp\/v2\/types\/project"}],"author":[{"embeddable":true,"href":"https:\/\/www.ovronnaz.ch\/en\/wp-json\/wp\/v2\/users\/2"}],"replies":[{"embeddable":true,"href":"https:\/\/www.ovronnaz.ch\/en\/wp-json\/wp\/v2\/comments?post=30254"}],"version-history":[{"count":4,"href":"https:\/\/www.ovronnaz.ch\/en\/wp-json\/wp\/v2\/project\/30254\/revisions"}],"predecessor-version":[{"id":42259,"href":"https:\/\/www.ovronnaz.ch\/en\/wp-json\/wp\/v2\/project\/30254\/revisions\/42259"}],"wp:featuredmedia":[{"embeddable":true,"href":"https:\/\/www.ovronnaz.ch\/en\/wp-json\/wp\/v2\/media\/29920"}],"wp:attachment":[{"href":"https:\/\/www.ovronnaz.ch\/en\/wp-json\/wp\/v2\/media?parent=30254"}],"wp:term":[{"taxonomy":"project_category","embeddable":true,"href":"https:\/\/www.ovronnaz.ch\/en\/wp-json\/wp\/v2\/project_category?post=30254"},{"taxonomy":"project_tag","embeddable":true,"href":"https:\/\/www.ovronnaz.ch\/en\/wp-json\/wp\/v2\/project_tag?post=30254"}],"curies":[{"name":"wp","href":"https:\/\/api.w.org\/{rel}","templated":true}]}}