{"id":30213,"date":"2023-08-04T06:47:03","date_gmt":"2023-08-04T04:47:03","guid":{"rendered":"http:\/\/www.ovronnaz.ch\/?post_type=project&#038;p=30213"},"modified":"2026-04-22T13:56:06","modified_gmt":"2026-04-22T11:56:06","slug":"sentier-botanique-tour-de-la-seya","status":"publish","type":"project","link":"https:\/\/www.ovronnaz.ch\/en\/event\/sentier-botanique-tour-de-la-seya\/","title":{"rendered":"Sentier botanique - Tour de la Seya"},"content":{"rendered":"<p>[et_pb_section fb_built=&#8221;1&#8243; fullwidth=&#8221;on&#8221; _builder_version=&#8221;4.21.0&#8243; _module_preset=&#8221;default&#8221; global_colors_info=&#8221;{}&#8221;][et_pb_fullwidth_slider _builder_version=&#8221;4.27.4&#8243; _module_preset=&#8221;default&#8221; background_enable_image=&#8221;off&#8221; background_position=&#8221;top_center&#8221; global_colors_info=&#8221;{}&#8221;][et_pb_slide _builder_version=&#8221;4.27.4&#8243; _module_preset=&#8221;default&#8221; background_enable_color=&#8221;off&#8221; background_image=&#8221;https:\/\/www.ovronnaz.ch\/wp-content\/uploads\/2025\/10\/1000083549-scaled.jpg&#8221; background_enable_image=&#8221;on&#8221; background_position=&#8221;bottom_center&#8221; global_colors_info=&#8221;{}&#8221; sticky_transition=&#8221;on&#8221;][\/et_pb_slide][\/et_pb_fullwidth_slider][\/et_pb_section][et_pb_section fb_built=&#8221;1&#8243; _builder_version=&#8221;4.21.0&#8243; _module_preset=&#8221;default&#8221; global_colors_info=&#8221;{}&#8221;][et_pb_row _builder_version=&#8221;4.22.1&#8243; _module_preset=&#8221;default&#8221; custom_padding=&#8221;0px||20px||false|false&#8221; saved_tabs=&#8221;all&#8221; global_colors_info=&#8221;{}&#8221;][et_pb_column type=&#8221;4_4&#8243; _builder_version=&#8221;4.21.0&#8243; _module_preset=&#8221;default&#8221; global_colors_info=&#8221;{}&#8221;][et_pb_button button_url=&#8221;@ET-DC@eyJkeW5hbWljIjp0cnVlLCJjb250ZW50IjoicG9zdF9saW5rX3VybF9wYWdlIiwic2V0dGluZ3MiOnsicG9zdF9pZCI6IjI5OTgyIn19@&#8221; button_text=&#8221;Retour \u00e0 la liste&#8221; _builder_version=&#8221;4.22.2&#8243; _dynamic_attributes=&#8221;button_url&#8221; _module_preset=&#8221;default&#8221; button_text_size=&#8221;14px&#8221; button_text_color=&#8221;#000000&#8243; button_bg_color=&#8221;rgba(186,186,186,0.4)&#8221; button_icon=&#8221;&#x23;||divi||400&#8243; custom_padding=&#8221;10px|20px|10px|35px|true|false&#8221; button_text_en_gb=&#8221;Back to the list&#8221; button_text_de_de=&#8221;Zur\u00fcck zur Liste&#8221; global_colors_info=&#8221;{}&#8221; button_text_size__hover=&#8221;16px&#8221;][\/et_pb_button][\/et_pb_column][\/et_pb_row][et_pb_row column_structure=&#8221;2_3,1_3&#8243; _builder_version=&#8221;4.27.4&#8243; _module_preset=&#8221;default&#8221; max_width=&#8221;1250px&#8221; locked=&#8221;off&#8221; global_colors_info=&#8221;{}&#8221; custom_css_main_element_last_edited=&#8221;on|phone&#8221; custom_css_main_element_phone=&#8221;        display: flex;||        flex-direction: column-reverse;&#8221;][et_pb_column type=&#8221;2_3&#8243; _builder_version=&#8221;4.27.4&#8243; _module_preset=&#8221;default&#8221; custom_padding=&#8221;20px||||false|false&#8221; global_colors_info=&#8221;{}&#8221;][et_pb_text _builder_version=&#8221;4.27.4&#8243; _module_preset=&#8221;default&#8221; content_en_gb=&#8221;<\/p>\n<h1>Seya Tour<\/h1>\n<p>&#8221; content_de_de=&#8221;<\/p>\n<h1>Seya-Turm<\/h1>\n<p>&#8221; global_colors_info=&#8221;{}&#8221;]<\/p>\n<h1>Tour de la Seya &#8211; Sentier botanique &#8220;Milles Fleurs&#8221;<\/h1>\n<p>[\/et_pb_text][et_pb_text _builder_version=&#8221;4.27.4&#8243; _module_preset=&#8221;default&#8221; content_en_gb=&#8221;<\/p>\n<p data-start=%22103%22 data-end=%22208%22 class=%22%22>In 2018, the Mille Fleurs botanical trail received the Post Office&#8217;s Encouragement Award.<\/p>\n<p data-start=%22210%22 data-end=%22279%22 class=%22%22>For more information, feel free to visit its dedicated Facebook page.<\/p>\n<p data-start=%22281%22 data-end=%22361%22 class=%22%22>Many thanks to Marie-Jo Maillard and her entire team for this magnificent trail.<\/p>\n<p data-start=%22363%22 data-end=%22573%22 class=%22%22>The old stables of Saille appear below, and the trail continues its ascent towards the Rambert Hut, reaching the Pierre \u00e0 Vatserou. Seated on this imposing rock, the chief shepherd used to watch over his flock.<\/p>\n<p data-start=%22575%22 data-end=%221011%22 class=%22%22>Discover the Jorasse chairlift and its breathtaking view of the majestic Muverans and the Dent Favre, offering a unique opportunity to begin your adventure toward the summit. Follow the winding path through elegant larch trees toward the Petit Pr\u00e9 d\u2019Euloi. Here, the slope steepens, and a rich, varied flora accompanies you all the way to the spectacular cross of La Seya, the highest point of this hike at 2,182 meters above sea level.<\/p>\n<p data-start=%221013%22 data-end=%221408%22 class=%22%22>From the summit, a 360\u00b0 panorama unfolds, revealing Ovronnaz at your feet, followed by Leytron and the vast Rh\u00f4ne plain. You can admire no fewer than thirty-five peaks soaring above 4,000 meters, from the imposing Finsteraarhorn to the shimmering Mont Blanc crowned by its snowy dome. Don&#8217;t miss the chance to explore this landscape with binoculars and cameras to capture unforgettable memories.<\/p>\n<p data-start=%221410%22 data-end=%221932%22 class=%22%22>The route offers two options: the shorter option brings you back to Jorasse via the same path. For those seeking a greater challenge and a complete experience, the trail continues south along a clear ridge leading to Grand&#8217;Garde. There, you\u2019ll be captivated by the endless view from one summit to another and the meandering course of the Rh\u00f4ne, perhaps trying to identify distant towns and villages. The marked trail then leads you through the alpine pastures of Quieu and Odonne, eventually bringing you back to Ovronnaz.<\/p>\n<p data-start=%221934%22 data-end=%222099%22 class=%22%22>For visitors wishing to shorten the hike, a shortcut is available halfway between La Seya and Grand&#8217;Garde. The shortcut is clearly indicated on the yellow signposts.<\/p>\n<p>&#8221; content_de_de=&#8221;<\/p>\n<p data-start=%222106%22 data-end=%222202%22 class=%22%22>Im Jahr 2018 erhielt der botanische Pfad Mille Fleurs den F\u00f6rderpreis der Post.<\/p>\n<p data-start=%222204%22 data-end=%222288%22 class=%22%22>F\u00fcr weitere Informationen besuchen Sie gerne die daf\u00fcr eingerichtete Facebook-Seite.<\/p>\n<p data-start=%222290%22 data-end=%222389%22 class=%22%22>Ein herzliches Dankesch\u00f6n an Marie-Jo Maillard und ihr gesamtes Team f\u00fcr diesen wundersch\u00f6nen Pfad.<\/p>\n<p data-start=%222391%22 data-end=%222617%22 class=%22%22>Unterhalb erscheinen die alten Stallungen von Saille, und der Weg steigt weiter zur Rambert-H\u00fctte auf, bis er die Pierre \u00e0 Vatserou erreicht. Auf diesem imposanten Stein sitzend, \u00fcberwachte fr\u00fcher der Hauptsch\u00e4fer seine Herde.<\/p>\n<p data-start=%222619%22 data-end=%223053%22 class=%22%22>Entdecken Sie den Sessellift Jorasse und seinen atemberaubenden Blick auf die majest\u00e4tischen Muverans und die Dent Favre \u2013 eine einzigartige Gelegenheit, Ihre Wanderung Richtung Gipfel zu beginnen. Folgen Sie dem sich schl\u00e4ngelnden Pfad durch elegante L\u00e4rchenw\u00e4lder zum Petit Pr\u00e9 d\u2019Euloi. Hier wird der Anstieg steiler, und eine reiche, vielf\u00e4ltige Flora begleitet Sie bis zum spektakul\u00e4ren Gipfelkreuz der Seya auf 2&#8217;182 Metern H\u00f6he.<\/p>\n<p data-start=%223055%22 data-end=%223418%22 class=%22%22>Vom Gipfel bietet sich ein 360\u00b0-Panorama: Zu Ihren F\u00fc\u00dfen liegt Ovronnaz, dahinter Leytron und die weite Rh\u00f4ne-Ebene. In voller Pracht k\u00f6nnen Sie f\u00fcnfunddrei\u00dfig Viertausender bewundern, vom m\u00e4chtigen Finsteraarhorn bis zum funkelnden Mont Blanc mit seiner schneebedeckten Kuppel. Vergessen Sie nicht, dieses grandiose Panorama mit Fernglas und Kamera festzuhalten!<\/p>\n<p data-start=%223420%22 data-end=%223909%22 class=%22%22>Die Route bietet zwei Optionen: Die k\u00fcrzere Variante f\u00fchrt Sie auf demselben Weg zur\u00fcck nach Jorasse. F\u00fcr alle, die eine gr\u00f6\u00dfere Herausforderung suchen, geht der Pfad nach S\u00fcden weiter \u00fcber einen freien Bergr\u00fccken in Richtung Grand&#8217;Garde. Hier genie\u00dfen Sie eine endlose Aussicht von Gipfel zu Gipfel und k\u00f6nnen den gewundenen Lauf der Rh\u00f4ne verfolgen und ferne St\u00e4dte und D\u00f6rfer entdecken. Der markierte Weg f\u00fchrt Sie anschlie\u00dfend durch die Almen von Quieu und Odonne zur\u00fcck nach Ovronnaz.<\/p>\n<p data-start=%223911%22 data-end=%224076%22 class=%22%22>F\u00fcr Besucher, die die Wanderung verk\u00fcrzen m\u00f6chten, gibt es etwa auf halber Strecke zwischen La Seya und Grand&#8217;Garde eine ausgeschilderte Abk\u00fcrzung (gelbe Wegweiser).<\/p>\n<p>&#8221; global_colors_info=&#8221;{}&#8221;]<\/p>\n<p>En 2018, le sentier botanique Mille Fleurs a re\u00e7u<strong> le prix d&#8217;encouragement de la Poste<\/strong>.<\/p>\n<p>Pour plus d&#8217;informations, n&#8217;h\u00e9sitez pas \u00e0 consulter <a href=\"https:\/\/www.facebook.com\/LaSeyaOvronnaz\">la page Facebook qui lui est d\u00e9di\u00e9e <\/a>.<\/p>\n<p>Merci \u00e0 Marie-Jo Maillard et toute son \u00e9quipe pour ce magnifique sentier.<\/p>\n<p style=\"text-align: justify;\">Les anciennes \u00e9curies de Saille se dessinent en contrebas, puis le sentier continue son ascension en direction de la cabane Rambert, jusqu&#8217;\u00e0 la Pierre \u00e0 Vatserou. Assis sur cette imposante pierre, le berger en chef surveillait jadis son troupeau.<\/p>\n<p style=\"text-align: justify;\">D\u00e9couvrez le t\u00e9l\u00e9si\u00e8ge de Jorasse et sa vue imprenable sur les majestueux Muverans et la Dent Favre, une opportunit\u00e9 unique pour d\u00e9marrer votre aventure vers le sommet. Suivez le sentier sinueux \u00e0 travers les \u00e9l\u00e9gants m\u00e9l\u00e8zes en direction du Petit Pr\u00e9 d&#8217;Euloi. L\u00e0, la pente prend de l&#8217;ampleur, et une flore abondante et vari\u00e9e vous accompagne tout au long du chemin jusqu&#8217;\u00e0 la spectaculaire croix de la Seya, point culminant de cette randonn\u00e9e \u00e0 2&#8217;182 m\u00e8tres d&#8217;altitude.<\/p>\n<p style=\"text-align: justify;\">Depuis ce sommet, un panorama \u00e0 360\u00b0 s&#8217;offre \u00e0 vous, r\u00e9v\u00e9lant Ovronnaz \u00e0 vos pieds, suivi de Leytron et de la vaste plaine du Rh\u00f4ne. L\u00e0, vous pourrez admirer en toute splendeur trente-cinq sommets d\u00e9passant les 4000 m\u00e8tres d&#8217;altitude, du imposant Finsteraarhorn au scintillant Mont-Blanc coiff\u00e9 de son d\u00f4me de neige. Ne manquez pas l&#8217;opportunit\u00e9 d&#8217;explorer ce paysage avec vos jumelles et vos appareils photo pour capturer ces moments inoubliables.<\/p>\n<p style=\"text-align: justify;\">Le parcours offre deux options : le parcours plus court vous ram\u00e8ne \u00e0 Jorasse en suivant le m\u00eame chemin qu&#8217;\u00e0 l&#8217;aller. Pour ceux en qu\u00eate d&#8217;un d\u00e9fi plus grand et d&#8217;une exp\u00e9rience compl\u00e8te, le sentier se poursuit vers le sud en longeant une cr\u00eate d\u00e9gag\u00e9e menant \u00e0 Grand&#8217;Garde. L\u00e0, vous serez captiv\u00e9 par la vue infinie d&#8217;un sommet \u00e0 l&#8217;autre et la possibilit\u00e9 d&#8217;admirer le cours sinueux du Rh\u00f4ne, essayant peut-\u00eatre d&#8217;identifier des villes et des villages au loin. Le sentier balis\u00e9 vous conduit ensuite \u00e0 travers les alpages de Quieu et Odonne, vous menant finalement \u00e0 Ovronnaz.<\/p>\n<p style=\"text-align: justify;\">Pour les visiteurs souhaitant raccourcir la balade, une raccourci est disponible \u00e0 la moiti\u00e9 entre La Seya et Grand Garde. Le raccourci est signalis\u00e9 sur les indicateurs jaunes.<\/p>\n<p>[\/et_pb_text][et_pb_code _builder_version=&#8221;4.27.4&#8243; _module_preset=&#8221;default&#8221; custom_padding=&#8221;||20px||false|false&#8221; global_colors_info=&#8221;{}&#8221;]<!-- start Guidos Playground --><!-- [et_pb_line_break_holder] --><guidos-widget<!-- [et_pb_line_break_holder] -->    mode=&#8221;map&#8221;<!-- [et_pb_line_break_holder] -->    map-style=&#8221;summer&#8221;<!-- [et_pb_line_break_holder] -->    lang=&#8221;fr&#8221;<!-- [et_pb_line_break_holder] -->    primary-color=&#8221;#00ab84&#8243;<!-- [et_pb_line_break_holder] -->    route=&#8221;6db04f32-5a5b-4c84-9c36-694dd4d2a292&#8243;<!-- [et_pb_line_break_holder] -->    api-key=&#8221;Kq8XDUDWSuapRrEA3I5tgkUmDmutZDn5&#8243;<!-- [et_pb_line_break_holder] -->    style=&#8221;height:750px;&#8221;<!-- [et_pb_line_break_holder] -->><\/guidos-widget><!-- [et_pb_line_break_holder] --><script type=\"module\" src=\"https:\/\/libraries.guidos.fun\/widget\/index.js\" defer><\/script><!-- [et_pb_line_break_holder] --><!-- end Guidos Playground -->[\/et_pb_code][\/et_pb_column][et_pb_column type=&#8221;1_3&#8243; _builder_version=&#8221;4.27.4&#8243; _module_preset=&#8221;default&#8221; custom_padding=&#8221;20px|20px|20px|20px|true|true&#8221; border_radii=&#8221;on|10px|10px|10px|10px&#8221; border_width_all=&#8221;1px&#8221; global_colors_info=&#8221;{}&#8221;][et_pb_text _builder_version=&#8221;4.27.4&#8243; _module_preset=&#8221;default&#8221; content_en_gb=&#8221;<\/p>\n<h1>Features<\/h1>\n<p>&#8221; content_de_de=&#8221;<\/p>\n<h1>Merkmale<\/h1>\n<p>&#8221; global_colors_info=&#8221;{}&#8221;]<\/p>\n<h2>Caract\u00e9ristiques<\/h2>\n<p>[\/et_pb_text][et_pb_blurb title=&#8221;Distance&#8221; use_icon=&#8221;on&#8221; font_icon=&#8221;&#x2c;||divi||400&#8243; icon_color=&#8221;#000000&#8243; icon_placement=&#8221;left&#8221; _builder_version=&#8221;4.22.1&#8243; _module_preset=&#8221;default&#8221; title_en_gb=&#8221;Length&#8221; title_de_de=&#8221;Distanz&#8221; global_colors_info=&#8221;{}&#8221;]<\/p>\n<p>8.10 km<\/p>\n<p>[\/et_pb_blurb][et_pb_blurb title=&#8221;Difficult\u00e9&#8221; use_icon=&#8221;on&#8221; font_icon=&#8221;&#xf161;||fa||900&#8243; icon_color=&#8221;#000000&#8243; icon_placement=&#8221;left&#8221; _builder_version=&#8221;4.22.1&#8243; _module_preset=&#8221;default&#8221; title_en_gb=&#8221;Difficulty &#8221; content_en_gb=&#8221;<\/p>\n<p>Medium \/ T2 <\/p>\n<p>&#8221; title_de_de=&#8221;Schwierigkeitsgrad&#8221; content_de_de=&#8221;<\/p>\n<p>Mittel \/ T2 <\/p>\n<p>&#8221; global_colors_info=&#8221;{}&#8221;]<\/p>\n<p>Moyenne \/ T2<\/p>\n<p>[\/et_pb_blurb][et_pb_blurb title=&#8221;Dur\u00e9e&#8221; use_icon=&#8221;on&#8221; font_icon=&#8221;&#x7d;||divi||400&#8243; icon_color=&#8221;#000000&#8243; icon_placement=&#8221;left&#8221; _builder_version=&#8221;4.22.1&#8243; _module_preset=&#8221;default&#8221; title_en_gb=&#8221;Duration &#8221; content_en_gb=&#8221;<\/p>\n<p>3h10 (no break)<\/p>\n<p>&#8221; title_de_de=&#8221;Dauer&#8221; content_de_de=&#8221;<\/p>\n<p>3h10 (keine Pause)<\/p>\n<p>&#8221; global_colors_info=&#8221;{}&#8221;]<\/p>\n<p>3h10 (sans pause)<\/p>\n<p>[\/et_pb_blurb][et_pb_blurb title=&#8221;D\u00e9nivellation&#8221; use_icon=&#8221;on&#8221; font_icon=&#8221;&#x26;||divi||400&#8243; icon_color=&#8221;#000000&#8243; icon_placement=&#8221;left&#8221; _builder_version=&#8221;4.22.1&#8243; _module_preset=&#8221;default&#8221; title_en_gb=&#8221;Height difference &#8221; title_de_de=&#8221;H\u00f6henmeter&#8221; global_colors_info=&#8221;{}&#8221;]<\/p>\n<p>+392 m \/ -957 m<\/p>\n<p>[\/et_pb_blurb][et_pb_blurb title=&#8221;Altitude min&#8221; use_icon=&#8221;on&#8221; font_icon=&#8221;&#x22;||divi||400&#8243; icon_color=&#8221;#000000&#8243; icon_placement=&#8221;left&#8221; _builder_version=&#8221;4.22.1&#8243; _module_preset=&#8221;default&#8221; title_en_gb=&#8221;Minimum altitude &#8221; title_de_de=&#8221;Tiefster Punkt&#8221; global_colors_info=&#8221;{}&#8221;]<\/p>\n<p>1384 m<\/p>\n<p>[\/et_pb_blurb][et_pb_blurb title=&#8221;Altitude max&#8221; use_icon=&#8221;on&#8221; font_icon=&#8221;&#x21;||divi||400&#8243; icon_color=&#8221;#000000&#8243; icon_placement=&#8221;left&#8221; _builder_version=&#8221;4.22.1&#8243; _module_preset=&#8221;default&#8221; title_en_gb=&#8221;Maximum altitude &#8221; title_de_de=&#8221;H\u00f6chster Punkt &#8221; global_colors_info=&#8221;{}&#8221;]<\/p>\n<p>2192 m<\/p>\n<p>[\/et_pb_blurb][et_pb_blurb title=&#8221;Point de d\u00e9part&#8221; use_icon=&#8221;on&#8221; font_icon=&#8221;&#xe01d;||divi||400&#8243; icon_color=&#8221;#000000&#8243; icon_placement=&#8221;left&#8221; _builder_version=&#8221;4.27.4&#8243; _module_preset=&#8221;default&#8221; custom_margin=&#8221;||20px||false|false&#8221; title_en_gb=&#8221;Starting point&#8221; content_en_gb=&#8221;<\/p>\n<p>Jorasse arrival of the chairlift<\/p>\n<p>&#8221; title_de_de=&#8221;Startpunkt&#8221; content_de_de=&#8221;<\/p>\n<p>Jorasse Sessellift Bergstation<\/p>\n<p>&#8221; global_colors_info=&#8221;{}&#8221;]<\/p>\n<p>Jorasse arriv\u00e9e du t\u00e9l\u00e9si\u00e8ge<\/p>\n<p>[\/et_pb_blurb][et_pb_blurb title=&#8221;Point d&#8217;arriv\u00e9e&#8221; use_icon=&#8221;on&#8221; font_icon=&#8221;&#xe01d;||divi||400&#8243; icon_color=&#8221;#000000&#8243; icon_placement=&#8221;left&#8221; _builder_version=&#8221;4.22.1&#8243; _module_preset=&#8221;default&#8221; title_en_gb=&#8221;Point of arrival&#8221; title_de_de=&#8221;Ankunftsort&#8221; global_colors_info=&#8221;{}&#8221;]<\/p>\n<p>Ovronnaz<\/p>\n<p>[\/et_pb_blurb][et_pb_blurb title=&#8221;P\u00e9riode&#8221; use_icon=&#8221;on&#8221; font_icon=&#8221;&#xf073;||fa||400&#8243; icon_color=&#8221;#000000&#8243; icon_placement=&#8221;left&#8221; _builder_version=&#8221;4.22.1&#8243; _module_preset=&#8221;default&#8221; title_en_gb=&#8221;Period&#8221; content_en_gb=&#8221;<\/p>\n<p>June to October depending on snow conditions<\/p>\n<p>&#8221; title_de_de=&#8221;Periode&#8221; content_de_de=&#8221;<\/p>\n<p>Juni bis Oktober Je nach Schneebedingungen<\/p>\n<p>&#8221; global_colors_info=&#8221;{}&#8221;]<\/p>\n<p>Juin-Octobre selon la fonte des neiges<\/p>\n<p>[\/et_pb_blurb][dipi_button_grid flex_direction=&#8221;row&#8221; _builder_version=&#8221;4.27.6&#8243; _module_preset=&#8221;default&#8221; hover_enabled=&#8221;0&#8243; global_colors_info=&#8221;{}&#8221; sticky_enabled=&#8221;0&#8243;][dipi_button_grid_child button_id=&#8221;PDF&#8221; button_text=&#8221;PDF&#8221; button_link=&#8221;https:\/\/www.ovronnaz.ch\/wp-content\/uploads\/2023\/08\/Tour-de-la-Seya.pdf&#8221; button_link_target=&#8221;on&#8221; _builder_version=&#8221;4.27.4&#8243; _module_preset=&#8221;default&#8221; custom_button=&#8221;on&#8221; button_text_color=&#8221;#FFFFFF&#8221; button_bg_color=&#8221;#E02B20&#8243; button_border_width=&#8221;0px&#8221; button_use_icon=&#8221;on&#8221; button_icon=&#8221;&#xf02f;||fa||900&#8243; button_icon_color=&#8221;#FFFFFF&#8221; button_icon_placement=&#8221;left&#8221; button_on_hover=&#8221;off&#8221; global_colors_info=&#8221;{}&#8221;][\/dipi_button_grid_child][dipi_button_grid_child button_id=&#8221;GPX&#8221; button_type=&#8221;dp_button&#8221; button_text=&#8221;GPX&#8221; button_link=&#8221;https:\/\/www.ovronnaz.ch\/wp-content\/uploads\/2023\/08\/tourdelaseya.gpx&#8221; button_link_target=&#8221;on&#8221; _builder_version=&#8221;4.27.4&#8243; _module_preset=&#8221;default&#8221; custom_button=&#8221;on&#8221; button_text_color=&#8221;#FFFFFF&#8221; button_bg_color=&#8221;#E02B20&#8243; button_border_width=&#8221;0px&#8221; button_use_icon=&#8221;on&#8221; button_icon=&#8221;&#xf124;||fa||900&#8243; button_icon_color=&#8221;#FFFFFF&#8221; button_icon_placement=&#8221;left&#8221; button_on_hover=&#8221;off&#8221; global_colors_info=&#8221;{}&#8221;][\/dipi_button_grid_child][\/dipi_button_grid][\/et_pb_column][\/et_pb_row][\/et_pb_section][et_pb_section fb_built=&#8221;1&#8243; _builder_version=&#8221;4.21.0&#8243; _module_preset=&#8221;default&#8221; background_enable_color=&#8221;off&#8221; global_colors_info=&#8221;{}&#8221;][et_pb_row _builder_version=&#8221;4.21.0&#8243; _module_preset=&#8221;default&#8221; global_colors_info=&#8221;{}&#8221;][et_pb_column type=&#8221;4_4&#8243; _builder_version=&#8221;4.21.0&#8243; _module_preset=&#8221;default&#8221; global_colors_info=&#8221;{}&#8221;][et_pb_text _builder_version=&#8221;4.22.1&#8243; _module_preset=&#8221;default&#8221; text_orientation=&#8221;center&#8221; content_en_gb=&#8221;<\/p>\n<h1><em><strong>Did you know ?<\/strong><\/em><\/h1>\n<p>&#8221; content_de_de=&#8221;<\/p>\n<h1><em><strong>Wussten Sie das ?<\/strong><\/em><\/h1>\n<p>&#8221; global_colors_info=&#8221;{}&#8221;]<\/p>\n<h1><em><strong>Le saviez-vous ?<\/strong><\/em><\/h1>\n<p>[\/et_pb_text][et_pb_text _builder_version=&#8221;4.25.1&#8243; _module_preset=&#8221;default&#8221; text_font=&#8221;Barlow|300|on||||||&#8221; text_orientation=&#8221;center&#8221; content_en_gb=&#8221;<\/p>\n<p style=%22text-align: center;%22><span style=%22text-decoration: underline;%22><strong>The Seya Cross<\/strong><\/span><\/p>\n<p>Camille Michellod, who died in 1984, never saw his %22Cross%22, which he dedicated to the young people of Leytron and to all skiers for their protection. In memory of %22La Mission%22 in 1992, the cross was finally erected, financed in part by numerous generous donors. It is known as %22La Croix de la Mission%22, but the cross remains unquestionably %22La Croix \u00e0 Camille%22.<\/p>\n<p>&#8221; content_de_de=&#8221;<\/p>\n<p style=%22text-align: center;%22><span style=%22text-decoration: underline;%22><strong>Das Kreuz von La Seya<\/strong><\/span><\/p>\n<p>Der 1984 verstorbene Camille Michellod hat sein %22Kreuz%22, das er den Jugendlichen von Leytron sowie allen Skifahrern zu deren Schutz gewidmet hatte, nie gesehen. In Erinnerung an %22La Mission%22 von 1992 wird das Kreuz schlie\u00dflich errichtet, teilweise finanziert durch die vielen gro\u00dfz\u00fcgigen Spender. Man nennt es %22Croix de la Mission%22, aber das Kreuz bleibt unbestreitbar %22La Croix \u00e0 Camille%22.<\/p>\n<p>&#8221; global_colors_info=&#8221;{}&#8221;]<\/p>\n<p style=\"text-align: center;\">Le Tour de la Seya suit le charmant sentier botanique \u00ab\u00a0Mille Fleurs\u00a0\u00bb. Avec cinq livres didactiques, des panneaux de d\u00e9termination et un quiz interactif, vous pouvez observer et reconna\u00eetre une flore subalpine riche de plus de 200 esp\u00e8ces, dont la gentiane des Alpes et l\u2019an\u00e9mone \u00e0 fleurs de narcisse.<\/p>\n<p style=\"text-align: center;\"><span style=\"text-decoration: underline;\"><strong>La Croix de la Seya<\/strong><\/span><\/p>\n<p style=\"text-align: center;\">D\u00e9c\u00e9d\u00e9 en 1984, Camille Michellod ne verra jamais sa &#8220;Croix&#8221; qu&#8217;il d\u00e9diait aux jeunes de Leytron ainsi qu&#8217;\u00e0 tous les skieurs pour les prot\u00e9ger. En souvenir de &#8220;La Mission&#8221; de 1992 la croix est enfin \u00e9rig\u00e9e, financ\u00e9e en partie gr\u00e2ce aux nombreux et g\u00e9n\u00e9reux donateurs. On la nomme &#8220;Croix de la Mission&#8221; mais la croix reste incontestablement &#8220;La Croix \u00e0 Camille&#8221;<\/p>\n<p>[\/et_pb_text][\/et_pb_column][\/et_pb_row][\/et_pb_section][et_pb_section fb_built=&#8221;1&#8243; _builder_version=&#8221;4.21.0&#8243; _module_preset=&#8221;default&#8221; global_colors_info=&#8221;{}&#8221;][et_pb_row _builder_version=&#8221;4.21.0&#8243; _module_preset=&#8221;default&#8221; global_colors_info=&#8221;{}&#8221;][et_pb_column type=&#8221;4_4&#8243; _builder_version=&#8221;4.21.0&#8243; _module_preset=&#8221;default&#8221; global_colors_info=&#8221;{}&#8221;][dmg_masonry_gallery gallery=&#8221;43676,43677,43678,43679,32282,39385,29463,32283,32284,39387,31003,32285,32286,39386&#8243; _builder_version=&#8221;4.27.4&#8243; _module_preset=&#8221;default&#8221; global_colors_info=&#8221;{}&#8221;][\/dmg_masonry_gallery][\/et_pb_column][\/et_pb_row][\/et_pb_section]<\/p>\n","protected":false},"excerpt":{"rendered":"<p>Tour de la Seya &#8211; Sentier botanique &#8220;Milles Fleurs&#8221;En 2018, le sentier botanique Mille Fleurs a re\u00e7u le prix d&#8217;encouragement de la Poste. Pour plus d&#8217;informations, n&#8217;h\u00e9sitez pas \u00e0 consulter [&hellip;]<\/p>\n","protected":false},"author":2,"featured_media":39330,"comment_status":"open","ping_status":"closed","template":"","meta":{"_et_pb_use_builder":"on","_et_pb_old_content":"","_et_gb_content_width":"","_monsterinsights_skip_tracking":false,"_monsterinsights_sitenote_active":false,"_monsterinsights_sitenote_note":"","_monsterinsights_sitenote_category":0,"footnotes":""},"project_category":[40],"project_tag":[115],"class_list":["post-30213","project","type-project","status-publish","has-post-thumbnail","hentry","project_category-jorasse","project_tag-moyen"],"_links":{"self":[{"href":"https:\/\/www.ovronnaz.ch\/en\/wp-json\/wp\/v2\/project\/30213","targetHints":{"allow":["GET"]}}],"collection":[{"href":"https:\/\/www.ovronnaz.ch\/en\/wp-json\/wp\/v2\/project"}],"about":[{"href":"https:\/\/www.ovronnaz.ch\/en\/wp-json\/wp\/v2\/types\/project"}],"author":[{"embeddable":true,"href":"https:\/\/www.ovronnaz.ch\/en\/wp-json\/wp\/v2\/users\/2"}],"replies":[{"embeddable":true,"href":"https:\/\/www.ovronnaz.ch\/en\/wp-json\/wp\/v2\/comments?post=30213"}],"version-history":[{"count":21,"href":"https:\/\/www.ovronnaz.ch\/en\/wp-json\/wp\/v2\/project\/30213\/revisions"}],"predecessor-version":[{"id":45850,"href":"https:\/\/www.ovronnaz.ch\/en\/wp-json\/wp\/v2\/project\/30213\/revisions\/45850"}],"wp:featuredmedia":[{"embeddable":true,"href":"https:\/\/www.ovronnaz.ch\/en\/wp-json\/wp\/v2\/media\/39330"}],"wp:attachment":[{"href":"https:\/\/www.ovronnaz.ch\/en\/wp-json\/wp\/v2\/media?parent=30213"}],"wp:term":[{"taxonomy":"project_category","embeddable":true,"href":"https:\/\/www.ovronnaz.ch\/en\/wp-json\/wp\/v2\/project_category?post=30213"},{"taxonomy":"project_tag","embeddable":true,"href":"https:\/\/www.ovronnaz.ch\/en\/wp-json\/wp\/v2\/project_tag?post=30213"}],"curies":[{"name":"wp","href":"https:\/\/api.w.org\/{rel}","templated":true}]}}