{"id":10002479,"date":"2025-04-29T16:41:24","date_gmt":"2025-04-29T14:41:24","guid":{"rendered":"https:\/\/www.ovronnaz.ch\/events\/\/"},"modified":"2025-05-05T10:22:38","modified_gmt":"2025-05-05T08:22:38","slug":"monde-des-abeilles","status":"publish","type":"tribe_events","link":"https:\/\/www.ovronnaz.ch\/de\/event\/monde-des-abeilles\/2025-07-03\/","title":{"rendered":"Monde des abeilles"},"content":{"rendered":"<p class=\"\" data-start=\"900\" data-end=\"976\"><strong data-start=\"900\" data-end=\"923\">Die Welt der Bienen<\/strong><br data-start=\"923\" data-end=\"926\" \/>Jeden Donnerstagnachmittag von 14:00 bis 16:00 Uhr<\/p>\n<p class=\"\" data-start=\"978\" data-end=\"1558\">Begleite Michel und entdecke die faszinierende Welt der Bienen. Nach einem kleinen Spaziergang durch den Wald und die Wiesen erreichst du die Bienenst\u00f6cke. Du wirst die Arbeit der Sammelbienen beobachten und ihren Nektar probieren k\u00f6nnen. Vermeide Haarspray oder Parf\u00fcm, da Bienen starke Ger\u00fcche nicht m\u00f6gen.<br data-start=\"1286\" data-end=\"1289\" \/>Stelle sicher, dass du lang\u00e4rmlige Kleidung und eine Hose f\u00fcr deinen Komfort tr\u00e4gst. Schleier werden den Teilnehmern zur Verf\u00fcgung gestellt.<br data-start=\"1429\" data-end=\"1432\" \/>Michel wird dir die Imkerei-Vokabeln beibringen: K\u00f6nigin, Arbeiterinnen, Honig, Honigtau, Waben, Bienenstock, Rahmen und mehr.<\/p>\n<p class=\"\" data-start=\"1560\" data-end=\"1651\">Ein Haftungsausschluss bei Allergien muss unbedingt im Tourismusb\u00fcro unterschrieben werden.<\/p>\n<p class=\"\" data-start=\"1653\" data-end=\"1678\">Treffpunkt: Tourismusb\u00fcro<\/p>\n<p class=\"\" data-start=\"1680\" data-end=\"1691\">Ab 6 Jahren<\/p>\n<p class=\"\" data-start=\"1693\" data-end=\"1799\">Kostenlos mit dem Aktivpass oder 15 CHF<br data-start=\"1732\" data-end=\"1735\" \/>Anmeldung bis 16:00 Uhr am Vortag erforderlich, begrenzte Pl\u00e4tze<\/p>\n<p class=\"\" data-start=\"1801\" data-end=\"1863\">Tourismusb\u00fcro Ovronnaz<br data-start=\"1823\" data-end=\"1826\" \/>+41(0)27\/306.42.93<br data-start=\"1844\" data-end=\"1847\" \/><a rel=\"noopener\" data-start=\"1847\" data-end=\"1863\" data-is-last-node=\"\">info@ovronnaz.ch<\/p>\n<p><\/a><\/p>\n<h2><img decoding=\"async\" class=\"alignnone wp-image-38848\" src=\"https:\/\/www.ovronnaz.ch\/wp-content\/uploads\/2024\/04\/fdd4c12f-3653-4654-988f-2f8e5954ea84_rw_1920.jpg\" alt=\"\" width=\"525\" height=\"350\" \/><\/h2>\n<p class=\"\" data-start=\"1801\" data-end=\"1863\"><a rel=\"noopener\" data-start=\"1847\" data-end=\"1863\" data-is-last-node=\"\">&nbsp;<\/a><\/p>\n","protected":false},"excerpt":{"rendered":"<p>Begleite Michel und entdecke die faszinierende Welt der Bienen.<\/p>\n","protected":false},"author":1,"featured_media":41473,"template":"","meta":{"_et_pb_use_builder":"","_et_pb_old_content":"","_et_gb_content_width":"","_monsterinsights_skip_tracking":false,"_monsterinsights_sitenote_active":false,"_monsterinsights_sitenote_note":"","_monsterinsights_sitenote_category":0,"_tribe_events_status":"","_tribe_events_status_reason":"","_tribe_events_is_hybrid":"","_tribe_events_is_virtual":"","_tribe_events_virtual_video_source":"","_tribe_events_virtual_embed_video":"","_tribe_events_virtual_linked_button_text":"","_tribe_events_virtual_linked_button":"","_tribe_events_virtual_show_embed_at":"","_tribe_events_virtual_show_embed_to":[],"_tribe_events_virtual_show_on_event":"","_tribe_events_virtual_show_on_views":"","_tribe_events_virtual_url":"","footnotes":""},"tags":[],"tribe_events_cat":[64,106],"class_list":["post-10002479","tribe_events","type-tribe_events","status-publish","has-post-thumbnail","hentry","tribe_events_cat-estivales","tribe_events_cat-office-du-tourisme","cat_estivales","cat_office-du-tourisme","tribe-recurring-event","tribe-recurring-event-parent"],"_links":{"self":[{"href":"https:\/\/www.ovronnaz.ch\/de\/wp-json\/wp\/v2\/tribe_events\/10002479","targetHints":{"allow":["GET"]}}],"collection":[{"href":"https:\/\/www.ovronnaz.ch\/de\/wp-json\/wp\/v2\/tribe_events"}],"about":[{"href":"https:\/\/www.ovronnaz.ch\/de\/wp-json\/wp\/v2\/types\/tribe_events"}],"author":[{"embeddable":true,"href":"https:\/\/www.ovronnaz.ch\/de\/wp-json\/wp\/v2\/users\/1"}],"version-history":[{"count":1,"href":"https:\/\/www.ovronnaz.ch\/de\/wp-json\/wp\/v2\/tribe_events\/10002479\/revisions"}],"predecessor-version":[{"id":42067,"href":"https:\/\/www.ovronnaz.ch\/de\/wp-json\/wp\/v2\/tribe_events\/10002479\/revisions\/42067"}],"wp:featuredmedia":[{"embeddable":true,"href":"https:\/\/www.ovronnaz.ch\/de\/wp-json\/wp\/v2\/media\/41473"}],"wp:attachment":[{"href":"https:\/\/www.ovronnaz.ch\/de\/wp-json\/wp\/v2\/media?parent=10002479"}],"wp:term":[{"taxonomy":"post_tag","embeddable":true,"href":"https:\/\/www.ovronnaz.ch\/de\/wp-json\/wp\/v2\/tags?post=10002479"},{"taxonomy":"tribe_events_cat","embeddable":true,"href":"https:\/\/www.ovronnaz.ch\/de\/wp-json\/wp\/v2\/tribe_events_cat?post=10002479"}],"curies":[{"name":"wp","href":"https:\/\/api.w.org\/{rel}","templated":true}]}}