{"id":38705,"date":"2024-04-19T14:38:01","date_gmt":"2024-04-19T12:38:01","guid":{"rendered":"https:\/\/www.ovronnaz.ch\/project\/\/"},"modified":"2026-04-24T07:53:32","modified_gmt":"2026-04-24T05:53:32","slug":"alpage-dodonne","status":"publish","type":"project","link":"https:\/\/www.ovronnaz.ch\/de\/event\/alpage-dodonne\/","title":{"rendered":"Alpage d'Odonne"},"content":{"rendered":"<p>[et_pb_section fb_built=&#8220;1&#8243; fullwidth=&#8220;on&#8220; _builder_version=&#8220;4.21.0&#8243; _module_preset=&#8220;default&#8220; global_colors_info=&#8220;{}&#8220;][et_pb_fullwidth_slider _builder_version=&#8220;4.24.3&#8243; _module_preset=&#8220;default&#8220; global_colors_info=&#8220;{}&#8220;][et_pb_slide _builder_version=&#8220;4.24.3&#8243; _module_preset=&#8220;default&#8220; background_enable_color=&#8220;off&#8220; background_image=&#8220;https:\/\/www.ovronnaz.ch\/wp-content\/uploads\/2024\/04\/95795580-9c4f-49b6-adc7-d18206697485_rw_1920.jpeg&#8220; background_enable_image=&#8220;on&#8220; background_position=&#8220;bottom_center&#8220; global_colors_info=&#8220;{}&#8220; sticky_transition=&#8220;on&#8220;][\/et_pb_slide][\/et_pb_fullwidth_slider][\/et_pb_section][et_pb_section fb_built=&#8220;1&#8243; _builder_version=&#8220;4.21.0&#8243; _module_preset=&#8220;default&#8220; global_colors_info=&#8220;{}&#8220;][et_pb_row _builder_version=&#8220;4.27.4&#8243; _module_preset=&#8220;default&#8220; max_width=&#8220;1250px&#8220; custom_padding=&#8220;0px||20px||false|false&#8220; saved_tabs=&#8220;all&#8220; global_colors_info=&#8220;{}&#8220;][et_pb_column type=&#8220;4_4&#8243; _builder_version=&#8220;4.21.0&#8243; _module_preset=&#8220;default&#8220; global_colors_info=&#8220;{}&#8220;][et_pb_button button_url=&#8220;@ET-DC@eyJkeW5hbWljIjp0cnVlLCJjb250ZW50IjoicG9zdF9saW5rX3VybF9wYWdlIiwic2V0dGluZ3MiOnsicG9zdF9pZCI6IjI5OTgyIn19@&#8220; button_text=&#8220;Retour \u00e0 la liste&#8220; _builder_version=&#8220;4.22.2&#8243; _dynamic_attributes=&#8220;button_url&#8220; _module_preset=&#8220;default&#8220; button_text_size=&#8220;14px&#8220; button_text_color=&#8220;#000000&#8243; button_bg_color=&#8220;rgba(186,186,186,0.4)&#8220; button_icon=&#8220;&#x23;||divi||400&#8243; custom_padding=&#8220;10px|20px|10px|35px|true|false&#8220; button_text_en_gb=&#8220;Back to the list&#8220; button_text_de_de=&#8220;Zur\u00fcck zur Liste&#8220; global_colors_info=&#8220;{}&#8220; button_text_size__hover=&#8220;16px&#8220;][\/et_pb_button][\/et_pb_column][\/et_pb_row][et_pb_row column_structure=&#8220;2_3,1_3&#8243; _builder_version=&#8220;4.27.4&#8243; _module_preset=&#8220;default&#8220; max_width=&#8220;1250px&#8220; locked=&#8220;off&#8220; global_colors_info=&#8220;{}&#8220; custom_css_main_element_last_edited=&#8220;on|phone&#8220; custom_css_main_element_phone=&#8220;        display: flex;||        flex-direction: column-reverse;&#8220;][et_pb_column type=&#8220;2_3&#8243; _builder_version=&#8220;4.27.4&#8243; _module_preset=&#8220;default&#8220; custom_padding=&#8220;20px||||false|false&#8220; global_colors_info=&#8220;{}&#8220;][et_pb_text _builder_version=&#8220;4.27.4&#8243; _module_preset=&#8220;default&#8220; content_en_gb=&#8220;<\/p>\n<h1 class=%22entry-title%22>Alpage d&#8217;Odonne<\/h1>\n<p>&#8220; content_de_de=&#8220;<\/p>\n<h1 class=%22entry-title%22>Alpage d&#8217;Odonne<\/h1>\n<p>&#8220; global_colors_info=&#8220;{}&#8220;]<\/p>\n<h1 class=\"entry-title\">Alpage d&#8217;Odonne<\/h1>\n<p>[\/et_pb_text][et_pb_text _builder_version=&#8220;4.27.4&#8243; _module_preset=&#8220;default&#8220; content_en_gb=&#8220;<\/p>\n<p data-start=%221357%22 data-end=%221673%22 class=%22%22>The Odonne alpine meadow has been transformed with the addition of a new cheese dairy and a charming refreshment stand. In less than an hour, you can easily reach this peaceful haven. Until the first week of July, you can meet the H\u00e9rens cows, while the dairy cows will extend their stay for an additional two weeks.<\/p>\n<p data-start=%221675%22 data-end=%222107%22 class=%22%22>To reach the alpine meadow, leave your car at the parking lot of the sports center or T\u00e9l\u00e9ovronnaz. The trail begins at the top of the sports center parking lot. Follow the forest path that crosses the ski area and winds through the forest. Once you reach the alpine meadow, take the time to admire the landscape and refresh yourself at the stand. Just below the meadow, there is a designated barbecue\/picnic area; follow the signs.<\/p>\n<p data-start=%222109%22 data-end=%222259%22 class=%22%22>To return, you can take the trail that starts at the contour and descends steeply through the forest, or you can retrace the same route as the ascent.<\/p>\n<p data-start=%222261%22 data-end=%222488%22 class=%22%22>For those who prefer to use the chairlift, it is possible to reach the Odonne alpine meadow from the top of the lift. Starting in mid-July, don&#8217;t miss the chance to visit the Bougnogne alpine meadow to observe the herd of cows.<\/p>\n<p>&#8220; content_de_de=&#8220;<\/p>\n<p data-start=%222511%22 data-end=%222836%22 class=%22%22>Die Odonne-Alm wurde mit dem Bau einer neuen K\u00e4serei und einer charmanten Erfrischungsstation umgestaltet. In weniger als einer Stunde k\u00f6nnen Sie dieses friedliche Refugium leicht erreichen. Bis zur ersten Juliwoche k\u00f6nnen Sie die H\u00e9rens-K\u00fche treffen, w\u00e4hrend die Milchk\u00fche ihren Aufenthalt um weitere zwei Wochen verl\u00e4ngern.<\/p>\n<p data-start=%222838%22 data-end=%223332%22 class=%22%22>Um die Alm zu erreichen, lassen Sie Ihr Auto auf dem Parkplatz des Sportzentrums oder von T\u00e9l\u00e9ovronnaz stehen. Der Weg beginnt ganz oben auf dem Parkplatz des Sportzentrums. Folgen Sie dem Waldweg, der das Skigebiet \u00fcberquert und sich durch den Wald schl\u00e4ngelt. Sobald Sie die Alm erreicht haben, nehmen Sie sich Zeit, die Landschaft zu bewundern und sich an der Erfrischungsstation zu erholen. Direkt unterhalb der Alm gibt es einen Bereich f\u00fcr Grillabende\/Picknicks, folgen Sie den Schildern.<\/p>\n<p data-start=%223334%22 data-end=%223492%22 class=%22%22>F\u00fcr den Abstieg k\u00f6nnen Sie den Weg nehmen, der am Rand beginnt und ziemlich steil durch den Wald hinabf\u00fchrt, oder denselben Weg wie beim Aufstieg zur\u00fcckgehen.<\/p>\n<p data-start=%223494%22 data-end=%223740%22 class=%22%22>F\u00fcr diejenigen, die den Sessellift bevorzugen, ist es m\u00f6glich, die Odonne-Alm von der Bergstation des Sessellifts zu erreichen. Ab Mitte Juli sollten Sie die Gelegenheit nicht verpassen, zur Bougnogne-Alm zu fahren, um die Kuhherde zu beobachten.<\/p>\n<p>&#8220; global_colors_info=&#8220;{}&#8220;]<\/p>\n<p style=\"text-align: justify;\">L&#8217;alpage d&#8217;Odonne a \u00e9t\u00e9 transform\u00e9 avec l&#8217;ajout d&#8217;une nouvelle fromagerie et d&#8217;une charmante buvette. En moins d&#8217;une heure, vous pouvez ais\u00e9ment acc\u00e9der \u00e0 ce havre de paix. Jusqu&#8217;\u00e0 la premi\u00e8re semaine de juillet, vous pourrez rencontrer les vaches d&#8217;H\u00e9rens, tandis que les vaches laiti\u00e8res prolongeront leur s\u00e9jour deux semaines suppl\u00e9mentaires.<\/p>\n<p style=\"text-align: justify;\">Pour atteindre l&#8217;alpage, laissez votre voiture au parking du centre sportif ou de T\u00e9l\u00e9ovronnaz. Le sentier commence tout en haut du parking du centre sportif. Suivez le chemin forestier qui traverse le domaine skiable et serpente \u00e0 travers la for\u00eat. Une fois arriv\u00e9 \u00e0 l&#8217;alpage, prenez le temps d&#8217;admirer le paysage et de vous rafra\u00eechir \u00e0 la buvette. Juste en dessous de l&#8217;alpage se trouve un espace d\u00e9di\u00e9 aux grillades\/pique nique, suivez les panneaux.<\/p>\n<p style=\"text-align: justify;\">Pour redescendre, vous pouvez emprunter le sentier qui d\u00e9bute dans le contour et descend de mani\u00e8re assez raide \u00e0 travers la for\u00eat, ou reprendre le m\u00eame itin\u00e9raire que pour la mont\u00e9e.<\/p>\n<p style=\"text-align: justify;\">Pour ceux qui pr\u00e9f\u00e8rent utiliser le t\u00e9l\u00e9si\u00e8ge, il est possible d&#8217;atteindre l&#8217;alpage d&#8217;Odonne depuis le haut du t\u00e9l\u00e9si\u00e8ge. D\u00e8s la mi-juillet, ne manquez pas l&#8217;occasion de faire un saut \u00e0 l&#8217;alpage de Bougnogne pour y observer le troupeau de vaches.<\/p>\n<p>[\/et_pb_text][\/et_pb_column][et_pb_column type=&#8220;1_3&#8243; _builder_version=&#8220;4.27.4&#8243; _module_preset=&#8220;default&#8220; custom_padding=&#8220;20px|20px|20px|20px|true|true&#8220; border_radii=&#8220;on|10px|10px|10px|10px&#8220; border_width_all=&#8220;1px&#8220; global_colors_info=&#8220;{}&#8220;][et_pb_text _builder_version=&#8220;4.27.4&#8243; _module_preset=&#8220;default&#8220; content_en_gb=&#8220;<\/p>\n<h1>Features<\/h1>\n<p>&#8220; content_de_de=&#8220;<\/p>\n<h1>Merkmale<\/h1>\n<p>&#8220; global_colors_info=&#8220;{}&#8220;]<\/p>\n<h2>Caract\u00e9ristiques<\/h2>\n<p>[\/et_pb_text][et_pb_blurb title=&#8220;Distance&#8220; use_icon=&#8220;on&#8220; font_icon=&#8220;&#x2c;||divi||400&#8243; icon_color=&#8220;#000000&#8243; icon_placement=&#8220;left&#8220; _builder_version=&#8220;4.27.4&#8243; _module_preset=&#8220;default&#8220; custom_margin=&#8220;||20px||false|false&#8220; title_en_gb=&#8220;Length&#8220; title_de_de=&#8220;Distanz&#8220; global_colors_info=&#8220;{}&#8220;]<\/p>\n<p>2.56 km<\/p>\n<p>[\/et_pb_blurb][et_pb_blurb title=&#8220;Difficult\u00e9&#8220; use_icon=&#8220;on&#8220; font_icon=&#8220;&#xf161;||fa||900&#8243; icon_color=&#8220;#000000&#8243; icon_placement=&#8220;left&#8220; _builder_version=&#8220;4.27.4&#8243; _module_preset=&#8220;default&#8220; custom_margin=&#8220;||20px||false|false&#8220; title_en_gb=&#8220;Difficulty &#8220; content_en_gb=&#8220;<\/p>\n<p>Medium \/ T2<\/p>\n<p>&#8220; title_de_de=&#8220;Schwierigkeitsgrad&#8220; content_de_de=&#8220;<\/p>\n<p>Mittel \/ T2<\/p>\n<p>&#8220; global_colors_info=&#8220;{}&#8220;]<\/p>\n<p>Facile \/ T1<\/p>\n<p>[\/et_pb_blurb][et_pb_blurb title=&#8220;Dur\u00e9e&#8220; use_icon=&#8220;on&#8220; font_icon=&#8220;&#x7d;||divi||400&#8243; icon_color=&#8220;#000000&#8243; icon_placement=&#8220;left&#8220; _builder_version=&#8220;4.22.1&#8243; _module_preset=&#8220;default&#8220; custom_margin=&#8220;||20px||false|false&#8220; title_en_gb=&#8220;Duration &#8220; content_en_gb=&#8220;<\/p>\n<p>1h30 (no break)<\/p>\n<p>&#8220; title_de_de=&#8220;Dauer&#8220; content_de_de=&#8220;<\/p>\n<p>1h30 (keine Pause)<\/p>\n<p>&#8220; global_colors_info=&#8220;{}&#8220;]<\/p>\n<p>40 min (sans pause)<\/p>\n<p>[\/et_pb_blurb][et_pb_blurb title=&#8220;D\u00e9nivellation&#8220; use_icon=&#8220;on&#8220; font_icon=&#8220;&#x26;||divi||400&#8243; icon_color=&#8220;#000000&#8243; icon_placement=&#8220;left&#8220; _builder_version=&#8220;4.27.4&#8243; _module_preset=&#8220;default&#8220; custom_margin=&#8220;||20px||false|false&#8220; title_en_gb=&#8220;Height difference &#8220; title_de_de=&#8220;H\u00f6henmeter&#8220; global_colors_info=&#8220;{}&#8220;]<\/p>\n<p>+191 m \/ -191 m<\/p>\n<p>[\/et_pb_blurb][et_pb_blurb title=&#8220;Altitude min&#8220; use_icon=&#8220;on&#8220; font_icon=&#8220;&#x22;||divi||400&#8243; icon_color=&#8220;#000000&#8243; icon_placement=&#8220;left&#8220; _builder_version=&#8220;4.27.4&#8243; _module_preset=&#8220;default&#8220; custom_margin=&#8220;||20px||false|false&#8220; title_en_gb=&#8220;Minimum altitude &#8220; title_de_de=&#8220;Tiefster Punkt&#8220; global_colors_info=&#8220;{}&#8220;]<\/p>\n<p>1412 m<\/p>\n<p>[\/et_pb_blurb][et_pb_blurb title=&#8220;Altitude max&#8220; use_icon=&#8220;on&#8220; font_icon=&#8220;&#x21;||divi||400&#8243; icon_color=&#8220;#000000&#8243; icon_placement=&#8220;left&#8220; _builder_version=&#8220;4.27.4&#8243; _module_preset=&#8220;default&#8220; custom_margin=&#8220;||20px||false|false&#8220; title_en_gb=&#8220;Maximum altitude &#8220; title_de_de=&#8220;H\u00f6chster Punkt &#8220; global_colors_info=&#8220;{}&#8220;]<\/p>\n<p>1598 m<\/p>\n<p>[\/et_pb_blurb][et_pb_blurb title=&#8220;Point de d\u00e9part&#8220; use_icon=&#8220;on&#8220; font_icon=&#8220;&#xe01d;||divi||400&#8243; icon_color=&#8220;#000000&#8243; icon_placement=&#8220;left&#8220; _builder_version=&#8220;4.27.4&#8243; _module_preset=&#8220;default&#8220; custom_margin=&#8220;||20px||false|false&#8220; title_en_gb=&#8220;Starting point&#8220; content_en_gb=&#8220;<\/p>\n<p>Jorasse arrival of the chairlift<\/p>\n<p>&#8220; title_de_de=&#8220;Startpunkt&#8220; content_de_de=&#8220;<\/p>\n<p>Jorasse Sessellift Bergstation<\/p>\n<p>&#8220; global_colors_info=&#8220;{}&#8220;]<\/p>\n<p>Centre sportif<\/p>\n<p>[\/et_pb_blurb][et_pb_blurb title=&#8220;Point d&#8217;arriv\u00e9e&#8220; use_icon=&#8220;on&#8220; font_icon=&#8220;&#xe01d;||divi||400&#8243; icon_color=&#8220;#000000&#8243; icon_placement=&#8220;left&#8220; _builder_version=&#8220;4.27.4&#8243; _module_preset=&#8220;default&#8220; custom_margin=&#8220;||20px||false|false&#8220; title_en_gb=&#8220;Point of arrival&#8220; content_en_gb=&#8220;<\/p>\n<p>Jorasse arrival of the chairlift<\/p>\n<p>&#8220; title_de_de=&#8220;Ankunftsort&#8220; content_de_de=&#8220;<\/p>\n<p>Jorasse Sessellift Bergstation<\/p>\n<p>&#8220; global_colors_info=&#8220;{}&#8220;]<\/p>\n<p>Centre sportif<\/p>\n<p>[\/et_pb_blurb][et_pb_blurb title=&#8220;P\u00e9riode&#8220; use_icon=&#8220;on&#8220; font_icon=&#8220;&#xf073;||fa||400&#8243; icon_color=&#8220;#000000&#8243; icon_placement=&#8220;left&#8220; _builder_version=&#8220;4.22.1&#8243; _module_preset=&#8220;default&#8220; title_en_gb=&#8220;Period&#8220; content_en_gb=&#8220;<\/p>\n<p>June to October depending on snow conditions<\/p>\n<p>&#8220; title_de_de=&#8220;Periode&#8220; content_de_de=&#8220;<\/p>\n<p>Juni bis Oktober Je nach Schneebedingungen <\/p>\n<p>&#8220; global_colors_info=&#8220;{}&#8220;]<\/p>\n<p>Juin \u00e0 mi septembre selon l&#8217;ouverture de la fromagerie<\/p>\n<p>[\/et_pb_blurb][dipi_button_grid flex_direction=&#8220;row&#8220; _builder_version=&#8220;4.27.6&#8243; _module_preset=&#8220;default&#8220; hover_enabled=&#8220;0&#8243; global_colors_info=&#8220;{}&#8220; sticky_enabled=&#8220;0&#8243;][dipi_button_grid_child button_id=&#8220;PDF&#8220; button_text=&#8220;PDF&#8220; button_link=&#8220;https:\/\/www.ovronnaz.ch\/wp-content\/uploads\/2024\/04\/boucle-dOdonne.pdf&#8220; _builder_version=&#8220;4.27.4&#8243; _module_preset=&#8220;default&#8220; custom_button=&#8220;on&#8220; button_text_color=&#8220;#FFFFFF&#8220; button_bg_color=&#8220;#E02B20&#8243; button_border_width=&#8220;0px&#8220; button_use_icon=&#8220;on&#8220; button_icon=&#8220;&#xf02f;||fa||900&#8243; button_icon_color=&#8220;#FFFFFF&#8220; button_icon_placement=&#8220;left&#8220; button_on_hover=&#8220;off&#8220; global_colors_info=&#8220;{}&#8220;][\/dipi_button_grid_child][dipi_button_grid_child button_id=&#8220;GPX&#8220; button_type=&#8220;dp_button&#8220; button_text=&#8220;GPX&#8220; button_link=&#8220;https:\/\/www.ovronnaz.ch\/wp-content\/uploads\/2024\/04\/boucledodonne.gpx&#8220; _builder_version=&#8220;4.27.6&#8243; _module_preset=&#8220;default&#8220; custom_button=&#8220;on&#8220; button_text_color=&#8220;#FFFFFF&#8220; button_bg_color=&#8220;#E02B20&#8243; button_border_width=&#8220;0px&#8220; button_use_icon=&#8220;on&#8220; button_icon=&#8220;&#xf124;||fa||900&#8243; button_icon_color=&#8220;#FFFFFF&#8220; button_icon_placement=&#8220;left&#8220; button_on_hover=&#8220;off&#8220; hover_enabled=&#8220;0&#8243; global_colors_info=&#8220;{}&#8220; sticky_enabled=&#8220;0&#8243;][\/dipi_button_grid_child][\/dipi_button_grid][\/et_pb_column][\/et_pb_row][et_pb_row _builder_version=&#8220;4.27.4&#8243; _module_preset=&#8220;default&#8220; global_colors_info=&#8220;{}&#8220;][et_pb_column type=&#8220;4_4&#8243; _builder_version=&#8220;4.27.4&#8243; _module_preset=&#8220;default&#8220; global_colors_info=&#8220;{}&#8220;][et_pb_code _builder_version=&#8220;4.27.4&#8243; _module_preset=&#8220;default&#8220; global_colors_info=&#8220;{}&#8220;]<!-- start Guidos Playground --><!-- [et_pb_line_break_holder] --><guidos-widget<!-- [et_pb_line_break_holder] -->    mode=&#8220;map&#8220;<!-- [et_pb_line_break_holder] -->    map-style=&#8220;summer&#8220;<!-- [et_pb_line_break_holder] -->    lang=&#8220;fr&#8220;<!-- [et_pb_line_break_holder] -->    primary-color=&#8220;#00ab84&#8243;<!-- [et_pb_line_break_holder] -->    route=&#8220;a8f9fe52-7c9b-45ea-8c09-f64bdb9c1bc9&#8243;<!-- [et_pb_line_break_holder] -->    api-key=&#8220;Kq8XDUDWSuapRrEA3I5tgkUmDmutZDn5&#8243;<!-- [et_pb_line_break_holder] -->    style=&#8220;height:750px;&#8220;<!-- [et_pb_line_break_holder] -->><\/guidos-widget><!-- [et_pb_line_break_holder] --><script type=\"module\" src=\"https:\/\/libraries.guidos.fun\/widget\/index.js\" defer><\/script><!-- [et_pb_line_break_holder] --><!-- end Guidos Playground -->[\/et_pb_code][\/et_pb_column][\/et_pb_row][\/et_pb_section][et_pb_section fb_built=&#8220;1&#8243; _builder_version=&#8220;4.21.0&#8243; _module_preset=&#8220;default&#8220; background_enable_color=&#8220;off&#8220; global_colors_info=&#8220;{}&#8220;][et_pb_row disabled_on=&#8220;off|off|off&#8220; _builder_version=&#8220;4.21.0&#8243; _module_preset=&#8220;default&#8220; global_colors_info=&#8220;{}&#8220;][et_pb_column type=&#8220;4_4&#8243; _builder_version=&#8220;4.21.0&#8243; _module_preset=&#8220;default&#8220; global_colors_info=&#8220;{}&#8220;][et_pb_text disabled_on=&#8220;off|off|off&#8220; _builder_version=&#8220;4.22.1&#8243; _module_preset=&#8220;default&#8220; text_orientation=&#8220;center&#8220; content_en_gb=&#8220;<\/p>\n<h1><em><strong>Did you know ? <\/strong><\/em><\/h1>\n<p>&#8220; content_de_de=&#8220;<\/p>\n<h1><em><strong>Wussten Sie das ?<\/strong><\/em><\/h1>\n<p>&#8220; global_colors_info=&#8220;{}&#8220;]<\/p>\n<h1><em><strong>Le saviez-vous ?<\/strong><\/em><\/h1>\n<p>[\/et_pb_text][et_pb_text _builder_version=&#8220;4.25.0&#8243; _module_preset=&#8220;default&#8220; text_font=&#8220;Poppins|300|on||||||&#8220; text_orientation=&#8220;center&#8220; content_en_gb=&#8220;<\/p>\n<p style=%22text-align: center;%22>The Odonne mountain pasture is part of a complex that also includes Bougnogne and Petit Pr\u00e9 (Euloi), all owned by the Bourgeoisie. The stables were built in 1943 and renovated in 2005.<\/p>\n<p style=%22text-align: center;%22>In 1973, the mountain pasture had 123 dairy cows belonging to 48 owners. Milk production was paramount, with around 68,500 kg of milk produced, equivalent to an impressive average of 5.30 kg of milk per cow per day!<\/p>\n<p style=%22text-align: center;%22>And what are the current figures? To find out, visit Odonne!<\/p>\n<p>&#8220; content_de_de=&#8220;<\/p>\n<p style=%22text-align: center;%22>Die Alpe d&#8217;Odonne ist Teil eines Komplexes, der auch Bougnogne und Petit Pr\u00e9 (Euloi) umfasst, die alle der B\u00fcrgergemeinde geh\u00f6ren. Die St\u00e4lle wurden 1943 erbaut und 2005 renoviert.<\/p>\n<p style=%22text-align: center;%22>Im Jahr 1973 gab es auf der Alm 123 Milchk\u00fche, die 48 Besitzern geh\u00f6rten. Die Milchproduktion stand an erster Stelle. Es wurden etwa 68.500 kg Milch produziert, was einem beeindruckenden Durchschnitt von 5,30 kg Milch pro Kuh und Tag entspricht!<\/p>\n<p style=%22text-align: center;%22>Und wie sehen die aktuellen Daten heute aus? Um das herauszufinden, begeben Sie sich nach Odonne!<\/p>\n<p>&#8220; global_colors_info=&#8220;{}&#8220;]<\/p>\n<p style=\"text-align: center;\">L&#8217;alpage d&#8217;Odonne fait partie d&#8217;un ensemble comprenant \u00e9galement Bougnogne et Petit Pr\u00e9 (Euloi), tous appartenant \u00e0 la Bourgeoisie. Les \u00e9tables ont \u00e9t\u00e9 construites en 1943 et ont b\u00e9n\u00e9fici\u00e9 d&#8217;une r\u00e9novation en 2005.<\/p>\n<p style=\"text-align: center;\">En 1973, l&#8217;alpage comptait 123 vaches laiti\u00e8res appartenant \u00e0 48 propri\u00e9taires. La production de lait y \u00e9tait primordiale, avec environ 68 500 kg de lait produits, ce qui \u00e9quivaut \u00e0 une moyenne impressionnante de 5,30 kg de lait par vache et par jour !<\/p>\n<p style=\"text-align: center;\">Et aujourd&#8217;hui, quelles sont les donn\u00e9es actuelles ? Pour le d\u00e9couvrir, rendez-vous \u00e0 Odonne !<\/p>\n<p>[\/et_pb_text][\/et_pb_column][\/et_pb_row][\/et_pb_section][et_pb_section fb_built=&#8220;1&#8243; _builder_version=&#8220;4.21.0&#8243; _module_preset=&#8220;default&#8220; global_colors_info=&#8220;{}&#8220;][et_pb_row disabled_on=&#8220;off|off|off&#8220; _builder_version=&#8220;4.21.0&#8243; _module_preset=&#8220;default&#8220; global_colors_info=&#8220;{}&#8220;][et_pb_column type=&#8220;4_4&#8243; _builder_version=&#8220;4.21.0&#8243; _module_preset=&#8220;default&#8220; global_colors_info=&#8220;{}&#8220;][dipi_masonry_gallery gallery_ids=&#8220;38752,38751,38750,38748,38749&#8243; columns=&#8220;2&#8243; _builder_version=&#8220;4.27.4&#8243; _module_preset=&#8220;default&#8220; global_colors_info=&#8220;{}&#8220;][\/dipi_masonry_gallery][\/et_pb_column][\/et_pb_row][\/et_pb_section]<\/p>\n","protected":false},"excerpt":{"rendered":"<p>Alpage d&#8217;OdonneL&#8217;alpage d&#8217;Odonne a \u00e9t\u00e9 transform\u00e9 avec l&#8217;ajout d&#8217;une nouvelle fromagerie et d&#8217;une charmante buvette. En moins d&#8217;une heure, vous pouvez ais\u00e9ment acc\u00e9der \u00e0 ce havre de paix. Jusqu&#8217;\u00e0 la [&hellip;]<\/p>\n","protected":false},"author":1,"featured_media":38513,"comment_status":"open","ping_status":"closed","template":"","meta":{"_et_pb_use_builder":"on","_et_pb_old_content":"","_et_gb_content_width":"","_monsterinsights_skip_tracking":false,"_monsterinsights_sitenote_active":false,"_monsterinsights_sitenote_note":"","_monsterinsights_sitenote_category":0,"footnotes":""},"project_category":[39],"project_tag":[102,59],"class_list":["post-38705","project","type-project","status-publish","has-post-thumbnail","hentry","project_category-village","project_tag-famille","project_tag-debutant"],"_links":{"self":[{"href":"https:\/\/www.ovronnaz.ch\/de\/wp-json\/wp\/v2\/project\/38705","targetHints":{"allow":["GET"]}}],"collection":[{"href":"https:\/\/www.ovronnaz.ch\/de\/wp-json\/wp\/v2\/project"}],"about":[{"href":"https:\/\/www.ovronnaz.ch\/de\/wp-json\/wp\/v2\/types\/project"}],"author":[{"embeddable":true,"href":"https:\/\/www.ovronnaz.ch\/de\/wp-json\/wp\/v2\/users\/1"}],"replies":[{"embeddable":true,"href":"https:\/\/www.ovronnaz.ch\/de\/wp-json\/wp\/v2\/comments?post=38705"}],"version-history":[{"count":24,"href":"https:\/\/www.ovronnaz.ch\/de\/wp-json\/wp\/v2\/project\/38705\/revisions"}],"predecessor-version":[{"id":45897,"href":"https:\/\/www.ovronnaz.ch\/de\/wp-json\/wp\/v2\/project\/38705\/revisions\/45897"}],"wp:featuredmedia":[{"embeddable":true,"href":"https:\/\/www.ovronnaz.ch\/de\/wp-json\/wp\/v2\/media\/38513"}],"wp:attachment":[{"href":"https:\/\/www.ovronnaz.ch\/de\/wp-json\/wp\/v2\/media?parent=38705"}],"wp:term":[{"taxonomy":"project_category","embeddable":true,"href":"https:\/\/www.ovronnaz.ch\/de\/wp-json\/wp\/v2\/project_category?post=38705"},{"taxonomy":"project_tag","embeddable":true,"href":"https:\/\/www.ovronnaz.ch\/de\/wp-json\/wp\/v2\/project_tag?post=38705"}],"curies":[{"name":"wp","href":"https:\/\/api.w.org\/{rel}","templated":true}]}}