{"id":30309,"date":"2023-08-04T17:18:03","date_gmt":"2023-08-04T15:18:03","guid":{"rendered":"http:\/\/www.ovronnaz.ch\/?post_type=project&#038;p=30309"},"modified":"2023-10-19T09:54:11","modified_gmt":"2023-10-19T07:54:11","slug":"auberge-du-pont-de-nant","status":"publish","type":"project","link":"https:\/\/www.ovronnaz.ch\/de\/event\/auberge-du-pont-de-nant\/","title":{"rendered":"Auberge du Pont-de-Nant"},"content":{"rendered":"<p>[et_pb_section fb_built=&#8220;1&#8243; fullwidth=&#8220;on&#8220; _builder_version=&#8220;4.21.0&#8243; _module_preset=&#8220;default&#8220; global_colors_info=&#8220;{}&#8220;][et_pb_fullwidth_slider _builder_version=&#8220;4.21.2&#8243; _module_preset=&#8220;default&#8220; global_colors_info=&#8220;{}&#8220;][et_pb_slide _builder_version=&#8220;4.21.2&#8243; _module_preset=&#8220;default&#8220; background_enable_color=&#8220;off&#8220; background_image=&#8220;http:\/\/www.ovronnaz.ch\/wp-content\/uploads\/2023\/08\/286182537_5442605599103557_5700043513802929457_n-e1691162226627.jpg&#8220; background_enable_image=&#8220;on&#8220; background_position=&#8220;bottom_center&#8220; global_colors_info=&#8220;{}&#8220; sticky_transition=&#8220;on&#8220;][\/et_pb_slide][\/et_pb_fullwidth_slider][\/et_pb_section][et_pb_section fb_built=&#8220;1&#8243; _builder_version=&#8220;4.21.0&#8243; _module_preset=&#8220;default&#8220; global_colors_info=&#8220;{}&#8220;][et_pb_row _builder_version=&#8220;4.22.2&#8243; _module_preset=&#8220;default&#8220; custom_padding=&#8220;0px||20px||false|false&#8220; global_module=&#8220;35752&#8243; locked=&#8220;off&#8220; global_colors_info=&#8220;{}&#8220;][et_pb_column type=&#8220;4_4&#8243; _builder_version=&#8220;4.21.0&#8243; _module_preset=&#8220;default&#8220; global_colors_info=&#8220;{}&#8220;][et_pb_button button_url=&#8220;@ET-DC@eyJkeW5hbWljIjp0cnVlLCJjb250ZW50IjoicG9zdF9saW5rX3VybF9wYWdlIiwic2V0dGluZ3MiOnsicG9zdF9pZCI6IjI5MzE2In19@&#8220; button_text=&#8220;Liste des cabanes&#8220; _builder_version=&#8220;4.22.2&#8243; _dynamic_attributes=&#8220;button_url&#8220; _module_preset=&#8220;default&#8220; button_text_size=&#8220;14px&#8220; button_text_color=&#8220;#000000&#8243; button_bg_color=&#8220;rgba(186,186,186,0.4)&#8220; button_icon=&#8220;&#x23;||divi||400&#8243; custom_padding=&#8220;10px|20px|10px|35px|true|false&#8220; button_text_en_gb=&#8220;Mountain huts list&#8220; button_text_de_de=&#8220;H\u00fcttenliste&#8220; global_colors_info=&#8220;{}&#8220; button_text_size__hover=&#8220;16px&#8220;][\/et_pb_button][\/et_pb_column][\/et_pb_row][et_pb_row _builder_version=&#8220;4.21.0&#8243; _module_preset=&#8220;default&#8220; global_colors_info=&#8220;{}&#8220;][et_pb_column type=&#8220;4_4&#8243; _builder_version=&#8220;4.21.0&#8243; _module_preset=&#8220;default&#8220; global_colors_info=&#8220;{}&#8220;][et_pb_text _builder_version=&#8220;4.22.2&#8243; _module_preset=&#8220;default&#8220; content_en_gb=&#8220;<\/p>\n<h1 class=%22entry-title%22>Pont-de-Nant Inn<\/h1>\n<p>Bex &#8211; 1253m<\/p>\n<p>&#8220; content_de_de=&#8220;<\/p>\n<h1 class=%22entry-title%22>Gasthaus von Pont-de-Nant<\/h1>\n<p>Bex &#8211; 1253m<\/p>\n<p>&#8220; locked=&#8220;off&#8220; global_colors_info=&#8220;{}&#8220;]<\/p>\n<h1 class=\"entry-title\">Auberge du Pont-de-Nant<\/h1>\n<p>Bex &#8211; 1253m<\/p>\n<p>[\/et_pb_text][\/et_pb_column][\/et_pb_row][et_pb_row _builder_version=&#8220;4.21.0&#8243; _module_preset=&#8220;default&#8220; global_colors_info=&#8220;{}&#8220;][et_pb_column type=&#8220;4_4&#8243; _builder_version=&#8220;4.21.0&#8243; _module_preset=&#8220;default&#8220; global_colors_info=&#8220;{}&#8220;][et_pb_text _builder_version=&#8220;4.22.2&#8243; _module_preset=&#8220;default&#8220; content_en_gb=&#8220;<\/p>\n<p style=%22text-align: justify;%22>The Vallon de Nant, which is a nature reserve, is the ideal place to admire a multitude of plants. There are plenty of walks to choose from, whether you&#8217;re looking for a couple of hours or several days. You can opt for the tour des Muverans, the tour de l&#8217;Argentine or the trou \u00e0 l&#8217;ours (3 to 4 hours).<\/p>\n<p>&#8220; content_de_de=&#8220;<\/p>\n<p style=%22text-align: justify;%22>Das Vallon de Nant ist ein Naturschutzgebiet und der ideale Ort, um eine Vielzahl von Pflanzen zu bewundern. Es gibt zahlreiche Wanderm\u00f6glichkeiten, egal ob Sie ein bis zwei Stunden spazieren gehen oder mehrere Tage wandern m\u00f6chten. Sie k\u00f6nnen sich f\u00fcr die Tour des Muverans, die Tour de l&#8217;Argentine oder das Loch \u00e0 l&#8217;ours (3 bis 4 Stunden) entscheiden.<\/p>\n<p>&#8220; locked=&#8220;off&#8220; global_colors_info=&#8220;{}&#8220;]<\/p>\n<p style=\"text-align: justify;\">Le vallon de Nant, qui est une r\u00e9serve naturelle, est le lieu id\u00e9al pour admirer une multitude de plantes. Les randonn\u00e9es sont nombreuses, que vous vouliez vous balader une \u00e0 deux heures ou randonner plusieurs jours. Vous pouvez opter pour le tour des Muverans, le tour de l\u2019Argentine ou encore le trou \u00e0 l\u2019ours (3 \u00e0 4 heures).<\/p>\n<p>[\/et_pb_text][\/et_pb_column][\/et_pb_row][et_pb_row _builder_version=&#8220;4.21.0&#8243; _module_preset=&#8220;default&#8220; global_colors_info=&#8220;{}&#8220;][et_pb_column type=&#8220;4_4&#8243; _builder_version=&#8220;4.21.0&#8243; _module_preset=&#8220;default&#8220; global_colors_info=&#8220;{}&#8220;][et_pb_text _builder_version=&#8220;4.22.1&#8243; _module_preset=&#8220;default&#8220; text_font=&#8220;Barlow||||||||&#8220; text_font_size=&#8220;20px&#8220; text_line_height=&#8220;1.8em&#8220; content_en_gb=&#8220;<\/p>\n<h2>Services <\/h2>\n<p>&#8220; content_de_de=&#8220;<\/p>\n<h2>Dienste<\/h2>\n<p>&#8220; global_colors_info=&#8220;{}&#8220;]<\/p>\n<div class=\"wpb_text_column wpb_content_element \">\n<div class=\"wpb_wrapper\">\n<h2>Services<\/h2>\n<\/div>\n<\/div>\n<p>[\/et_pb_text][et_pb_text _builder_version=&#8220;4.22.2&#8243; _module_preset=&#8220;default&#8220; content_en_gb=&#8220;<\/p>\n<p>Open all year round<\/p>\n<p>Rooms and dormitories for 30 people<\/p>\n<p>Catering<\/p>\n<p>Showers<\/p>\n<p>&#8220; content_de_de=&#8220;<\/p>\n<p>Das ganze Jahr \u00fcber ge\u00f6ffnet<\/p>\n<p>Zimmer und Schlafs\u00e4le 30 Pl\u00e4tze<\/p>\n<p>Verpflegung<\/p>\n<p>Duschen<\/p>\n<p>&#8220; locked=&#8220;off&#8220; global_colors_info=&#8220;{}&#8220;]<\/p>\n<div class=\"wpb_text_column wpb_content_element \">\n<div class=\"wpb_wrapper\">\n<p>Ouvert toute l&#8217;ann\u00e9e<\/p>\n<p><span class=\"square arrow\"><\/span>Chambres et dortoirs 30 places<\/p>\n<p><span class=\"square arrow\"><\/span>Restauration<\/p>\n<p><span class=\"square arrow\"><\/span>Douches<\/p>\n<p>&nbsp;<\/p>\n<\/div>\n<\/div>\n<p>[\/et_pb_text][\/et_pb_column][\/et_pb_row][\/et_pb_section][et_pb_section fb_built=&#8220;1&#8243; _builder_version=&#8220;4.21.2&#8243; _module_preset=&#8220;default&#8220; background_color=&#8220;#ededed&#8220; global_colors_info=&#8220;{}&#8220;][et_pb_row _builder_version=&#8220;4.21.2&#8243; _module_preset=&#8220;default&#8220; global_colors_info=&#8220;{}&#8220;][et_pb_column type=&#8220;4_4&#8243; _builder_version=&#8220;4.21.2&#8243; _module_preset=&#8220;default&#8220; global_colors_info=&#8220;{}&#8220;][et_pb_text _builder_version=&#8220;4.22.2&#8243; _module_preset=&#8220;default&#8220; hover_enabled=&#8220;0&#8243; content_en_gb=&#8220;<\/p>\n<h1>Access<\/h1>\n<p>&#8220; content_de_de=&#8220;<\/p>\n<h1>Zugang<\/h1>\n<p>&#8220; global_colors_info=&#8220;{}&#8220; sticky_enabled=&#8220;0&#8243;]<\/p>\n<h1>Acc\u00e8s<\/h1>\n<p>[\/et_pb_text][\/et_pb_column][\/et_pb_row][et_pb_row column_structure=&#8220;2_3,1_3&#8243; _builder_version=&#8220;4.21.2&#8243; _module_preset=&#8220;default&#8220; locked=&#8220;off&#8220; global_colors_info=&#8220;{}&#8220;][et_pb_column type=&#8220;2_3&#8243; _builder_version=&#8220;4.21.2&#8243; _module_preset=&#8220;default&#8220; global_colors_info=&#8220;{}&#8220;][et_pb_text _builder_version=&#8220;4.22.2&#8243; _module_preset=&#8220;b9827f57-4dc1-4aac-88ff-e8c8a8fa2e62&#8243; hover_enabled=&#8220;0&#8243; content_en_gb=&#8220;<\/p>\n<p style=%22text-align: justify;%22><span>This inn is part of the Muverans tour. You have the option to access it directly by car from Bex or from Derborence.<\/span><\/p>\n<p>&#8220; content_de_de=&#8220;<\/p>\n<p style=%22text-align: justify;%22><span>Diese Herberge ist Teil der Muverans-Tour. Sie haben die M\u00f6glichkeit, sie direkt mit dem Auto von Bex aus oder von Derborence aus zu erreichen.<\/span><\/p>\n<p>&#8220; locked=&#8220;off&#8220; global_colors_info=&#8220;{}&#8220; sticky_enabled=&#8220;0&#8243;]<\/p>\n<p>Cette auberge fait partie du tour des Muverans. Vous avez la possibilit\u00e9 d&#8217;y acc\u00e9der depuis Bex directement en voiture ou depuis Derborence<\/p>\n<p>[\/et_pb_text][\/et_pb_column][et_pb_column type=&#8220;1_3&#8243; _builder_version=&#8220;4.21.2&#8243; _module_preset=&#8220;default&#8220; global_colors_info=&#8220;{}&#8220;][et_pb_button button_url=&#8220;https:\/\/map.schweizmobil.ch\/?lang=fr&#038;photos=yes&#038;logo=yes&#038;detours=yes&#038;season=summer&#038;bgLayer=pk&#038;resolution=7.52&#038;E=2576557&#038;N=1120045&#038;trackId=1457681856&#8243; url_new_window=&#8220;on&#8220; button_text=&#8220;Voir sur la carte&#8220; button_alignment=&#8220;right&#8220; _builder_version=&#8220;4.22.2&#8243; _module_preset=&#8220;default&#8220; button_icon=&#8220;&#xf4d7;||fa||900&#8243; hover_enabled=&#8220;0&#8243; button_text_en_gb=&#8220;See on map&#8220; button_text_de_de=&#8220;Auf der Karte sehen&#8220; locked=&#8220;off&#8220; global_colors_info=&#8220;{}&#8220; sticky_enabled=&#8220;0&#8243;][\/et_pb_button][\/et_pb_column][\/et_pb_row][\/et_pb_section][et_pb_section fb_built=&#8220;1&#8243; _builder_version=&#8220;4.21.0&#8243; _module_preset=&#8220;default&#8220; global_colors_info=&#8220;{}&#8220;][et_pb_row column_structure=&#8220;1_2,1_2&#8243; _builder_version=&#8220;4.21.2&#8243; _module_preset=&#8220;default&#8220; locked=&#8220;off&#8220; global_colors_info=&#8220;{}&#8220;][et_pb_column type=&#8220;1_2&#8243; _builder_version=&#8220;4.21.2&#8243; _module_preset=&#8220;default&#8220; global_colors_info=&#8220;{}&#8220;][et_pb_blurb title=&#8220;Drougard Carine &#038; Foss\u00e9 C\u00e9dric&#8220; use_icon=&#8220;on&#8220; font_icon=&#8220;&#xe08a;||divi||400&#8243; icon_color=&#8220;#000000&#8243; icon_placement=&#8220;left&#8220; image_icon_width=&#8220;28px&#8220; _builder_version=&#8220;4.22.1&#8243; _module_preset=&#8220;default&#8220; link_option_url_new_window=&#8220;on&#8220; global_colors_info=&#8220;{}&#8220;][\/et_pb_blurb][et_pb_blurb title=&#8220;+41 24 498 14 95&#8243; use_icon=&#8220;on&#8220; font_icon=&#8220;&#xf879;||fa||900&#8243; icon_color=&#8220;#000000&#8243; icon_placement=&#8220;left&#8220; image_icon_width=&#8220;28px&#8220; _builder_version=&#8220;4.22.1&#8243; _module_preset=&#8220;default&#8220; link_option_url_new_window=&#8220;on&#8220; global_colors_info=&#8220;{}&#8220;][\/et_pb_blurb][\/et_pb_column][et_pb_column type=&#8220;1_2&#8243; _builder_version=&#8220;4.21.2&#8243; _module_preset=&#8220;default&#8220; global_colors_info=&#8220;{}&#8220;][et_pb_blurb title=&#8220;aubergedupontdenant@gmail.com &#8220; url=&#8220;http:\/\/aubergedupontdenant@gmail.com%20&#8243; url_new_window=&#8220;on&#8220; use_icon=&#8220;on&#8220; font_icon=&#8220;&#xe010;||divi||400&#8243; icon_color=&#8220;#000000&#8243; icon_placement=&#8220;left&#8220; image_icon_width=&#8220;28px&#8220; _builder_version=&#8220;4.22.1&#8243; _module_preset=&#8220;default&#8220; link_option_url_new_window=&#8220;on&#8220; global_colors_info=&#8220;{}&#8220;][\/et_pb_blurb][et_pb_blurb title=&#8220;www.aubergedupontdenant.ch    &#8220; url=&#8220;https:\/\/aubergedupontdenant.ch\/&#8220; use_icon=&#8220;on&#8220; font_icon=&#8220;&#xe0e3;||divi||400&#8243; icon_color=&#8220;#000000&#8243; icon_placement=&#8220;left&#8220; image_icon_width=&#8220;28px&#8220; _builder_version=&#8220;4.22.1&#8243; _module_preset=&#8220;default&#8220; link_option_url_new_window=&#8220;on&#8220; global_colors_info=&#8220;{}&#8220;][\/et_pb_blurb][\/et_pb_column][\/et_pb_row][\/et_pb_section]<\/p>\n","protected":false},"excerpt":{"rendered":"<p>Auberge du Pont-de-Nant Bex &#8211; 1253mLe vallon de Nant, qui est une r\u00e9serve naturelle, est le lieu id\u00e9al pour admirer une multitude de plantes. Les randonn\u00e9es sont nombreuses, que vous [&hellip;]<\/p>\n","protected":false},"author":2,"featured_media":30312,"comment_status":"open","ping_status":"closed","template":"","meta":{"_et_pb_use_builder":"on","_et_pb_old_content":"","_et_gb_content_width":"","_monsterinsights_skip_tracking":false,"_monsterinsights_sitenote_active":false,"_monsterinsights_sitenote_note":"","_monsterinsights_sitenote_category":0,"footnotes":""},"project_category":[41],"project_tag":[],"class_list":["post-30309","project","type-project","status-publish","has-post-thumbnail","hentry","project_category-cabanes"],"_links":{"self":[{"href":"https:\/\/www.ovronnaz.ch\/de\/wp-json\/wp\/v2\/project\/30309","targetHints":{"allow":["GET"]}}],"collection":[{"href":"https:\/\/www.ovronnaz.ch\/de\/wp-json\/wp\/v2\/project"}],"about":[{"href":"https:\/\/www.ovronnaz.ch\/de\/wp-json\/wp\/v2\/types\/project"}],"author":[{"embeddable":true,"href":"https:\/\/www.ovronnaz.ch\/de\/wp-json\/wp\/v2\/users\/2"}],"replies":[{"embeddable":true,"href":"https:\/\/www.ovronnaz.ch\/de\/wp-json\/wp\/v2\/comments?post=30309"}],"version-history":[{"count":0,"href":"https:\/\/www.ovronnaz.ch\/de\/wp-json\/wp\/v2\/project\/30309\/revisions"}],"wp:featuredmedia":[{"embeddable":true,"href":"https:\/\/www.ovronnaz.ch\/de\/wp-json\/wp\/v2\/media\/30312"}],"wp:attachment":[{"href":"https:\/\/www.ovronnaz.ch\/de\/wp-json\/wp\/v2\/media?parent=30309"}],"wp:term":[{"taxonomy":"project_category","embeddable":true,"href":"https:\/\/www.ovronnaz.ch\/de\/wp-json\/wp\/v2\/project_category?post=30309"},{"taxonomy":"project_tag","embeddable":true,"href":"https:\/\/www.ovronnaz.ch\/de\/wp-json\/wp\/v2\/project_tag?post=30309"}],"curies":[{"name":"wp","href":"https:\/\/api.w.org\/{rel}","templated":true}]}}