{"id":30283,"date":"2023-08-04T12:55:48","date_gmt":"2023-08-04T10:55:48","guid":{"rendered":"http:\/\/www.ovronnaz.ch\/?post_type=project&#038;p=30283"},"modified":"2023-10-18T15:44:26","modified_gmt":"2023-10-18T13:44:26","slug":"cabane-du-fenestral","status":"publish","type":"project","link":"https:\/\/www.ovronnaz.ch\/de\/event\/cabane-du-fenestral\/","title":{"rendered":"Cabane du Fenestral"},"content":{"rendered":"<p>[et_pb_section fb_built=&#8220;1&#8243; fullwidth=&#8220;on&#8220; _builder_version=&#8220;4.21.0&#8243; _module_preset=&#8220;default&#8220; global_colors_info=&#8220;{}&#8220;][et_pb_fullwidth_slider _builder_version=&#8220;4.22.1&#8243; _module_preset=&#8220;default&#8220; global_colors_info=&#8220;{}&#8220;][et_pb_slide _builder_version=&#8220;4.21.2&#8243; _module_preset=&#8220;default&#8220; background_enable_color=&#8220;off&#8220; background_image=&#8220;http:\/\/www.ovronnaz.ch\/wp-content\/uploads\/2023\/08\/2551eb8a-3b3a-40c2-b6e7-8f7889f8a080_rw_1920.jpg&#8220; background_enable_image=&#8220;on&#8220; background_position=&#8220;bottom_center&#8220; global_colors_info=&#8220;{}&#8220; sticky_transition=&#8220;on&#8220;][\/et_pb_slide][et_pb_slide _builder_version=&#8220;4.22.1&#8243; _module_preset=&#8220;default&#8220; background_enable_color=&#8220;off&#8220; background_image=&#8220;http:\/\/www.ovronnaz.ch\/wp-content\/uploads\/2023\/08\/image-20.jpeg&#8220; background_enable_image=&#8220;on&#8220; background_position=&#8220;bottom_center&#8220; global_colors_info=&#8220;{}&#8220; sticky_transition=&#8220;on&#8220;][\/et_pb_slide][\/et_pb_fullwidth_slider][\/et_pb_section][et_pb_section fb_built=&#8220;1&#8243; _builder_version=&#8220;4.21.0&#8243; _module_preset=&#8220;default&#8220; global_colors_info=&#8220;{}&#8220;][et_pb_row _builder_version=&#8220;4.22.2&#8243; _module_preset=&#8220;default&#8220; global_colors_info=&#8220;{}&#8220; global_module=&#8220;35752&#8243; theme_builder_area=&#8220;post_content&#8220;][et_pb_column type=&#8220;4_4&#8243; _builder_version=&#8220;4.21.0&#8243; _module_preset=&#8220;default&#8220; global_colors_info=&#8220;{}&#8220; theme_builder_area=&#8220;post_content&#8220;][et_pb_button button_url=&#8220;@ET-DC@eyJkeW5hbWljIjp0cnVlLCJjb250ZW50IjoicG9zdF9saW5rX3VybF9wYWdlIiwic2V0dGluZ3MiOnsicG9zdF9pZCI6IjI5MzE2In19@&#8220; button_text=&#8220;Liste des cabanes&#8220; _builder_version=&#8220;4.22.2&#8243; _dynamic_attributes=&#8220;button_url&#8220; _module_preset=&#8220;default&#8220; button_text_size=&#8220;14px&#8220; button_text_color=&#8220;#000000&#8243; button_bg_color=&#8220;rgba(186,186,186,0.4)&#8220; button_icon=&#8220;&#x23;||divi||400&#8243; custom_padding=&#8220;10px|20px|10px|35px|true|false&#8220; button_text_en_gb=&#8220;Mountain huts list&#8220; button_text_de_de=&#8220;H\u00fcttenliste&#8220; global_colors_info=&#8220;{}&#8220; button_text_size__hover=&#8220;16px&#8220; theme_builder_area=&#8220;post_content&#8220;][\/et_pb_button][\/et_pb_column][\/et_pb_row][et_pb_row _builder_version=&#8220;4.21.0&#8243; _module_preset=&#8220;default&#8220; global_colors_info=&#8220;{}&#8220;][et_pb_column type=&#8220;4_4&#8243; _builder_version=&#8220;4.21.0&#8243; _module_preset=&#8220;default&#8220; global_colors_info=&#8220;{}&#8220;][et_pb_text _builder_version=&#8220;4.22.1&#8243; _module_preset=&#8220;default&#8220; content_en_gb=&#8220;<\/p>\n<h1>Fenestral hut<\/h1>\n<p>Fully &#8211; 2453m<\/p>\n<p>&#8220; content_de_de=&#8220;<\/p>\n<h1>Fenestral-H\u00fctte<\/h1>\n<p>Fully &#8211; 2453m<\/p>\n<p>&#8220; global_colors_info=&#8220;{}&#8220;]<\/p>\n<h1 class=\"entry-title\">Cabane du Fenestral<\/h1>\n<p>Fully &#8211; 2453m<\/p>\n<p>[\/et_pb_text][et_pb_text _builder_version=&#8220;4.22.1&#8243; _module_preset=&#8220;default&#8220; hover_enabled=&#8220;0&#8243; content_en_gb=&#8220;<\/p>\n<p style=%22text-align: justify;%22>The hut is located on the Col du Fenestral, between Ovronnaz and the Hauts de Fully. It is an essential stop-off point for the Tour des Muverans and the Tour du Chavalard. It is also one of the starting points for climbing the Grand Chavalard and reaching the summit of the Dent-de-Morcles.<\/p>\n<p>&#8220; content_de_de=&#8220;<\/p>\n<p style=%22text-align: justify;%22>Die H\u00fctte befindet sich am Col du Fenestral, zwischen Ovronnaz und den Hauts de Fully. Dieser Ort ist eine unumg\u00e4ngliche Etappe w\u00e4hrend der Tour des Muverans und der Tour du Chavalard. Au\u00dferdem ist sie einer der Ausgangspunkte, um den Grand Chavalard zu besteigen oder den Gipfel des Dent-de-Morcles zu erreichen.<\/p>\n<p>&#8220; global_colors_info=&#8220;{}&#8220; sticky_enabled=&#8220;0&#8243;]<\/p>\n<p style=\"text-align: justify;\"><span>La cabane est situ\u00e9e au Col du Fenestral, entre Ovronnaz et les Hauts de Fully. Cet endroit est une \u00e9tape incontournable lors du Tour des Muverans et du Tour du Chavalard. De plus, c&#8217;est l&#8217;un des points de d\u00e9part pour escalader le Grand Chavalard ou pour atteindre le sommet de la Dent-de-Morcles.<\/span><\/p>\n<p>[\/et_pb_text][\/et_pb_column][\/et_pb_row][et_pb_row _builder_version=&#8220;4.21.0&#8243; _module_preset=&#8220;default&#8220; global_colors_info=&#8220;{}&#8220;][et_pb_column type=&#8220;4_4&#8243; _builder_version=&#8220;4.21.0&#8243; _module_preset=&#8220;default&#8220; global_colors_info=&#8220;{}&#8220;][et_pb_text _builder_version=&#8220;4.22.1&#8243; _module_preset=&#8220;default&#8220; text_font=&#8220;Barlow||||||||&#8220; content_en_gb=&#8220;<\/p>\n<h2>Guarding <\/h2>\n<p>&#8220; content_de_de=&#8220;<\/p>\n<h2>Wachdienst<\/h2>\n<p>&#8220; global_colors_info=&#8220;{}&#8220;]<\/p>\n<div class=\"wpb_text_column wpb_content_element \">\n<div class=\"wpb_wrapper\">\n<h2>Gardiennage<\/h2>\n<\/div>\n<\/div>\n<p>[\/et_pb_text][et_pb_text _builder_version=&#8220;4.22.1&#8243; _module_preset=&#8220;default&#8220; content_en_gb=&#8220;<\/p>\n<p>7\/7 from the end of June to the end of September and every weekend from mid-June to the end of October.<\/p>\n<p>Summer: half-board, rooms and dormitories with duvet sleeping 34<\/p>\n<p>&#8220; content_de_de=&#8220;<\/p>\n<p>7\/7 von Ende Juni bis Ende September und jedes Wochenende von Mitte Juni bis Ende Oktober.<\/p>\n<p>Sommer: Halbpension, Zimmer und Schlafs\u00e4le mit Daunenbett 34 Pl\u00e4tze <\/p>\n<p>&#8220; global_colors_info=&#8220;{}&#8220;]<\/p>\n<div class=\"wpb_text_column wpb_content_element \">\n<div class=\"wpb_wrapper\">\n<p style=\"text-align: justify;\">7\/7 de fin juin \u00e0 fin septembre et chaque week-end de mi-juin jusqu&#8217;\u00e0 fin octobre.<\/p>\n<p style=\"text-align: justify;\">\u00c9t\u00e9 : demi-pension, chambres et dortoirs avec duvet 34 places<\/p>\n<\/div>\n<\/div>\n<p>[\/et_pb_text][\/et_pb_column][\/et_pb_row][et_pb_row _builder_version=&#8220;4.21.0&#8243; _module_preset=&#8220;default&#8220; global_colors_info=&#8220;{}&#8220;][et_pb_column type=&#8220;4_4&#8243; _builder_version=&#8220;4.21.0&#8243; _module_preset=&#8220;default&#8220; global_colors_info=&#8220;{}&#8220;][et_pb_text _builder_version=&#8220;4.22.1&#8243; _module_preset=&#8220;default&#8220; content_en_gb=&#8220;<\/p>\n<h2>No guardian <\/h2>\n<p>&#8220; content_de_de=&#8220;<\/p>\n<h2>Kein W\u00e4chter <\/h2>\n<p>&#8220; global_colors_info=&#8220;{}&#8220;]<\/p>\n<div class=\"wpb_text_column wpb_content_element \">\n<div class=\"wpb_wrapper\">\n<h2>Hors gardiennage<\/h2>\n<\/div>\n<\/div>\n<p>[\/et_pb_text][et_pb_text _builder_version=&#8220;4.22.1&#8243; _module_preset=&#8220;default&#8220; content_en_gb=&#8220;<\/p>\n<p>Winter: refectory, kitchen and dormitory in free use<\/p>\n<p>&#8220; content_de_de=&#8220;<\/p>\n<p>Winter : Speisesaal, K\u00fcche und Schlafsaal zur freien Nutzung<\/p>\n<p>&#8220; global_colors_info=&#8220;{}&#8220;]<\/p>\n<div class=\"wpb_text_column wpb_content_element \">\n<div class=\"wpb_wrapper\">\n<p><span>Hiver : r\u00e9fectoire, cuisine et dortoir en libre utilisation\u00a0<\/span><\/p>\n<\/div>\n<\/div>\n<p>[\/et_pb_text][\/et_pb_column][\/et_pb_row][\/et_pb_section][et_pb_section fb_built=&#8220;1&#8243; _builder_version=&#8220;4.21.2&#8243; _module_preset=&#8220;default&#8220; background_color=&#8220;#ededed&#8220; global_colors_info=&#8220;{}&#8220;][et_pb_row _builder_version=&#8220;4.21.2&#8243; _module_preset=&#8220;default&#8220; global_colors_info=&#8220;{}&#8220;][et_pb_column type=&#8220;4_4&#8243; _builder_version=&#8220;4.21.2&#8243; _module_preset=&#8220;default&#8220; global_colors_info=&#8220;{}&#8220;][et_pb_text _builder_version=&#8220;4.22.1&#8243; _module_preset=&#8220;default&#8220; content_en_gb=&#8220;<\/p>\n<h1>Summer access<\/h1>\n<p>&#8220; content_de_de=&#8220;<\/p>\n<h1>Sommerzugang<\/h1>\n<p>&#8220; global_colors_info=&#8220;{}&#8220;]<\/p>\n<h1>Acc\u00e8s \u00e9t\u00e9<\/h1>\n<p>[\/et_pb_text][\/et_pb_column][\/et_pb_row][et_pb_row column_structure=&#8220;2_3,1_3&#8243; _builder_version=&#8220;4.21.2&#8243; _module_preset=&#8220;default&#8220; global_colors_info=&#8220;{}&#8220;][et_pb_column type=&#8220;2_3&#8243; _builder_version=&#8220;4.21.2&#8243; _module_preset=&#8220;default&#8220; global_colors_info=&#8220;{}&#8220;][et_pb_text _builder_version=&#8220;4.22.2&#8243; _module_preset=&#8220;b9827f57-4dc1-4aac-88ff-e8c8a8fa2e62&#8243; content_en_gb=&#8220;<\/p>\n<p>Ovronnaz &#8211; Jorasse chairlift -Col Fenestral<\/p>\n<p>Duration 2h05 &#8211; Difficulty T2<\/p>\n<p>&#8220; content_de_de=&#8220;<\/p>\n<p>Ovronnaz &#8211; Sessellift Jorasse &#8211; Col Fenestral.<\/p>\n<p>Dauer 2h05 &#8211; Schwierigkeitsgrad T2<\/p>\n<p>&#8220; global_colors_info=&#8220;{}&#8220;]<\/p>\n<p>Ovronnaz &#8211; t\u00e9l\u00e9si\u00e8ge Jorasse &#8211; Col Fenestral<\/p>\n<p>Dur\u00e9e 2h05 &#8211; <span>Difficult\u00e9 T2<\/span><\/p>\n<p>[\/et_pb_text][\/et_pb_column][et_pb_column type=&#8220;1_3&#8243; _builder_version=&#8220;4.21.2&#8243; _module_preset=&#8220;default&#8220; global_colors_info=&#8220;{}&#8220;][et_pb_button button_url=&#8220;https:\/\/map.schweizmobil.ch\/?lang=fr&#038;photos=yes&#038;logo=yes&#038;detours=yes&#038;season=summer&#038;bgLayer=pk&#038;resolution=1.8&#038;E=2576862&#038;N=1116645&#038;trackId=139190748&#8243; url_new_window=&#8220;on&#8220; button_text=&#8220;Voir sur la carte&#8220; button_alignment=&#8220;right&#8220; _builder_version=&#8220;4.22.2&#8243; _module_preset=&#8220;default&#8220; button_icon=&#8220;&#xf4d7;||fa||900&#8243; button_text_en_gb=&#8220;See on map&#8220; button_text_de_de=&#8220;Auf der Karte anzeigen&#8220; global_colors_info=&#8220;{}&#8220;][\/et_pb_button][\/et_pb_column][\/et_pb_row][et_pb_row column_structure=&#8220;2_3,1_3&#8243; _builder_version=&#8220;4.21.2&#8243; _module_preset=&#8220;default&#8220; global_colors_info=&#8220;{}&#8220;][et_pb_column type=&#8220;2_3&#8243; _builder_version=&#8220;4.21.2&#8243; _module_preset=&#8220;default&#8220; global_colors_info=&#8220;{}&#8220;][et_pb_text _builder_version=&#8220;4.22.2&#8243; _module_preset=&#8220;b9827f57-4dc1-4aac-88ff-e8c8a8fa2e62&#8243; content_en_gb=&#8220;<\/p>\n<p>Ovronnaz &#8211; Odonne &#8211; Petit Pr\u00e9 &#8211; Col Fenestral<\/p>\n<p>Duration 3h30 &#8211; Difficulty T2<\/p>\n<p>&#8220; content_de_de=&#8220;<\/p>\n<p>Ovronnaz &#8211; Odonne &#8211; Petit Pr\u00e9 &#8211; Col Fenestral<\/p>\n<p>Dauer 3h30 &#8211; Schwierigkeitsgrad T2<\/p>\n<p>&#8220; global_colors_info=&#8220;{}&#8220;]<\/p>\n<p>Ovronnaz &#8211; Odonne &#8211; Petit Pr\u00e9 &#8211; Col Fenestral<\/p>\n<p>Dur\u00e9e 3h30 &#8211; <span>Difficult\u00e9 T2<\/span><\/p>\n<p>[\/et_pb_text][\/et_pb_column][et_pb_column type=&#8220;1_3&#8243; _builder_version=&#8220;4.21.2&#8243; _module_preset=&#8220;default&#8220; global_colors_info=&#8220;{}&#8220;][et_pb_button button_url=&#8220;https:\/\/map.schweizmobil.ch\/?lang=fr&#038;photos=yes&#038;logo=yes&#038;detours=yes&#038;season=summer&#038;bgLayer=pk&#038;resolution=1.89&#038;E=2577031&#038;N=1116701&#038;trackId=1890950275&#8243; url_new_window=&#8220;on&#8220; button_text=&#8220;Voir sur la carte&#8220; button_alignment=&#8220;right&#8220; _builder_version=&#8220;4.22.2&#8243; _module_preset=&#8220;default&#8220; button_icon=&#8220;&#xf4d7;||fa||900&#8243; button_text_en_gb=&#8220;See on map&#8220; button_text_de_de=&#8220;Auf der Karte anzeigen&#8220; global_colors_info=&#8220;{}&#8220;][\/et_pb_button][\/et_pb_column][\/et_pb_row][et_pb_row column_structure=&#8220;2_3,1_3&#8243; _builder_version=&#8220;4.21.2&#8243; _module_preset=&#8220;default&#8220; global_colors_info=&#8220;{}&#8220;][et_pb_column type=&#8220;2_3&#8243; _builder_version=&#8220;4.21.2&#8243; _module_preset=&#8220;default&#8220; global_colors_info=&#8220;{}&#8220;][et_pb_text _builder_version=&#8220;4.22.2&#8243; _module_preset=&#8220;b9827f57-4dc1-4aac-88ff-e8c8a8fa2e62&#8243; content_en_gb=&#8220;<\/p>\n<p>L&#8217;Eri\u00e9 (access by car) &#8211; Sorniot<\/p>\n<p>Duration 2h45 &#8211; Difficulty T2<\/p>\n<p>&#8220; content_de_de=&#8220;<\/p>\n<p>L&#8217;Eri\u00e9 (Anfahrt mit dem Auto) &#8211; Sorniot<\/p>\n<p>Dauer 2h45 &#8211; Schwierigkeitsgrad T2<\/p>\n<p>&#8220; global_colors_info=&#8220;{}&#8220;]<\/p>\n<p>L&#8217;Eri\u00e9 (acc\u00e8s en voiture) &#8211; Sorniot<\/p>\n<p>Dur\u00e9e 2h45 &#8211; <span>Difficult\u00e9 T2<\/span><\/p>\n<p>[\/et_pb_text][\/et_pb_column][et_pb_column type=&#8220;1_3&#8243; _builder_version=&#8220;4.21.2&#8243; _module_preset=&#8220;default&#8220; global_colors_info=&#8220;{}&#8220;][et_pb_button button_url=&#8220;https:\/\/map.schweizmobil.ch\/?lang=fr&#038;photos=yes&#038;logo=yes&#038;detours=yes&#038;season=summer&#038;bgLayer=pk&#038;resolution=1.97&#038;E=2575056&#038;N=1114191&#038;trackId=1180807062&#8243; url_new_window=&#8220;on&#8220; button_text=&#8220;Voir sur la carte&#8220; button_alignment=&#8220;right&#8220; _builder_version=&#8220;4.22.2&#8243; _module_preset=&#8220;default&#8220; button_icon=&#8220;&#xf4d7;||fa||900&#8243; button_text_en_gb=&#8220;See on map&#8220; button_text_de_de=&#8220;Auf der Karte anzeigen&#8220; global_colors_info=&#8220;{}&#8220;][\/et_pb_button][\/et_pb_column][\/et_pb_row][et_pb_row _builder_version=&#8220;4.21.2&#8243; _module_preset=&#8220;default&#8220; locked=&#8220;off&#8220; global_colors_info=&#8220;{}&#8220;][et_pb_column type=&#8220;4_4&#8243; _builder_version=&#8220;4.21.2&#8243; _module_preset=&#8220;default&#8220; global_colors_info=&#8220;{}&#8220;][et_pb_text _builder_version=&#8220;4.22.1&#8243; _module_preset=&#8220;default&#8220; content_en_gb=&#8220;<\/p>\n<h1>Winter access<\/h1>\n<p>&#8220; content_de_de=&#8220;<\/p>\n<h1>Winterzugang<\/h1>\n<p>&#8220; global_colors_info=&#8220;{}&#8220;]<\/p>\n<h1>Acc\u00e8s hiver<\/h1>\n<p>[\/et_pb_text][\/et_pb_column][\/et_pb_row][et_pb_row column_structure=&#8220;3_4,1_4&#8243; _builder_version=&#8220;4.21.2&#8243; _module_preset=&#8220;default&#8220; locked=&#8220;off&#8220; global_colors_info=&#8220;{}&#8220;][et_pb_column type=&#8220;3_4&#8243; _builder_version=&#8220;4.21.2&#8243; _module_preset=&#8220;default&#8220; global_colors_info=&#8220;{}&#8220;][et_pb_text _builder_version=&#8220;4.22.1&#8243; _module_preset=&#8220;b9827f57-4dc1-4aac-88ff-e8c8a8fa2e62&#8243; content_en_gb=&#8220;<\/p>\n<p>Jorasse Restaurant &#8211; Petit Pr\u00e9<\/p>\n<p>Duration 2h &#8211; Difficulty PD<\/p>\n<p>&#8220; content_de_de=&#8220;<\/p>\n<p>Jorasse Restaurant &#8211; Petit Pr\u00e9<\/p>\n<p>Dauer 2h &#8211; Schwierigkeitsgrad PD<\/p>\n<p>&#8220; global_colors_info=&#8220;{}&#8220;]<\/p>\n<p>Restaurant de Jorasse &#8211; Petit Pr\u00e9<\/p>\n<p>Dur\u00e9e 2h &#8211; Difficult\u00e9 PD<\/p>\n<p>[\/et_pb_text][\/et_pb_column][et_pb_column type=&#8220;1_4&#8243; _builder_version=&#8220;4.21.2&#8243; _module_preset=&#8220;default&#8220; global_colors_info=&#8220;{}&#8220;][\/et_pb_column][\/et_pb_row][\/et_pb_section][et_pb_section fb_built=&#8220;1&#8243; _builder_version=&#8220;4.21.0&#8243; _module_preset=&#8220;default&#8220; global_colors_info=&#8220;{}&#8220;][et_pb_row column_structure=&#8220;1_2,1_2&#8243; _builder_version=&#8220;4.21.2&#8243; _module_preset=&#8220;default&#8220; global_colors_info=&#8220;{}&#8220;][et_pb_column type=&#8220;1_2&#8243; _builder_version=&#8220;4.21.2&#8243; _module_preset=&#8220;default&#8220; global_colors_info=&#8220;{}&#8220;][et_pb_blurb title=&#8220;Nathan Bender&#8220; use_icon=&#8220;on&#8220; font_icon=&#8220;&#xe08a;||divi||400&#8243; icon_color=&#8220;#000000&#8243; icon_placement=&#8220;left&#8220; image_icon_width=&#8220;28px&#8220; _builder_version=&#8220;4.22.1&#8243; _module_preset=&#8220;default&#8220; link_option_url_new_window=&#8220;on&#8220; global_colors_info=&#8220;{}&#8220;][\/et_pb_blurb][et_pb_blurb title=&#8220;+41 27 746 28 00&#8243; use_icon=&#8220;on&#8220; font_icon=&#8220;&#xf879;||fa||900&#8243; icon_color=&#8220;#000000&#8243; icon_placement=&#8220;left&#8220; image_icon_width=&#8220;28px&#8220; _builder_version=&#8220;4.22.1&#8243; _module_preset=&#8220;default&#8220; link_option_url_new_window=&#8220;on&#8220; global_colors_info=&#8220;{}&#8220;][\/et_pb_blurb][et_pb_blurb title=&#8220;www.fenestral.ch&#8220; url=&#8220;https:\/\/fenestral.ch\/&#8220; url_new_window=&#8220;on&#8220; use_icon=&#8220;on&#8220; font_icon=&#8220;&#xe0e3;||divi||400&#8243; icon_color=&#8220;#000000&#8243; icon_placement=&#8220;left&#8220; image_icon_width=&#8220;28px&#8220; _builder_version=&#8220;4.22.1&#8243; _module_preset=&#8220;default&#8220; link_option_url_new_window=&#8220;on&#8220; global_colors_info=&#8220;{}&#8220;][\/et_pb_blurb][\/et_pb_column][et_pb_column type=&#8220;1_2&#8243; _builder_version=&#8220;4.21.2&#8243; _module_preset=&#8220;default&#8220; global_colors_info=&#8220;{}&#8220;][et_pb_button button_url=&#8220;https:\/\/fenestral.ch\/contact\/&#8220; url_new_window=&#8220;on&#8220; button_text=&#8220;Formulaire de contact&#8220; button_alignment=&#8220;right&#8220; _builder_version=&#8220;4.22.1&#8243; _module_preset=&#8220;default&#8220; button_icon=&#8220;&#xe010;||divi||400&#8243; button_text_en_gb=&#8220;Contact form&#8220; button_text_de_de=&#8220;Kontaktformular&#8220; global_colors_info=&#8220;{}&#8220;][\/et_pb_button][\/et_pb_column][\/et_pb_row][\/et_pb_section]<\/p>\n","protected":false},"excerpt":{"rendered":"<p>Cabane du Fenestral Fully &#8211; 2453mLa cabane est situ\u00e9e au Col du Fenestral, entre Ovronnaz et les Hauts de Fully. Cet endroit est une \u00e9tape incontournable lors du Tour des [&hellip;]<\/p>\n","protected":false},"author":2,"featured_media":29919,"comment_status":"open","ping_status":"closed","template":"","meta":{"_et_pb_use_builder":"on","_et_pb_old_content":"","_et_gb_content_width":"","_monsterinsights_skip_tracking":false,"_monsterinsights_sitenote_active":false,"_monsterinsights_sitenote_note":"","_monsterinsights_sitenote_category":0,"footnotes":""},"project_category":[41],"project_tag":[],"class_list":["post-30283","project","type-project","status-publish","has-post-thumbnail","hentry","project_category-cabanes"],"_links":{"self":[{"href":"https:\/\/www.ovronnaz.ch\/de\/wp-json\/wp\/v2\/project\/30283","targetHints":{"allow":["GET"]}}],"collection":[{"href":"https:\/\/www.ovronnaz.ch\/de\/wp-json\/wp\/v2\/project"}],"about":[{"href":"https:\/\/www.ovronnaz.ch\/de\/wp-json\/wp\/v2\/types\/project"}],"author":[{"embeddable":true,"href":"https:\/\/www.ovronnaz.ch\/de\/wp-json\/wp\/v2\/users\/2"}],"replies":[{"embeddable":true,"href":"https:\/\/www.ovronnaz.ch\/de\/wp-json\/wp\/v2\/comments?post=30283"}],"version-history":[{"count":0,"href":"https:\/\/www.ovronnaz.ch\/de\/wp-json\/wp\/v2\/project\/30283\/revisions"}],"wp:featuredmedia":[{"embeddable":true,"href":"https:\/\/www.ovronnaz.ch\/de\/wp-json\/wp\/v2\/media\/29919"}],"wp:attachment":[{"href":"https:\/\/www.ovronnaz.ch\/de\/wp-json\/wp\/v2\/media?parent=30283"}],"wp:term":[{"taxonomy":"project_category","embeddable":true,"href":"https:\/\/www.ovronnaz.ch\/de\/wp-json\/wp\/v2\/project_category?post=30283"},{"taxonomy":"project_tag","embeddable":true,"href":"https:\/\/www.ovronnaz.ch\/de\/wp-json\/wp\/v2\/project_tag?post=30283"}],"curies":[{"name":"wp","href":"https:\/\/api.w.org\/{rel}","templated":true}]}}