{"id":30224,"date":"2023-08-04T07:01:28","date_gmt":"2023-08-04T05:01:28","guid":{"rendered":"http:\/\/www.ovronnaz.ch\/?post_type=project&#038;p=30224"},"modified":"2026-04-22T14:29:57","modified_gmt":"2026-04-22T12:29:57","slug":"dent-de-morcles","status":"publish","type":"project","link":"https:\/\/www.ovronnaz.ch\/de\/event\/dent-de-morcles\/","title":{"rendered":"Dent de Morcles"},"content":{"rendered":"<p>[et_pb_section fb_built=&#8220;1&#8243; fullwidth=&#8220;on&#8220; _builder_version=&#8220;4.21.0&#8243; _module_preset=&#8220;default&#8220; global_colors_info=&#8220;{}&#8220;][et_pb_fullwidth_slider _builder_version=&#8220;4.21.2&#8243; _module_preset=&#8220;default&#8220; global_colors_info=&#8220;{}&#8220;][et_pb_slide _builder_version=&#8220;4.21.2&#8243; _module_preset=&#8220;default&#8220; background_enable_color=&#8220;off&#8220; background_image=&#8220;https:\/\/www.ovronnaz.ch\/wp-content\/uploads\/2023\/08\/Petite_Dent_de_Morcles_and_Grande_Dent_de_Morcles_20327677069-scaled.jpg&#8220; background_enable_image=&#8220;on&#8220; global_colors_info=&#8220;{}&#8220; sticky_transition=&#8220;on&#8220;][\/et_pb_slide][\/et_pb_fullwidth_slider][\/et_pb_section][et_pb_section fb_built=&#8220;1&#8243; _builder_version=&#8220;4.21.0&#8243; _module_preset=&#8220;default&#8220; global_colors_info=&#8220;{}&#8220;][et_pb_row _builder_version=&#8220;4.22.1&#8243; _module_preset=&#8220;default&#8220; custom_padding=&#8220;0px||20px||false|false&#8220; global_colors_info=&#8220;{}&#8220;][et_pb_column type=&#8220;4_4&#8243; _builder_version=&#8220;4.21.0&#8243; _module_preset=&#8220;default&#8220; global_colors_info=&#8220;{}&#8220;][et_pb_button button_url=&#8220;@ET-DC@eyJkeW5hbWljIjp0cnVlLCJjb250ZW50IjoicG9zdF9saW5rX3VybF9wYWdlIiwic2V0dGluZ3MiOnsicG9zdF9pZCI6IjI5OTgyIn19@&#8220; button_text=&#8220;Retour \u00e0 la liste&#8220; _builder_version=&#8220;4.21.2&#8243; _dynamic_attributes=&#8220;button_url&#8220; _module_preset=&#8220;default&#8220; button_text_size=&#8220;14px&#8220; button_text_color=&#8220;#000000&#8243; button_bg_color=&#8220;rgba(186,186,186,0.4)&#8220; button_icon=&#8220;&#x23;||divi||400&#8243; custom_padding=&#8220;10px|20px|10px|35px|true|false&#8220; global_colors_info=&#8220;{}&#8220;][\/et_pb_button][\/et_pb_column][\/et_pb_row][et_pb_row column_structure=&#8220;2_3,1_3&#8243; _builder_version=&#8220;4.27.4&#8243; _module_preset=&#8220;default&#8220; max_width=&#8220;1250px&#8220; locked=&#8220;off&#8220; global_colors_info=&#8220;{}&#8220; custom_css_main_element_last_edited=&#8220;on|phone&#8220; custom_css_main_element_phone=&#8220;        display: flex;||        flex-direction: column-reverse;&#8220;][et_pb_column type=&#8220;2_3&#8243; _builder_version=&#8220;4.27.4&#8243; _module_preset=&#8220;default&#8220; custom_padding=&#8220;20px||||false|false&#8220; global_colors_info=&#8220;{}&#8220;][et_pb_text _builder_version=&#8220;4.27.4&#8243; _module_preset=&#8220;default&#8220; content_en_gb=&#8220;<\/p>\n<h1>Dent de Morcle<\/h1>\n<p>&#8220; content_de_de=&#8220;<\/p>\n<h1>Dent de Morcle<\/h1>\n<p>&#8220; global_colors_info=&#8220;{}&#8220;]<\/p>\n<h1>Dent de Morcles<\/h1>\n<p>[\/et_pb_text][et_pb_text _builder_version=&#8220;4.27.4&#8243; _module_preset=&#8220;default&#8220; content_en_gb=&#8220;<\/p>\n<p data-start=%2259%22 data-end=%22384%22 class=%22%22>From Jorasse, follow the trail leading to the Petit Pr\u00e9 alpine pasture (1,998 m). The path rises pleasantly until it reaches the Grand Pr\u00e9 d&#8217;Euloi. You&#8217;ll cross pastures and scree slopes along the way to Fenestral. Upon reaching the pass, your gaze will dive southwest toward the impressive Mont Blanc massif.<\/p>\n<p data-start=%22386%22 data-end=%22810%22 class=%22%22>The route then takes on a more alpine character: from white-red-white markings, it transitions to white-blue-white, guiding you up the ridge toward the plateau of Grand-Cor. The trail winds its way among rocks and scree. Markings are closer together, and the slope becomes steeper. You will need to use your hands to climb two rocky bars between Grand-Cor and Dent de Morcles. After a few mineral slabs, the summit is yours.<\/p>\n<p data-start=%22812%22 data-end=%221125%22 class=%22%22>A breathtaking 360\u00b0 panorama rewards the hikers. The majestic Muverans massif stands proudly before you. Below, at 2,700 meters, the Martinets Glacier clings to the cliffs, surviving thanks to its north-facing position. To the west, Lake Geneva stretches out like an inland sea, displaying its blue-green expanse.<\/p>\n<p data-start=%221127%22 data-end=%221218%22 class=%22%22>For the return, follow the same path. Plan for about 6 and a half hours for the round trip.<\/p>\n<p>&#8220; content_de_de=&#8220;<\/p>\n<p data-start=%221225%22 data-end=%221531%22 class=%22%22>Ab Jorasse folgen Sie dem Weg zur Alp Petit Pr\u00e9 (1&#8217;998 m). Der Pfad steigt angenehm an und erreicht das Grand Pr\u00e9 d&#8217;Euloi. Sie \u00fcberqueren Weiden und Ger\u00f6llfelder auf dem Weg zum Fenestral-Pass. Am Pass angekommen, schweift Ihr Blick nach S\u00fcdwesten auf das beeindruckende Mont-Blanc-Massiv.<\/p>\n<p data-start=%221533%22 data-end=%222030%22 class=%22%22>Die Route nimmt nun einen alpinen Charakter an: Die Markierungen wechseln von Wei\u00df-Rot-Wei\u00df zu Wei\u00df-Blau-Wei\u00df und f\u00fchren Sie hinauf auf den Grat in Richtung der Hochebene des Grand-Cor. Der Weg schl\u00e4ngelt sich zwischen Felsen und Ger\u00f6ll hindurch. Die Markierungen sind dichter gesetzt und die Steigung wird steiler. Zwischen dem Grand-Cor und der Dent de Morcles m\u00fcssen Sie zweimal Ihre H\u00e4nde benutzen, um kurze Felsstufen zu \u00fcberwinden. Nach einigen mineralischen Platten geh\u00f6rt der Gipfel Ihnen.<\/p>\n<p data-start=%222032%22 data-end=%222373%22 class=%22%22>Ein atemberaubendes 360\u00b0-Panorama belohnt die Wanderer. Vor Ihnen erhebt sich majest\u00e4tisch das Muverans-Massiv. Darunter, auf 2&#8217;700 Metern H\u00f6he, klammert sich der Martinets-Gletscher an die Felsen, gesch\u00fctzt durch seine nordseitige Lage. Im Westen breitet sich der Genfersee wie ein kleines Binnenmeer aus, in Blau- und Gr\u00fcnt\u00f6nen schimmernd.<\/p>\n<p data-start=%222375%22 data-end=%222472%22 class=%22%22>F\u00fcr den R\u00fcckweg folgen Sie demselben Pfad. Rechnen Sie mit etwa 6,5 Stunden f\u00fcr Hin- und R\u00fcckweg.<\/p>\n<p>&#8220; global_colors_info=&#8220;{}&#8220;]<\/p>\n<p style=\"text-align: justify;\">Depuis Jorasse, suivez le sentier qui vous conduit \u00e0 l&#8217;alpage du Petit Pr\u00e9 (1&#8217;998 m). Le chemin s&#8217;\u00e9l\u00e8ve de mani\u00e8re plaisante jusqu&#8217;\u00e0 atteindre le Grand Pr\u00e9 d&#8217;Euloi. Vous traverserez des p\u00e2turages et des \u00e9boulis en chemin jusqu&#8217;au Fenestral. Arriv\u00e9 au col, votre regard plongera vers le sud-ouest sur l&#8217;impressionnant massif du Mont-Blanc.<\/p>\n<p style=\"text-align: justify;\">L&#8217;itin\u00e9raire prend un caract\u00e8re plus alpin : du balisage blanc-rouge-blanc, il \u00e9volue vers le blanc-bleu-blanc et vous m\u00e8ne \u00e0 l&#8217;assaut de l&#8217;ar\u00eate qui conduit au replat du Grand-Cor. Le sentier se fraye un chemin entre les rochers et les \u00e9boulis. Les marques sont plus rapproch\u00e9es et la pente devient plus accentu\u00e9e. Vous devrez utiliser vos mains pour franchir deux barres rocheuses entre le Grand-Cor et la Dent de Morcles. Apr\u00e8s quelques dalles min\u00e9rales, le sommet vous appartient.<\/p>\n<p style=\"text-align: justify;\">Un panorama \u00e0 360\u00b0 \u00e0 couper le souffle r\u00e9compense les randonneurs. Le majestueux massif des Muverans se dresse devant vous. En contrebas, \u00e0 2&#8217;700 m\u00e8tres, le glacier des Martinets s&#8217;accroche aux parois, sa survie \u00e9tant due \u00e0 sa position au nord. \u00c0 l&#8217;ouest, le lac L\u00e9man s&#8217;\u00e9tend comme une petite mer int\u00e9rieure, d\u00e9ployant son \u00e9tendue bleu-vert.<\/p>\n<p style=\"text-align: justify;\">Pour le retour, suivez le m\u00eame chemin. Pr\u00e9voyez environ 6 heures et demie pour l&#8217;aller-retour.<\/p>\n<p>[\/et_pb_text][et_pb_text _builder_version=&#8220;4.22.2&#8243; _module_preset=&#8220;default&#8220; text_font=&#8220;Poppins||||||||&#8220; text_text_color=&#8220;#e02b20&#8243; content_en_gb=&#8220;<\/p>\n<p><span style=%22color: #ff0000;%22>Access to the Tour via the Jorasse chairlift.<\/span><\/p>\n<p><span style=%22color: #ff0000;%22> Car park at the start of the chairlift.<\/span><\/p>\n<p><span style=%22color: #ff0000;%22> Catering: Jorasse mountain restaurant.<\/span><\/p>\n<p>&#8220; content_de_de=&#8220;<\/p>\n<p><span style=%22color: #ff0000;%22>Zugang zur Tour \u00fcber den Sessellift von Jorasse. <\/span><\/p>\n<p><span style=%22color: #ff0000;%22>Parkplatz am Start des Sessellifts. <\/span><\/p>\n<p><span style=%22color: #ff0000;%22>Verpflegung: Bergrestaurant von Jorasse.<\/span><\/p>\n<p>&#8220; global_colors_info=&#8220;{}&#8220;]<\/p>\n<p>Acc\u00e8s au Tour par le t\u00e9l\u00e9si\u00e8ge de Jorasse.<\/p>\n<p>Parking au d\u00e9part du t\u00e9l\u00e9si\u00e8ge.<\/p>\n<p>Restauration : restaurant d\u2019altitude de Jorasse, cabane de Fenestral<br \/><span style=\"color: #993300;\"><\/span><\/p>\n<p>[\/et_pb_text][et_pb_code _builder_version=&#8220;4.27.4&#8243; _module_preset=&#8220;default&#8220; custom_padding=&#8220;||20px||false|false&#8220; global_colors_info=&#8220;{}&#8220;]<!-- start Guidos Playground --><!-- [et_pb_line_break_holder] --><guidos-widget<!-- [et_pb_line_break_holder] -->    mode=&#8220;map&#8220;<!-- [et_pb_line_break_holder] -->    map-style=&#8220;summer&#8220;<!-- [et_pb_line_break_holder] -->    lang=&#8220;fr&#8220;<!-- [et_pb_line_break_holder] -->    primary-color=&#8220;#00ab84&#8243;<!-- [et_pb_line_break_holder] -->    route=&#8220;f680b324-5966-49b0-9436-d8aa9e7fe220&#8243;<!-- [et_pb_line_break_holder] -->    api-key=&#8220;Kq8XDUDWSuapRrEA3I5tgkUmDmutZDn5&#8243;<!-- [et_pb_line_break_holder] -->    style=&#8220;height:750px;&#8220;<!-- [et_pb_line_break_holder] -->><\/guidos-widget><!-- [et_pb_line_break_holder] --><script type=\"module\" src=\"https:\/\/libraries.guidos.fun\/widget\/index.js\" defer><\/script><!-- [et_pb_line_break_holder] --><!-- end Guidos Playground --><!-- [et_pb_line_break_holder] -->[\/et_pb_code][\/et_pb_column][et_pb_column type=&#8220;1_3&#8243; _builder_version=&#8220;4.27.4&#8243; _module_preset=&#8220;default&#8220; custom_padding=&#8220;20px|20px|20px|20px|true|true&#8220; border_radii=&#8220;on|10px|10px|10px|10px&#8220; border_width_all=&#8220;1px&#8220; global_colors_info=&#8220;{}&#8220;][et_pb_text _builder_version=&#8220;4.27.4&#8243; _module_preset=&#8220;default&#8220; content_en_gb=&#8220;<\/p>\n<h1>Features<\/h1>\n<p>&#8220; content_de_de=&#8220;<\/p>\n<h1>Merkmale<\/h1>\n<p>&#8220; global_colors_info=&#8220;{}&#8220;]<\/p>\n<h2>Caract\u00e9ristiques<\/h2>\n<p>[\/et_pb_text][et_pb_blurb title=&#8220;Distance&#8220; use_icon=&#8220;on&#8220; font_icon=&#8220;&#x2c;||divi||400&#8243; icon_color=&#8220;#000000&#8243; icon_placement=&#8220;left&#8220; _builder_version=&#8220;4.22.1&#8243; _module_preset=&#8220;default&#8220; title_en_gb=&#8220;Length&#8220; title_de_de=&#8220;Distanz&#8220; global_colors_info=&#8220;{}&#8220;]<\/p>\n<p>14.50 km<\/p>\n<p>[\/et_pb_blurb][et_pb_blurb title=&#8220;Difficult\u00e9&#8220; use_icon=&#8220;on&#8220; font_icon=&#8220;&#xf161;||fa||900&#8243; icon_color=&#8220;#000000&#8243; icon_placement=&#8220;left&#8220; _builder_version=&#8220;4.22.1&#8243; _module_preset=&#8220;default&#8220; title_en_gb=&#8220;Difficulty &#8220; content_en_gb=&#8220;<\/p>\n<p>Medium \/ T2 until Fenestral<\/p>\n<p>Difficult \/ T4 from Fenestral <\/p>\n<p>&#8220; title_de_de=&#8220;Schwierigkeitsgrad&#8220; content_de_de=&#8220;<\/p>\n<p>Mittel \/ T2 bis Fenestral<\/p>\n<p>Schwierig \/ T4 aus Fenestral<\/p>\n<p>&#8220; global_colors_info=&#8220;{}&#8220;]<\/p>\n<p>Moyenne \/ T2 jusqu&#8217;\u00e0 Fenestral<\/p>\n<p>Difficile \/ T4 depuis Fenestral\u00a0<\/p>\n<p>[\/et_pb_blurb][et_pb_blurb title=&#8220;Dur\u00e9e&#8220; use_icon=&#8220;on&#8220; font_icon=&#8220;&#x7d;||divi||400&#8243; icon_color=&#8220;#000000&#8243; icon_placement=&#8220;left&#8220; _builder_version=&#8220;4.22.1&#8243; _module_preset=&#8220;default&#8220; title_en_gb=&#8220;Duration &#8220; content_en_gb=&#8220;<\/p>\n<p>4h (one way)<\/p>\n<p>2h (return)<\/p>\n<p>&#8220; title_de_de=&#8220;Dauer&#8220; content_de_de=&#8220;<\/p>\n<p>4h (Hinweg)<\/p>\n<p>2h (R\u00fcckweg)<\/p>\n<p>&#8220; global_colors_info=&#8220;{}&#8220;]<\/p>\n<p>4h (aller)<\/p>\n<p>2h (retour)<\/p>\n<p>[\/et_pb_blurb][et_pb_blurb title=&#8220;D\u00e9nivellation&#8220; use_icon=&#8220;on&#8220; font_icon=&#8220;&#x26;||divi||400&#8243; icon_color=&#8220;#000000&#8243; icon_placement=&#8220;left&#8220; _builder_version=&#8220;4.27.6&#8243; _module_preset=&#8220;default&#8220; title_en_gb=&#8220;Height difference &#8220; title_de_de=&#8220;H\u00f6henmeter&#8220; global_colors_info=&#8220;{}&#8220;]<\/p>\n<p>+1301 m \/ -1301 m<\/p>\n<p>[\/et_pb_blurb][et_pb_blurb title=&#8220;Altitude min&#8220; use_icon=&#8220;on&#8220; font_icon=&#8220;&#x22;||divi||400&#8243; icon_color=&#8220;#000000&#8243; icon_placement=&#8220;left&#8220; _builder_version=&#8220;4.22.1&#8243; _module_preset=&#8220;default&#8220; title_en_gb=&#8220;Minimum altitude &#8220; title_de_de=&#8220;Tiefster Punkt&#8220; global_colors_info=&#8220;{}&#8220;]<\/p>\n<p>1947 m<\/p>\n<p>[\/et_pb_blurb][et_pb_blurb title=&#8220;Altitude max&#8220; use_icon=&#8220;on&#8220; font_icon=&#8220;&#x21;||divi||400&#8243; icon_color=&#8220;#000000&#8243; icon_placement=&#8220;left&#8220; _builder_version=&#8220;4.22.1&#8243; _module_preset=&#8220;default&#8220; title_en_gb=&#8220;Maximum altitude &#8220; title_de_de=&#8220;H\u00f6chster Punkt &#8220; global_colors_info=&#8220;{}&#8220;]<\/p>\n<p>2961 m<\/p>\n<p>[\/et_pb_blurb][et_pb_blurb title=&#8220;Point de d\u00e9part&#8220; use_icon=&#8220;on&#8220; font_icon=&#8220;&#xe01d;||divi||400&#8243; icon_color=&#8220;#000000&#8243; icon_placement=&#8220;left&#8220; _builder_version=&#8220;4.27.4&#8243; _module_preset=&#8220;default&#8220; custom_margin=&#8220;||20px||false|false&#8220; title_en_gb=&#8220;Starting point&#8220; content_en_gb=&#8220;<\/p>\n<p>Jorasse arrival of the chairlift<\/p>\n<p>&#8220; title_de_de=&#8220;Startpunkt&#8220; content_de_de=&#8220;<\/p>\n<p>Jorasse Sessellift Bergstation<\/p>\n<p>&#8220; global_colors_info=&#8220;{}&#8220;]<\/p>\n<p>Jorasse arriv\u00e9e du t\u00e9l\u00e9si\u00e8ge<\/p>\n<p>[\/et_pb_blurb][et_pb_blurb title=&#8220;Point d&#8217;arriv\u00e9e&#8220; use_icon=&#8220;on&#8220; font_icon=&#8220;&#xe01d;||divi||400&#8243; icon_color=&#8220;#000000&#8243; icon_placement=&#8220;left&#8220; _builder_version=&#8220;4.27.4&#8243; _module_preset=&#8220;default&#8220; custom_margin=&#8220;||20px||false|false&#8220; title_en_gb=&#8220;Point of arrival&#8220; content_en_gb=&#8220;<\/p>\n<p>Jorasse arrival of the chairlift<\/p>\n<p>&#8220; title_de_de=&#8220;Ankunftsort&#8220; content_de_de=&#8220;<\/p>\n<p>Jorasse Sessellift Bergstation<\/p>\n<p>&#8220; global_colors_info=&#8220;{}&#8220;]<\/p>\n<p>Jorasse arriv\u00e9e du t\u00e9l\u00e9si\u00e8ge<\/p>\n<p>[\/et_pb_blurb][et_pb_blurb title=&#8220;P\u00e9riode&#8220; use_icon=&#8220;on&#8220; font_icon=&#8220;&#xf073;||fa||400&#8243; icon_color=&#8220;#000000&#8243; icon_placement=&#8220;left&#8220; _builder_version=&#8220;4.22.1&#8243; _module_preset=&#8220;default&#8220; title_en_gb=&#8220;Period&#8220; content_en_gb=&#8220;<\/p>\n<p>July  to October depending on snow conditions<\/p>\n<p>&#8220; title_de_de=&#8220;Periode&#8220; content_de_de=&#8220;<\/p>\n<p>Juli bis Oktober Je nach Schneebedingungen<\/p>\n<p>&#8220; global_colors_info=&#8220;{}&#8220;]<\/p>\n<p>Juillet-Octobre selon la fonte des neiges<\/p>\n<p>[\/et_pb_blurb][dipi_button_grid flex_direction=&#8220;row&#8220; _builder_version=&#8220;4.27.6&#8243; _module_preset=&#8220;default&#8220; hover_enabled=&#8220;0&#8243; global_colors_info=&#8220;{}&#8220; sticky_enabled=&#8220;0&#8243;][dipi_button_grid_child button_id=&#8220;PDF&#8220; button_text=&#8220;PDF&#8220; button_link=&#8220;https:\/\/www.ovronnaz.ch\/wp-content\/uploads\/2023\/08\/dent-de-Morcles.pdf&#8220; button_link_target=&#8220;on&#8220; _builder_version=&#8220;4.27.4&#8243; _module_preset=&#8220;default&#8220; custom_button=&#8220;on&#8220; button_text_color=&#8220;#FFFFFF&#8220; button_bg_color=&#8220;#E02B20&#8243; button_border_width=&#8220;0px&#8220; button_use_icon=&#8220;on&#8220; button_icon=&#8220;&#xf02f;||fa||900&#8243; button_icon_color=&#8220;#FFFFFF&#8220; button_icon_placement=&#8220;left&#8220; button_on_hover=&#8220;off&#8220; global_colors_info=&#8220;{}&#8220;][\/dipi_button_grid_child][dipi_button_grid_child button_id=&#8220;GPX&#8220; button_type=&#8220;dp_button&#8220; button_text=&#8220;GPX&#8220; button_link=&#8220;https:\/\/www.ovronnaz.ch\/wp-content\/uploads\/2023\/08\/dentdemorcles.gpx&#8220; button_link_target=&#8220;on&#8220; _builder_version=&#8220;4.27.4&#8243; _module_preset=&#8220;default&#8220; custom_button=&#8220;on&#8220; button_text_color=&#8220;#FFFFFF&#8220; button_bg_color=&#8220;#E02B20&#8243; button_border_width=&#8220;0px&#8220; button_use_icon=&#8220;on&#8220; button_icon=&#8220;&#xf124;||fa||900&#8243; button_icon_color=&#8220;#FFFFFF&#8220; button_icon_placement=&#8220;left&#8220; button_on_hover=&#8220;off&#8220; global_colors_info=&#8220;{}&#8220;][\/dipi_button_grid_child][\/dipi_button_grid][\/et_pb_column][\/et_pb_row][\/et_pb_section][et_pb_section fb_built=&#8220;1&#8243; _builder_version=&#8220;4.21.0&#8243; _module_preset=&#8220;default&#8220; background_enable_color=&#8220;off&#8220; global_colors_info=&#8220;{}&#8220;][et_pb_row _builder_version=&#8220;4.21.0&#8243; _module_preset=&#8220;default&#8220; global_colors_info=&#8220;{}&#8220;][et_pb_column type=&#8220;4_4&#8243; _builder_version=&#8220;4.21.0&#8243; _module_preset=&#8220;default&#8220; global_colors_info=&#8220;{}&#8220;][et_pb_text _builder_version=&#8220;4.22.1&#8243; _module_preset=&#8220;default&#8220; text_orientation=&#8220;center&#8220; content_en_gb=&#8220;<\/p>\n<h1><em><strong>Did you know ? <\/strong><\/em><\/h1>\n<p>&#8220; content_de_de=&#8220;<\/p>\n<h1><em><strong>Wussten Sie das ? <\/strong><\/em><\/h1>\n<p>&#8220; global_colors_info=&#8220;{}&#8220;]<\/p>\n<h1><em><strong>Le saviez-vous ?<\/strong><\/em><\/h1>\n<p>[\/et_pb_text][et_pb_text _builder_version=&#8220;4.22.1&#8243; _module_preset=&#8220;default&#8220; text_font=&#8220;Poppins|300|on||||||&#8220; text_orientation=&#8220;center&#8220; content_en_gb=&#8220;<\/p>\n<p style=%22text-align: center;%22>There are two Dents de Morcles: the petite (2,936m) and the grande (2,969m). It is the large tooth that offers the ascent.<\/p>\n<p style=%22text-align: center;%22>Unlike most glaciers, which accumulate their ice upstream and then flow downstream, the Martinets glacier follows its own path. It stores its ice on the shady side and zigzags away from the rock faces.<\/p>\n<p style=%22text-align: center;%22>The village of %22Morcles%22, nestling at the foot of the Dents that gave it its name, is one of the oldest in the Vaud Alps. It dates back as far as 1,043 BC.<\/p>\n<p>&#8220; content_de_de=&#8220;<\/p>\n<p style=%22text-align: center;%22>Es gibt die beiden Dents de Morcles: den kleinen (2&#8217;936 m) und den gro\u00dfen (2&#8217;969 m). Es ist der gro\u00dfe Zahn, der den Aufstieg bietet.<\/p>\n<p style=%22text-align: center;%22>Im Gegensatz zu den meisten Gletschern, die ihr Eis stromaufw\u00e4rts sammeln und dann stromabw\u00e4rts flie\u00dfen, geht der Martinets-Gletscher seinen eigenen Weg. Er speichert sein Eis auf der Schattenseite und bewegt sich im Zickzack von den Felsw\u00e4nden weg.<\/p>\n<p style=%22text-align: center;%22>Das Dorf %22Morcles%22, das am Fu\u00dfe der namensgebenden Dents liegt, ist eines der \u00e4ltesten in den Waadtl\u00e4nder Alpen. Seine Entstehung geht bereits auf 1&#8217;043 !<\/p>\n<p>&#8220; global_colors_info=&#8220;{}&#8220;]<\/p>\n<p style=\"text-align: center;\">Il y a les deux Dents de Morcles : la petite (2&#8217;936m) et la grande (2&#8217;969m). C&#8217;est la grande dent qui offre l&#8217;ascension.<\/p>\n<p style=\"text-align: center;\">Contrairement \u00e0 la plupart des glaciers qui accumulent leur glace en amont pour ensuite s&#8217;\u00e9couler vers l&#8217;aval, le glacier des Martinets suit son propre chemin. Il stocke sa glace du c\u00f4t\u00e9 \u00e0 l&#8217;ombre et se d\u00e9place en zigzag, s&#8217;\u00e9loignant des parois rocheuses.<\/p>\n<p style=\"text-align: center;\">Le village de &#8222;Morcles&#8220;, nich\u00e9 au pied des Dents qui ont emprunt\u00e9 son nom, est l&#8217;un des plus anciens des Alpes vaudoises. Son apparition remonte d\u00e9j\u00e0 \u00e0 1&#8217;043 !<\/p>\n<p style=\"text-align: center;\">[\/et_pb_text][\/et_pb_column][\/et_pb_row][\/et_pb_section][et_pb_section fb_built=&#8220;1&#8243; _builder_version=&#8220;4.21.0&#8243; _module_preset=&#8220;default&#8220; global_colors_info=&#8220;{}&#8220;][et_pb_row _builder_version=&#8220;4.21.0&#8243; _module_preset=&#8220;default&#8220; global_colors_info=&#8220;{}&#8220;][et_pb_column type=&#8220;4_4&#8243; _builder_version=&#8220;4.21.0&#8243; _module_preset=&#8220;default&#8220; global_colors_info=&#8220;{}&#8220;][dmg_masonry_gallery gallery=&#8220;31528,31529,31526,31525,31527&#8243; _builder_version=&#8220;4.22.1&#8243; _module_preset=&#8220;default&#8220; global_colors_info=&#8220;{}&#8220;][\/dmg_masonry_gallery][\/et_pb_column][\/et_pb_row][\/et_pb_section]<\/p>\n","protected":false},"excerpt":{"rendered":"<p>Dent de MorclesDepuis Jorasse, suivez le sentier qui vous conduit \u00e0 l&#8217;alpage du Petit Pr\u00e9 (1&#8217;998 m). Le chemin s&#8217;\u00e9l\u00e8ve de mani\u00e8re plaisante jusqu&#8217;\u00e0 atteindre le Grand Pr\u00e9 d&#8217;Euloi. Vous [&hellip;]<\/p>\n","protected":false},"author":2,"featured_media":31526,"comment_status":"open","ping_status":"closed","template":"","meta":{"_et_pb_use_builder":"on","_et_pb_old_content":"","_et_gb_content_width":"","_monsterinsights_skip_tracking":false,"_monsterinsights_sitenote_active":false,"_monsterinsights_sitenote_note":"","_monsterinsights_sitenote_category":0,"footnotes":""},"project_category":[40],"project_tag":[61],"class_list":["post-30224","project","type-project","status-publish","has-post-thumbnail","hentry","project_category-jorasse","project_tag-expert"],"_links":{"self":[{"href":"https:\/\/www.ovronnaz.ch\/de\/wp-json\/wp\/v2\/project\/30224","targetHints":{"allow":["GET"]}}],"collection":[{"href":"https:\/\/www.ovronnaz.ch\/de\/wp-json\/wp\/v2\/project"}],"about":[{"href":"https:\/\/www.ovronnaz.ch\/de\/wp-json\/wp\/v2\/types\/project"}],"author":[{"embeddable":true,"href":"https:\/\/www.ovronnaz.ch\/de\/wp-json\/wp\/v2\/users\/2"}],"replies":[{"embeddable":true,"href":"https:\/\/www.ovronnaz.ch\/de\/wp-json\/wp\/v2\/comments?post=30224"}],"version-history":[{"count":7,"href":"https:\/\/www.ovronnaz.ch\/de\/wp-json\/wp\/v2\/project\/30224\/revisions"}],"predecessor-version":[{"id":45863,"href":"https:\/\/www.ovronnaz.ch\/de\/wp-json\/wp\/v2\/project\/30224\/revisions\/45863"}],"wp:featuredmedia":[{"embeddable":true,"href":"https:\/\/www.ovronnaz.ch\/de\/wp-json\/wp\/v2\/media\/31526"}],"wp:attachment":[{"href":"https:\/\/www.ovronnaz.ch\/de\/wp-json\/wp\/v2\/media?parent=30224"}],"wp:term":[{"taxonomy":"project_category","embeddable":true,"href":"https:\/\/www.ovronnaz.ch\/de\/wp-json\/wp\/v2\/project_category?post=30224"},{"taxonomy":"project_tag","embeddable":true,"href":"https:\/\/www.ovronnaz.ch\/de\/wp-json\/wp\/v2\/project_tag?post=30224"}],"curies":[{"name":"wp","href":"https:\/\/api.w.org\/{rel}","templated":true}]}}