{"id":30064,"date":"2023-08-03T18:30:03","date_gmt":"2023-08-03T16:30:03","guid":{"rendered":"http:\/\/www.ovronnaz.ch\/?post_type=project&#038;p=30064"},"modified":"2026-04-22T14:26:35","modified_gmt":"2026-04-22T12:26:35","slug":"lardeve","status":"publish","type":"project","link":"https:\/\/www.ovronnaz.ch\/de\/event\/lardeve\/","title":{"rendered":"Tour de l'Ard\u00e8ve"},"content":{"rendered":"<p>[et_pb_section fb_built=&#8220;1&#8243; fullwidth=&#8220;on&#8220; _builder_version=&#8220;4.21.0&#8243; _module_preset=&#8220;default&#8220; global_colors_info=&#8220;{}&#8220;][et_pb_fullwidth_slider _builder_version=&#8220;4.21.2&#8243; _module_preset=&#8220;default&#8220; global_colors_info=&#8220;{}&#8220;][et_pb_slide _builder_version=&#8220;4.21.2&#8243; _module_preset=&#8220;default&#8220; background_enable_color=&#8220;off&#8220; background_image=&#8220;https:\/\/www.ovronnaz.ch\/wp-content\/uploads\/2023\/08\/b7ea4908-26d4-41e9-a720-824c04c29032_rw_1920.jpg&#8220; background_enable_image=&#8220;on&#8220; background_position=&#8220;bottom_center&#8220; global_colors_info=&#8220;{}&#8220; sticky_transition=&#8220;on&#8220;][\/et_pb_slide][\/et_pb_fullwidth_slider][\/et_pb_section][et_pb_section fb_built=&#8220;1&#8243; _builder_version=&#8220;4.21.0&#8243; _module_preset=&#8220;default&#8220; global_colors_info=&#8220;{}&#8220;][et_pb_row _builder_version=&#8220;4.21.0&#8243; _module_preset=&#8220;default&#8220; global_colors_info=&#8220;{}&#8220;][et_pb_column type=&#8220;4_4&#8243; _builder_version=&#8220;4.21.0&#8243; _module_preset=&#8220;default&#8220; global_colors_info=&#8220;{}&#8220;][et_pb_button button_url=&#8220;@ET-DC@eyJkeW5hbWljIjp0cnVlLCJjb250ZW50IjoicG9zdF9saW5rX3VybF9wYWdlIiwic2V0dGluZ3MiOnsicG9zdF9pZCI6IjI5OTgyIn19@&#8220; button_text=&#8220;Retour \u00e0 la liste&#8220; _builder_version=&#8220;4.21.2&#8243; _dynamic_attributes=&#8220;button_url&#8220; _module_preset=&#8220;default&#8220; button_text_size=&#8220;14px&#8220; button_text_color=&#8220;#000000&#8243; button_bg_color=&#8220;rgba(186,186,186,0.4)&#8220; button_icon=&#8220;&#x23;||divi||400&#8243; custom_padding=&#8220;10px|20px|10px|35px|true|false&#8220; global_colors_info=&#8220;{}&#8220;][\/et_pb_button][\/et_pb_column][\/et_pb_row][et_pb_row column_structure=&#8220;2_3,1_3&#8243; _builder_version=&#8220;4.27.4&#8243; _module_preset=&#8220;default&#8220; max_width=&#8220;1250px&#8220; locked=&#8220;off&#8220; global_colors_info=&#8220;{}&#8220; custom_css_main_element_last_edited=&#8220;on|phone&#8220; custom_css_main_element_phone=&#8220;        display: flex;||        flex-direction: column-reverse;&#8220;][et_pb_column type=&#8220;2_3&#8243; _builder_version=&#8220;4.27.4&#8243; _module_preset=&#8220;default&#8220; custom_padding=&#8220;20px||||false|false&#8220; global_colors_info=&#8220;{}&#8220;][et_pb_text _builder_version=&#8220;4.27.4&#8243; _module_preset=&#8220;default&#8220; content_en_gb=&#8220;<\/p>\n<h1>Ard\u00e8ve Tour<\/h1>\n<p>&#8220; content_de_de=&#8220;<\/p>\n<h1>Ard\u00e8ve Tour<\/h1>\n<p>&#8220; global_colors_info=&#8220;{}&#8220;]<\/p>\n<h1>Tour de l&#8217;Ard\u00e8ve<\/h1>\n<p>[\/et_pb_text][et_pb_text _builder_version=&#8220;4.22.1&#8243; _module_preset=&#8220;default&#8220; content_en_gb=&#8220;<\/p>\n<p style=%22text-align: justify;%22>From the moment you reach the summit via the Jorasse chairlift, a dirt track guides you effortlessly to the Bougnonne stables. This mountain pasture, owned by Leytron, was managed independently until 1963. Today, it is the second most important alpine pasture after Odonne. The gently sloping route takes you to the banks of the Salentse, an inescapable river which, by turns discreet and impetuous, shapes the life of Leytron and Ovronnaz.<\/p>\n<p style=%22text-align: justify;%22>The old stables of Saille can be seen below, then the path continues to climb towards the Rambert hut, as far as the Pierre \u00e0 Vatserou. Sitting on this imposing stone, the chief shepherd once kept watch over his flock.<\/p>\n<p style=%22text-align: justify;%22>Leaving this path, you take a magnificent path along the hillside, winding between rocky bars and scree at the foot of the Pointe d&#8217;Aufalle ridge. Larches, alders, bilberries and wooded pastures then guide you towards Larzay and Chavanne Neuve, where an old coach house once stood on the Bougnonne mountain pasture. Your tour ends at the top of the Jorasse chairlift.<\/p>\n<p>&#8220; content_de_de=&#8220;<\/p>\n<p style=%22text-align: justify;%22>Ab dem Zeitpunkt, an dem Sie mit dem Sessellift von Jorasse den Gipfel erreichen, f\u00fchrt Sie ein Feldweg m\u00fchelos zu den St\u00e4llen von Bougnonne. Diese Alm ist Eigentum von Leytron und wurde bis 1963 selbstst\u00e4ndig bewirtschaftet. Heute stellt sie nach Odonne die zweite Stufe der Alpbewirtschaftung dar. Der sanft ansteigende Weg f\u00fchrt Sie zu den Ufern des Salentse, eines nicht zu \u00fcbersehenden Flusses, der abwechselnd leise und st\u00fcrmisch das Leben in Leytron und Ovronnaz pr\u00e4gt.<\/p>\n<p style=%22text-align: justify;%22>Die alten St\u00e4lle von Saille zeichnen sich unterhalb ab, dann steigt der Weg weiter in Richtung Rambert-H\u00fctte bis zum Pierre \u00e0 Vatserou an. Auf diesem imposanten Stein sitzend, \u00fcberwachte der Oberhirte fr\u00fcher seine Herde.<\/p>\n<p style=%22text-align: justify;%22>Wenn Sie diesen Weg verlassen, nehmen Sie einen wundersch\u00f6nen Pfad am Hang, der sich zwischen Felsriegeln und Ger\u00f6ll am Fu\u00dfe des Grats der Pointe d&#8217;Aufalle entlangschl\u00e4ngelt. L\u00e4rchen, Erlen, Heidelbeeren und bewaldete Weiden f\u00fchren Sie dann nach Larzay und Chavanne Neuve, wo einst ein alter Schuppen der Alpe de Bougnonne stand. Ihr Ausflug endet auf dem Gipfel des Sessellifts von Jorasse.<\/p>\n<p>&#8220; global_colors_info=&#8220;{}&#8220;][\/et_pb_text][et_pb_text _builder_version=&#8220;4.27.4&#8243; _module_preset=&#8220;default&#8220; content_en_gb=&#8220;<\/p>\n<p>Explore the Creuse path, a veritable balcony offering magnificent views over the Ard\u00e8ve. The route then takes you up this hill, which looks like a mountain. Although steep at times, the path rises through a forest of conifers. Halfway up, a handrail makes it easier to cross a rocky bar. Follow the ridge to the summit for a magnificent panoramic view of the Rh\u00f4ne valley. Return via Les Mayens de Chamoson. Head back down the forest road that winds along the wooded slopes of the mountain towards Les Mayens de l&#8217;Ard\u00e8ve. Then cross the Mayens de Chamoson to rejoin the Creuse path that leads to Ovronnaz .<\/p>\n<p><strong>If you prefer an easier, less steep alternative : Take the route via Les Mayens de Chamoson only, which avoids the crossing with the handrail.<\/strong><\/p>\n<p>&#8220; content_de_de=&#8220;<\/p>\n<p>Erkunden Sie den Creuse-Pfad, einen wahren Balkon, der einen herrlichen Blick auf die Ard\u00e8ve bietet. Dann f\u00fchrt Sie der Weg auf einen H\u00fcgel, der sich wie ein Berg anf\u00fchlt. Obwohl der Weg manchmal sehr steil ist, steigt er durch einen Nadelwald an. Auf halbem Weg erleichtert ein Handlauf die \u00dcberwindung eines Felsriegels. Folgen Sie dem Grat bis zum Gipfel und genie\u00dfen Sie die herrliche Aussicht auf das Rhonetal. Der R\u00fcckweg f\u00fchrt \u00fcber die Mayens de Chamoson. Gehen Sie auf der Forststra\u00dfe, die sich durch die bewaldeten Bergh\u00e4nge schl\u00e4ngelt, in Richtung Mayens de l&#8217;Ard\u00e8ve zur\u00fcck. Anschlie\u00dfend durchqueren Sie die Mayens de Chamoson, um wieder auf den Creuse-Pfad zu gelangen, der nach Ovronnaz f\u00fchrt. .<\/p>\n<p><strong>Wenn Sie eine leichtere und weniger steile Variante bevorzugen : Nehmen Sie nur die Route \u00fcber die Mayens de Chamoson, was die \u00dcberquerung mit dem Handlauf erspart.<\/strong><\/p>\n<p>&#8220; locked=&#8220;off&#8220; global_colors_info=&#8220;{}&#8220;]<\/p>\n<div class=\"wpb_text_column wpb_content_element \">\n<div class=\"wpb_wrapper\">\n<p style=\"text-align: justify;\">Explorez le sentier de la Creuse, un v\u00e9ritable balcon offrant une vue magnifique sur l\u2019Ard\u00e8ve. Puis le parcours vous emm\u00e8ne \u00e0 l&#8217;assaut de cette colline qui se pare des airs d&#8217;une montagne. Bien que parfois tr\u00e8s raide, le sentier s&#8217;\u00e9l\u00e8ve \u00e0 travers une for\u00eat de conif\u00e8res. \u00c0 mi-chemin, une main courante facilite le passage d&#8217;une barre rocheuse. Suivez l&#8217;ar\u00eate jusqu&#8217;au sommet pour d\u00e9couvrir un magnifique panorama s&#8217;ouvrant sur la vall\u00e9e du Rh\u00f4ne. Le retour s&#8217;effectue par les Mayens de Chamoson. Redescendez par la route foresti\u00e8re qui serpente les flancs bois\u00e9s de la montagne en direction des Mayens de l&#8217;Ard\u00e8ve. Ensuite, traversez les Mayens de Chamoson pour rejoindre \u00e0 nouveau le sentier de la Creuse qui m\u00e8ne \u00e0 Ovronnaz. .<\/p>\n<p style=\"text-align: justify;\"><strong>Si vous pr\u00e9f\u00e9rez une variante plus facile et moins abrupte : Emprunter uniquement l&#8217;itin\u00e9raire par les Mayens de Chamoson, ce qui \u00e9vite la travers\u00e9e avec la main courante.\u00a0<\/strong><\/p>\n<p style=\"text-align: justify;\">\n<\/div>\n<\/div>\n<p>[\/et_pb_text][et_pb_code _builder_version=&#8220;4.27.4&#8243; _module_preset=&#8220;default&#8220; custom_padding=&#8220;||20px||false|false&#8220; global_colors_info=&#8220;{}&#8220;]<!-- start Guidos Playground --><!-- [et_pb_line_break_holder] --><guidos-widget<!-- [et_pb_line_break_holder] -->    mode=&#8220;map&#8220;<!-- [et_pb_line_break_holder] -->    map-style=&#8220;summer&#8220;<!-- [et_pb_line_break_holder] -->    lang=&#8220;fr&#8220;<!-- [et_pb_line_break_holder] -->    primary-color=&#8220;#00ab84&#8243;<!-- [et_pb_line_break_holder] -->    route=&#8220;08757d28-3df1-4da8-a3f4-f68aea7110d9&#8243;<!-- [et_pb_line_break_holder] -->    api-key=&#8220;Kq8XDUDWSuapRrEA3I5tgkUmDmutZDn5&#8243;<!-- [et_pb_line_break_holder] -->    style=&#8220;height:750px;&#8220;<!-- [et_pb_line_break_holder] -->><\/guidos-widget><!-- [et_pb_line_break_holder] --><script type=\"module\" src=\"https:\/\/libraries.guidos.fun\/widget\/index.js\" defer><\/script><!-- [et_pb_line_break_holder] --><!-- end Guidos Playground -->[\/et_pb_code][\/et_pb_column][et_pb_column type=&#8220;1_3&#8243; _builder_version=&#8220;4.27.4&#8243; _module_preset=&#8220;default&#8220; custom_padding=&#8220;20px|20px|20px|20px|true|true&#8220; border_radii=&#8220;on|10px|10px|10px|10px&#8220; border_width_all=&#8220;1px&#8220; global_colors_info=&#8220;{}&#8220;][et_pb_text _builder_version=&#8220;4.27.4&#8243; _module_preset=&#8220;default&#8220; content_en_gb=&#8220;<\/p>\n<h1>Features<\/h1>\n<p>&#8220; content_de_de=&#8220;<\/p>\n<h1>Merkmale<\/h1>\n<p>&#8220; global_colors_info=&#8220;{}&#8220;]<\/p>\n<h2>Caract\u00e9ristiques<\/h2>\n<p>[\/et_pb_text][et_pb_blurb title=&#8220;Distance&#8220; use_icon=&#8220;on&#8220; font_icon=&#8220;&#x2c;||divi||400&#8243; icon_color=&#8220;#000000&#8243; icon_placement=&#8220;left&#8220; _builder_version=&#8220;4.27.4&#8243; _module_preset=&#8220;default&#8220; title_en_gb=&#8220;Length&#8220; title_de_de=&#8220;Distanz&#8220; global_colors_info=&#8220;{}&#8220;]<\/p>\n<p>10.1 km<\/p>\n<p>[\/et_pb_blurb][et_pb_blurb title=&#8220;Difficult\u00e9&#8220; use_icon=&#8220;on&#8220; font_icon=&#8220;&#xf161;||fa||900&#8243; icon_color=&#8220;#000000&#8243; icon_placement=&#8220;left&#8220; _builder_version=&#8220;4.22.1&#8243; _module_preset=&#8220;default&#8220; title_en_gb=&#8220;Difficulty &#8220; content_en_gb=&#8220;<\/p>\n<p>Medium \/ T2 (short section T3*)<\/p>\n<p>*Mountain route with a short section of iron handrails to ensure your safety.<\/p>\n<p>&#8220; title_de_de=&#8220;Schwierigkeitsgrad&#8220; content_de_de=&#8220;<\/p>\n<p>Mittel \/ T2 (kurze Passage T3*)<\/p>\n<p>*Bergroute mit einer kurzen Passage mit eisernen Handl\u00e4ufen, um Ihre Sicherheit zu gew\u00e4hrleisten.<\/p>\n<p>&#8220; global_colors_info=&#8220;{}&#8220;]<\/p>\n<p>Moyenne \/ T2 (petit passage T3*)<\/p>\n<p style=\"text-align: justify;\">*Itin\u00e9raire de montagne avec un court passage de mains courantes en fer pour assurer votre s\u00e9curit\u00e9<\/p>\n<p>[\/et_pb_blurb][et_pb_blurb title=&#8220;Dur\u00e9e&#8220; use_icon=&#8220;on&#8220; font_icon=&#8220;&#x7d;||divi||400&#8243; icon_color=&#8220;#000000&#8243; icon_placement=&#8220;left&#8220; _builder_version=&#8220;4.24.3&#8243; _module_preset=&#8220;default&#8220; title_en_gb=&#8220;Duration &#8220; content_en_gb=&#8220;<\/p>\n<p>3h30 (no break)<\/p>\n<p>&#8220; title_de_de=&#8220;Dauer&#8220; content_de_de=&#8220;<\/p>\n<p>3h30 (keine Pause)<\/p>\n<p>&#8220; global_colors_info=&#8220;{}&#8220;]<\/p>\n<p>3h30 (sans pause)<\/p>\n<p>[\/et_pb_blurb][et_pb_blurb title=&#8220;D\u00e9nivellation&#8220; use_icon=&#8220;on&#8220; font_icon=&#8220;&#x26;||divi||400&#8243; icon_color=&#8220;#000000&#8243; icon_placement=&#8220;left&#8220; _builder_version=&#8220;4.24.3&#8243; _module_preset=&#8220;default&#8220; title_en_gb=&#8220;Height difference &#8220; title_de_de=&#8220;H\u00f6henmeter&#8220; global_colors_info=&#8220;{}&#8220;]<\/p>\n<p>+612 m \/ -612 m<\/p>\n<p>[\/et_pb_blurb][et_pb_blurb title=&#8220;Altitude min&#8220; use_icon=&#8220;on&#8220; font_icon=&#8220;&#x22;||divi||400&#8243; icon_color=&#8220;#000000&#8243; icon_placement=&#8220;left&#8220; _builder_version=&#8220;4.22.1&#8243; _module_preset=&#8220;default&#8220; title_en_gb=&#8220;Minimum altitude &#8220; title_de_de=&#8220;Tiefster Punkt&#8220; global_colors_info=&#8220;{}&#8220;]<\/p>\n<p>1066 m<\/p>\n<p>[\/et_pb_blurb][et_pb_blurb title=&#8220;Altitude max&#8220; use_icon=&#8220;on&#8220; font_icon=&#8220;&#x21;||divi||400&#8243; icon_color=&#8220;#000000&#8243; icon_placement=&#8220;left&#8220; _builder_version=&#8220;4.22.1&#8243; _module_preset=&#8220;default&#8220; title_en_gb=&#8220;Maximum altitude &#8220; title_de_de=&#8220;H\u00f6chster Punkt &#8220; global_colors_info=&#8220;{}&#8220;]<\/p>\n<p>1487 m<\/p>\n<p>[\/et_pb_blurb][et_pb_blurb title=&#8220;Point de d\u00e9part&#8220; use_icon=&#8220;on&#8220; font_icon=&#8220;&#xe01d;||divi||400&#8243; icon_color=&#8220;#000000&#8243; icon_placement=&#8220;left&#8220; _builder_version=&#8220;4.24.3&#8243; _module_preset=&#8220;default&#8220; title_en_gb=&#8220;Starting point&#8220; content_en_gb=&#8220;<\/p>\n<p>Ovronnaz Tourist Office<\/p>\n<p>&#8220; title_de_de=&#8220;Startpunkt&#8220; content_de_de=&#8220;<\/p>\n<p>Tourismusb\u00fcro von Ovronnaz<\/p>\n<p>&#8220; global_colors_info=&#8220;{}&#8220;]<\/p>\n<p>Office du tourisme d&#8217;Ovronnaz<\/p>\n<p>[\/et_pb_blurb][et_pb_blurb title=&#8220;Point d&#8217;arriv\u00e9e&#8220; use_icon=&#8220;on&#8220; font_icon=&#8220;&#xe01d;||divi||400&#8243; icon_color=&#8220;#000000&#8243; icon_placement=&#8220;left&#8220; _builder_version=&#8220;4.24.3&#8243; _module_preset=&#8220;default&#8220; title_en_gb=&#8220;Point of arrival&#8220; content_en_gb=&#8220;<\/p>\n<p>Ovronnaz Tourist Office<\/p>\n<p>&#8220; title_de_de=&#8220;Ankunftsort&#8220; content_de_de=&#8220;<\/p>\n<p>Tourismusb\u00fcro von Ovronnaz<\/p>\n<p>&#8220; global_colors_info=&#8220;{}&#8220;]<\/p>\n<p>Office du tourisme d&#8217;Ovronnaz<\/p>\n<p>[\/et_pb_blurb][et_pb_blurb title=&#8220;P\u00e9riode&#8220; use_icon=&#8220;on&#8220; font_icon=&#8220;&#xf073;||fa||400&#8243; icon_color=&#8220;#000000&#8243; icon_placement=&#8220;left&#8220; _builder_version=&#8220;4.22.1&#8243; _module_preset=&#8220;default&#8220; title_en_gb=&#8220;Period&#8220; content_en_gb=&#8220;<\/p>\n<p>May to October depending on snow conditions<\/p>\n<p>&#8220; title_de_de=&#8220;Periode&#8220; content_de_de=&#8220;<\/p>\n<p>Mai bis Oktober Je nach Schneebedingungen<\/p>\n<p>&#8220; global_colors_info=&#8220;{}&#8220;]<\/p>\n<p>Mai-Octobre selon la fonte des neiges<\/p>\n<p>[\/et_pb_blurb][dipi_button_grid flex_direction=&#8220;row&#8220; _builder_version=&#8220;4.27.6&#8243; _module_preset=&#8220;default&#8220; hover_enabled=&#8220;0&#8243; global_colors_info=&#8220;{}&#8220; sticky_enabled=&#8220;0&#8243;][dipi_button_grid_child button_id=&#8220;PDF&#8220; button_text=&#8220;PDF&#8220; button_link=&#8220;https:\/\/www.ovronnaz.ch\/wp-content\/uploads\/2024\/04\/tour-ardeve.pdf&#8220; button_link_target=&#8220;on&#8220; _builder_version=&#8220;4.27.4&#8243; _module_preset=&#8220;default&#8220; custom_button=&#8220;on&#8220; button_text_color=&#8220;#FFFFFF&#8220; button_bg_color=&#8220;#E02B20&#8243; button_border_width=&#8220;0px&#8220; button_use_icon=&#8220;on&#8220; button_icon=&#8220;&#xf02f;||fa||900&#8243; button_icon_color=&#8220;#FFFFFF&#8220; button_icon_placement=&#8220;left&#8220; button_on_hover=&#8220;off&#8220; global_colors_info=&#8220;{}&#8220;][\/dipi_button_grid_child][dipi_button_grid_child button_id=&#8220;GPX&#8220; button_type=&#8220;dp_button&#8220; button_text=&#8220;GPX&#8220; button_link=&#8220;https:\/\/www.ovronnaz.ch\/wp-content\/uploads\/2024\/04\/ardeve-2.gpx&#8220; button_link_target=&#8220;on&#8220; _builder_version=&#8220;4.27.4&#8243; _module_preset=&#8220;default&#8220; custom_button=&#8220;on&#8220; button_text_color=&#8220;#FFFFFF&#8220; button_bg_color=&#8220;#E02B20&#8243; button_border_width=&#8220;0px&#8220; button_use_icon=&#8220;on&#8220; button_icon=&#8220;&#xf124;||fa||900&#8243; button_icon_color=&#8220;#FFFFFF&#8220; button_icon_placement=&#8220;left&#8220; button_on_hover=&#8220;off&#8220; global_colors_info=&#8220;{}&#8220;][\/dipi_button_grid_child][\/dipi_button_grid][\/et_pb_column][\/et_pb_row][\/et_pb_section][et_pb_section fb_built=&#8220;1&#8243; _builder_version=&#8220;4.21.0&#8243; _module_preset=&#8220;default&#8220; background_enable_color=&#8220;off&#8220; global_colors_info=&#8220;{}&#8220;][et_pb_row _builder_version=&#8220;4.21.0&#8243; _module_preset=&#8220;default&#8220; global_colors_info=&#8220;{}&#8220;][et_pb_column type=&#8220;4_4&#8243; _builder_version=&#8220;4.21.0&#8243; _module_preset=&#8220;default&#8220; global_colors_info=&#8220;{}&#8220;][et_pb_text _builder_version=&#8220;4.22.1&#8243; _module_preset=&#8220;default&#8220; text_orientation=&#8220;center&#8220; content_en_gb=&#8220;<\/p>\n<h1><em><strong>Did you know ?<\/strong><\/em><\/h1>\n<p>&#8220; content_de_de=&#8220;<\/p>\n<h1><em><strong>Wussten Sie das ? <\/strong><\/em><\/h1>\n<p>&#8220; global_colors_info=&#8220;{}&#8220;]<\/p>\n<h1><em><strong>Le saviez-vous ?<\/strong><\/em><\/h1>\n<p>[\/et_pb_text][et_pb_text _builder_version=&#8220;4.22.1&#8243; _module_preset=&#8220;default&#8220; text_font=&#8220;Barlow|300|on||||||&#8220; text_orientation=&#8220;center&#8220; content_en_gb=&#8220;<\/p>\n<p style=%22text-align: center;%22>The rock face of the Ard\u00e8ve overlooks the Rh\u00f4ne plain from an impressive height of almost 800 metres.<\/p>\n<p style=%22text-align: center;%22>For fans of the Earth sciences, the Ard\u00e8ve offers an exceptional opportunity to decipher the geological evolution of the Alps. Its geological history can be explored through three distinct aspects: the formation of rocks, their deformation and their erosion over time.<\/p>\n<p style=%22text-align: center;%22>The southern end of the Ard\u00e8ve is a veritable perched observatory, offering an incomparable panorama stretching from Martigny to Leuk.<\/p>\n<p style=%22text-align: center;%22>While the southern and south-western flanks are arid, the northern and north-eastern slopes of this imposing mountain are covered in forest vegetation.<\/p>\n<p>&#8220; content_de_de=&#8220;<\/p>\n<p style=%22text-align: center;%22>Die Felswand des Ard\u00e8ve \u00fcberragt die Rh\u00f4ne-Ebene aus einer beeindruckenden H\u00f6he von fast 800 Metern.<\/p>\n<p style=%22text-align: center;%22>F\u00fcr Liebhaber der Geowissenschaften bietet der Ard\u00e8ve eine au\u00dfergew\u00f6hnliche Gelegenheit, die geologische Entwicklung der Alpen zu entschl\u00fcsseln. Seine geologische Geschichte kann anhand von drei verschiedenen Aspekten erforscht werden: die Entstehung der Gesteine, ihre Verformung und ihre Erosion im Laufe der Zeit.<\/p>\n<p style=%22text-align: center;%22>Das s\u00fcdliche Ende der Ard\u00e8che bietet ein wahres Observatorium auf einem H\u00fcgel mit einem unvergleichlichen Panorama, das sich von Martigny bis Leuk erstreckt.<\/p>\n<p style=%22text-align: center;%22>W\u00e4hrend sich die S\u00fcd- und S\u00fcdwestflanken als trocken erweisen, kleidet Waldvegetation die Nord- und Nordostseite dieses imposanten Berges.<\/p>\n<p>&#8220; global_colors_info=&#8220;{}&#8220;]<\/p>\n<p style=\"text-align: center;\">La paroi rocheuse de l\u2019Ard\u00e8ve surplombe la plaine du Rh\u00f4ne d&#8217;une impressionnante hauteur de pr\u00e8s de 800 m\u00e8tres.<\/p>\n<p style=\"text-align: center;\">Pour les passionn\u00e9s des sciences de la Terre, l\u2019Ard\u00e8ve pr\u00e9sente une opportunit\u00e9 exceptionnelle de d\u00e9crypter l\u2019\u00e9volution g\u00e9ologique des Alpes. Son histoire g\u00e9ologique peut \u00eatre explor\u00e9e \u00e0 travers trois aspects distincts : la formation des roches, leur d\u00e9formation et leur \u00e9rosion au fil du temps.<\/p>\n<p style=\"text-align: center;\">L&#8217;extr\u00e9mit\u00e9 sud de l\u2019Ard\u00e8ve offre un v\u00e9ritable observatoire perch\u00e9, offrant un panorama incomparable qui s&#8217;\u00e9tend de Martigny \u00e0 Lo\u00e8che.<\/p>\n<p style=\"text-align: center;\">Tandis que les flancs sud et sud-ouest se r\u00e9v\u00e8lent arides, la v\u00e9g\u00e9tation foresti\u00e8re habille le versant nord et nord-est de cette imposante montagne.<\/p>\n<p>[\/et_pb_text][\/et_pb_column][\/et_pb_row][\/et_pb_section][et_pb_section fb_built=&#8220;1&#8243; _builder_version=&#8220;4.21.0&#8243; _module_preset=&#8220;default&#8220; global_colors_info=&#8220;{}&#8220;][et_pb_row _builder_version=&#8220;4.22.2&#8243; _module_preset=&#8220;default&#8220; global_colors_info=&#8220;{}&#8220;][et_pb_column type=&#8220;4_4&#8243; _builder_version=&#8220;4.22.2&#8243; _module_preset=&#8220;default&#8220; global_colors_info=&#8220;{}&#8220;][dmg_masonry_gallery gallery=&#8220;31511,31512,30961,31513,30067&#8243; columns=&#8220;2&#8243; _builder_version=&#8220;4.22.2&#8243; _module_preset=&#8220;default&#8220; global_colors_info=&#8220;{}&#8220;][\/dmg_masonry_gallery][\/et_pb_column][\/et_pb_row][\/et_pb_section]<\/p>\n","protected":false},"excerpt":{"rendered":"<p>Tour de l&#8217;Ard\u00e8ve Explorez le sentier de la Creuse, un v\u00e9ritable balcon offrant une vue magnifique sur l\u2019Ard\u00e8ve. Puis le parcours vous emm\u00e8ne \u00e0 l&#8217;assaut de cette colline qui se [&hellip;]<\/p>\n","protected":false},"author":2,"featured_media":35507,"comment_status":"open","ping_status":"closed","template":"","meta":{"_et_pb_use_builder":"on","_et_pb_old_content":"","_et_gb_content_width":"","_monsterinsights_skip_tracking":false,"_monsterinsights_sitenote_active":false,"_monsterinsights_sitenote_note":"","_monsterinsights_sitenote_category":0,"footnotes":""},"project_category":[39],"project_tag":[60],"class_list":["post-30064","project","type-project","status-publish","has-post-thumbnail","hentry","project_category-village","project_tag-avance"],"_links":{"self":[{"href":"https:\/\/www.ovronnaz.ch\/de\/wp-json\/wp\/v2\/project\/30064","targetHints":{"allow":["GET"]}}],"collection":[{"href":"https:\/\/www.ovronnaz.ch\/de\/wp-json\/wp\/v2\/project"}],"about":[{"href":"https:\/\/www.ovronnaz.ch\/de\/wp-json\/wp\/v2\/types\/project"}],"author":[{"embeddable":true,"href":"https:\/\/www.ovronnaz.ch\/de\/wp-json\/wp\/v2\/users\/2"}],"replies":[{"embeddable":true,"href":"https:\/\/www.ovronnaz.ch\/de\/wp-json\/wp\/v2\/comments?post=30064"}],"version-history":[{"count":13,"href":"https:\/\/www.ovronnaz.ch\/de\/wp-json\/wp\/v2\/project\/30064\/revisions"}],"predecessor-version":[{"id":45862,"href":"https:\/\/www.ovronnaz.ch\/de\/wp-json\/wp\/v2\/project\/30064\/revisions\/45862"}],"wp:featuredmedia":[{"embeddable":true,"href":"https:\/\/www.ovronnaz.ch\/de\/wp-json\/wp\/v2\/media\/35507"}],"wp:attachment":[{"href":"https:\/\/www.ovronnaz.ch\/de\/wp-json\/wp\/v2\/media?parent=30064"}],"wp:term":[{"taxonomy":"project_category","embeddable":true,"href":"https:\/\/www.ovronnaz.ch\/de\/wp-json\/wp\/v2\/project_category?post=30064"},{"taxonomy":"project_tag","embeddable":true,"href":"https:\/\/www.ovronnaz.ch\/de\/wp-json\/wp\/v2\/project_tag?post=30064"}],"curies":[{"name":"wp","href":"https:\/\/api.w.org\/{rel}","templated":true}]}}