{"id":29328,"date":"2023-07-21T10:26:19","date_gmt":"2023-07-21T08:26:19","guid":{"rendered":"http:\/\/www.ovronnaz.ch\/?page_id=29328"},"modified":"2023-12-23T14:26:14","modified_gmt":"2023-12-23T13:26:14","slug":"ess","status":"publish","type":"page","link":"https:\/\/www.ovronnaz.ch\/de\/ess\/","title":{"rendered":"ESS"},"content":{"rendered":"<p>[et_pb_section fb_built=&#8220;1&#8243; fullwidth=&#8220;on&#8220; _builder_version=&#8220;4.21.0&#8243; _module_preset=&#8220;default&#8220; global_colors_info=&#8220;{}&#8220;][et_pb_fullwidth_slider _builder_version=&#8220;4.22.2&#8243; _module_preset=&#8220;default&#8220; global_colors_info=&#8220;{}&#8220;][et_pb_slide _builder_version=&#8220;4.22.2&#8243; _module_preset=&#8220;default&#8220; background_image=&#8220;http:\/\/www.ovronnaz.ch\/wp-content\/uploads\/2023\/09\/babylift-30.12-3-scaled-e1695904448227.jpg&#8220; background_enable_image=&#8220;on&#8220; global_colors_info=&#8220;{}&#8220; sticky_transition=&#8220;on&#8220;][\/et_pb_slide][\/et_pb_fullwidth_slider][\/et_pb_section][et_pb_section fb_built=&#8220;1&#8243; _builder_version=&#8220;4.21.0&#8243; _module_preset=&#8220;default&#8220; custom_margin=&#8220;||||false|false&#8220; custom_padding=&#8220;0px||0px||false|false&#8220; global_colors_info=&#8220;{}&#8220;][et_pb_row _builder_version=&#8220;4.21.0&#8243; _module_preset=&#8220;default&#8220; global_colors_info=&#8220;{}&#8220;][et_pb_column type=&#8220;4_4&#8243; _builder_version=&#8220;4.21.0&#8243; _module_preset=&#8220;default&#8220; global_colors_info=&#8220;{}&#8220;][et_pb_text _builder_version=&#8220;4.22.1&#8243; _module_preset=&#8220;default&#8220; content_en_gb=&#8220;<\/p>\n<h1>SWISS SKI SCHOOL (ESS)<\/h1>\n<p>&#8220; content_de_de=&#8220;<\/p>\n<h1>SCHWEIZER SKISCHULE (ESS)<\/h1>\n<p>&#8220; global_colors_info=&#8220;{}&#8220;]<\/p>\n<h1>ECOLE SUISSE DE SKI (ESS)<\/h1>\n<p>[\/et_pb_text][\/et_pb_column][\/et_pb_row][et_pb_row _builder_version=&#8220;4.22.1&#8243; _module_preset=&#8220;default&#8220; locked=&#8220;off&#8220; global_colors_info=&#8220;{}&#8220;][et_pb_column type=&#8220;4_4&#8243; _builder_version=&#8220;4.22.1&#8243; _module_preset=&#8220;default&#8220; global_colors_info=&#8220;{}&#8220;][et_pb_text _builder_version=&#8220;4.22.2&#8243; _module_preset=&#8220;default&#8220; content_en_gb=&#8220;<\/p>\n<p style=%22text-align: justify;%22><strong>HONE YOUR TECHNIQUE !<\/strong><\/p>\n<div class=%22bgGray%22>\n<p style=%22text-align: justify;%22>Are you just starting out or do you want to perfect your technique? The qualified instructors at the Ovronnaz ski\/snowboard schools will meet your expectations<\/p>\n<\/div>\n<p>&#8220; content_de_de=&#8220;<\/p>\n<p><strong>VERBESSERN SIE IHRE TECHNIK !<\/strong><\/p>\n<div class=%22bgGray%22>\n<p>Sie sind Anf\u00e4nger oder m\u00f6chten Ihre Technik perfektionieren? Die kompetenten Lehrer der Ski-\/Snowboardschulen von Ovronnaz werden Ihre Erwartungen erf\u00fcllen.<\/p>\n<\/div>\n<p>&#8220; global_colors_info=&#8220;{}&#8220;]<\/p>\n<h2>Soignez votre technique !<\/h2>\n<p>Vous d\u00e9buter ou souhaitez perfectionner votre technique ? Les professeurs comp\u00e9tents des \u00e9coles de ski\/snowboard d&#8217;Ovronnaz r\u00e9pondront \u00e0 vos attentes.<\/p>\n<p>[\/et_pb_text][\/et_pb_column][\/et_pb_row][et_pb_row _builder_version=&#8220;4.21.0&#8243; _module_preset=&#8220;default&#8220; global_colors_info=&#8220;{}&#8220;][et_pb_column type=&#8220;4_4&#8243; _builder_version=&#8220;4.21.0&#8243; _module_preset=&#8220;default&#8220; global_colors_info=&#8220;{}&#8220;][et_pb_text _builder_version=&#8220;4.22.2&#8243; _module_preset=&#8220;default&#8220; content_en_gb=&#8220;<\/p>\n<div class=%22wpb_text_column wpb_content_element %22>\n<div class=%22wpb_wrapper%22>\n<p>\u00a0<\/p>\n<p>A professional tradition since 1963!<\/p>\n<p>More than 50 enthusiasts are at your disposal, including :<\/p>\n<ul>\n<li>10 federally qualified instructors<\/li>\n<li>1 federally qualified mountain guide<\/li>\n<li>5 1st degree instructors<\/li>\n<li>4 child instructors<\/li>\n<li>5 youth &#038; sports instructors<\/li>\n<\/ul>\n<p>Whether skiing, snowboarding or telemarking, our private (*) or group (**) lessons are available from the age of 2 \u00bd. They will enable you to discover all the facets of snow sports. You&#8217;ll know all the secrets of the snow!<\/p>\n<p>Our group lessons are given in French, German or English. For your private lessons, you can choose from the following languages: French, English, German (Swiss German), Dutch, Portuguese, Spanish, Albanian, Russian, Czech and Polish.<\/p>\n<\/div>\n<\/div>\n<p>&#8220; content_de_de=&#8220;<\/p>\n<div class=%22wpb_text_column wpb_content_element %22>\n<div class=%22wpb_wrapper%22>\n<p>Eine professionelle Tradition seit 1963!<\/p>\n<p>Zu Ihrer Verf\u00fcgung stehen mehr als 50 passionierte Lehrer, darunter :<\/p>\n<ul>\n<li>10 Lehrer mit eidgen\u00f6ssischem Fachausweis<\/li>\n<li>1 Bergf\u00fchrer mit eidgen\u00f6ssischem Fachausweis<\/li>\n<li>5 Lehrer 1. Stufe<\/li>\n<li>4 Kids Instruktoren<\/li>\n<li>5 Jugend- und Sportlehrer<\/li>\n<\/ul>\n<p>Ob Skifahren, Snowboarden oder Telemark, unsere Privat- (*) oder Gruppenkurse (**) sind ab einem Alter von 2 \u00bd Jahren zug\u00e4nglich. Sie erm\u00f6glichen es Ihnen, alle Facetten des Schneesports zu entdecken. Das Skifahren wird kein Geheimnis mehr f\u00fcr Sie sein!<\/p>\n<p>Unsere Gruppenkurse werden auf Franz\u00f6sisch, Deutsch oder Englisch abgehalten. F\u00fcr Ihren Privatunterricht haben Sie die Wahl zwischen folgenden Sprachen: Franz\u00f6sisch, Englisch, Deutsch (Schweizerdeutsch), Niederl\u00e4ndisch, Portugiesisch, Spanisch, Albanisch, Russisch, Tschechisch, Polnisch.<\/p>\n<\/div>\n<\/div>\n<p>&#8220; global_colors_info=&#8220;{}&#8220;]<\/p>\n<div class=\"wpb_text_column wpb_content_element \">\n<div class=\"wpb_wrapper\">\n<p style=\"text-align: justify;\">Une tradition professionnelle depuis 1963\u00a0\u00a0 !<\/p>\n<p style=\"text-align: justify;\">\u00c0\u00a0votre disposition plus de 50 passionn\u00e9s dont :<\/p>\n<ul style=\"text-align: justify;\">\n<li>10 professeurs avec brevet f\u00e9d\u00e9ral<\/li>\n<li>1 guide de moyenne montagne avec brevet f\u00e9d\u00e9ral<\/li>\n<li>5 professeurs 1er degr\u00e9<\/li>\n<li>4 kids instructeurs<\/li>\n<li>5 moniteurs jeunesse &amp; sports<\/li>\n<\/ul>\n<p style=\"text-align: justify;\">Que ce soit en ski, en snowboard ou en t\u00e9l\u00e9mark, nos cours priv\u00e9s (*)\u00a0 ou collectifs (**) sont accessibles d\u00e8s l\u2019\u00e2ge de 2 ans \u00bd. Ils vous permettront de d\u00e9couvrir toutes les facettes des sports de neige. La glisse n\u2019aura plus de secret pour vous !<\/p>\n<p style=\"text-align: justify;\">Nos cours collectifs sont donn\u00e9s en fran\u00e7ais, allemand ou anglais. Pour vos le\u00e7ons priv\u00e9es, vous avez le choix parmi les langues suivantes : fran\u00e7ais, anglais, allemand (suisse-allemand), n\u00e9erlandais, portugais, espagnol, albanais, russe, tch\u00e8que, polonais.<\/p>\n<\/div>\n<\/div>\n<p>[\/et_pb_text][\/et_pb_column][\/et_pb_row][et_pb_row column_structure=&#8220;1_2,1_2&#8243; _builder_version=&#8220;4.22.2&#8243; _module_preset=&#8220;default&#8220; locked=&#8220;off&#8220; global_colors_info=&#8220;{}&#8220;][et_pb_column type=&#8220;1_2&#8243; _builder_version=&#8220;4.22.2&#8243; _module_preset=&#8220;default&#8220; global_colors_info=&#8220;{}&#8220;][et_pb_blurb title=&#8220;Cours priv\u00e9s&#8220; use_icon=&#8220;on&#8220; font_icon=&#8220;&#xf500;||fa||900&#8243; icon_color=&#8220;#000000&#8243; image_icon_width=&#8220;57px&#8220; _builder_version=&#8220;4.22.2&#8243; _module_preset=&#8220;default&#8220; header_level=&#8220;h1&#8243; header_font=&#8220;Poppins|600|||||||&#8220; body_font=&#8220;Poppins|300|||||||&#8220; body_font_size=&#8220;20px&#8220; body_line_height=&#8220;1.9em&#8220; text_orientation=&#8220;center&#8220; title_en_gb=&#8220;Private lessons&#8220; content_en_gb=&#8220;<\/p>\n<p>1 or 2 people: CHF 70\/hour<\/p>\n<p>&#8220; title_de_de=&#8220;Privatunterricht&#8220; content_de_de=&#8220;<\/p>\n<p>1 oder 2 Personen: CHF 70\/Std.<\/p>\n<p>&#8220; global_colors_info=&#8220;{}&#8220;]<\/p>\n<p>1 ou 2 personnes: CHF 70.-\/h<\/p>\n<p>[\/et_pb_blurb][\/et_pb_column][et_pb_column type=&#8220;1_2&#8243; _builder_version=&#8220;4.22.2&#8243; _module_preset=&#8220;default&#8220; global_colors_info=&#8220;{}&#8220;][et_pb_blurb title=&#8220;Cours collectifs&#8220; use_icon=&#8220;on&#8220; font_icon=&#8220;&#xf0c0;||fa||900&#8243; icon_color=&#8220;#000000&#8243; image_icon_width=&#8220;57px&#8220; _builder_version=&#8220;4.22.2&#8243; _module_preset=&#8220;default&#8220; header_level=&#8220;h1&#8243; header_font=&#8220;Poppins|600|||||||&#8220; body_font=&#8220;Poppins|300|||||||&#8220; body_font_size=&#8220;20px&#8220; body_line_height=&#8220;1.9em&#8220; text_orientation=&#8220;center&#8220; title_en_gb=&#8220;Group lessons&#8220; content_en_gb=&#8220;<\/p>\n<p>first morning CHF 60 &#8211; sliding scale from the 2nd morning,<\/p>\n<p>CHF 200 per person, Monday to Friday (2 \u00bd hours per day with assessment and medal).<\/p>\n<p>&#8220; title_de_de=&#8220;Gruppenunterricht&#8220; content_de_de=&#8220;<\/p>\n<p>erster Vormittag CHF 60.- degressiver Tarif ab dem zweiten Vormittag,<\/p>\n<p>CHF 200.- pro Person, von Montag bis Freitag (2 \u00bd Stunden pro Tag mit Auswertung und Medaille).<\/p>\n<p>&#8220; global_colors_info=&#8220;{}&#8220;]<\/p>\n<p>premi\u00e8re matin\u00e9e CHF 60.- tarif d\u00e9gressif d\u00e8s la 2\u00e8me<span>\u00a0<\/span>matin\u00e9e,<\/p>\n<p>CHF 200.- par personne, du lundi au vendredi (2 \u00bd heures par jour avec \u00e9valuation et m\u00e9daille).<\/p>\n<p>[\/et_pb_blurb][\/et_pb_column][\/et_pb_row][\/et_pb_section][et_pb_section fb_built=&#8220;1&#8243; _builder_version=&#8220;4.22.2&#8243; _module_preset=&#8220;default&#8220; global_colors_info=&#8220;{}&#8220;][et_pb_row column_structure=&#8220;1_2,1_2&#8243; _builder_version=&#8220;4.22.1&#8243; _module_preset=&#8220;default&#8220; min_height=&#8220;130px&#8220; global_colors_info=&#8220;{}&#8220;][et_pb_column type=&#8220;1_2&#8243; _builder_version=&#8220;4.22.1&#8243; _module_preset=&#8220;default&#8220; global_colors_info=&#8220;{}&#8220;][et_pb_blurb title=&#8220;www.essovronnaz.ch&#8220; use_icon=&#8220;on&#8220; font_icon=&#8220;&#xe0e3;||divi||400&#8243; icon_color=&#8220;#000000&#8243; icon_placement=&#8220;left&#8220; image_icon_width=&#8220;28px&#8220; _builder_version=&#8220;4.22.2&#8243; _module_preset=&#8220;default&#8220; link_option_url=&#8220;www.essovronnaz.ch&#8220; link_option_url_new_window=&#8220;on&#8220; locked=&#8220;off&#8220; global_colors_info=&#8220;{}&#8220;][\/et_pb_blurb][et_pb_blurb title=&#8220;info@essovronnaz.ch&#8220; use_icon=&#8220;on&#8220; font_icon=&#8220;&#xf0e0;||fa||400&#8243; icon_color=&#8220;#000000&#8243; icon_placement=&#8220;left&#8220; image_icon_width=&#8220;28px&#8220; _builder_version=&#8220;4.22.1&#8243; _module_preset=&#8220;default&#8220; link_option_url=&#8220;mailto:info@essovronnaz.ch&#8220; link_option_url_new_window=&#8220;on&#8220; locked=&#8220;off&#8220; global_colors_info=&#8220;{}&#8220;][\/et_pb_blurb][et_pb_blurb title=&#8220;+41 27 306 13 74&#8243; use_icon=&#8220;on&#8220; font_icon=&#8220;&#xf879;||fa||900&#8243; icon_color=&#8220;#000000&#8243; icon_placement=&#8220;left&#8220; image_icon_width=&#8220;28px&#8220; _builder_version=&#8220;4.22.1&#8243; _module_preset=&#8220;default&#8220; link_option_url_new_window=&#8220;on&#8220; locked=&#8220;off&#8220; global_colors_info=&#8220;{}&#8220;][\/et_pb_blurb][et_pb_blurb title=&#8220;+41 77 521 07 67&#8243; use_icon=&#8220;on&#8220; font_icon=&#8220;&#xf879;||fa||900&#8243; icon_color=&#8220;#000000&#8243; icon_placement=&#8220;left&#8220; image_icon_width=&#8220;28px&#8220; _builder_version=&#8220;4.23.2&#8243; _module_preset=&#8220;default&#8220; link_option_url_new_window=&#8220;on&#8220; hover_enabled=&#8220;0&#8243; locked=&#8220;off&#8220; global_colors_info=&#8220;{}&#8220; sticky_enabled=&#8220;0&#8243;][\/et_pb_blurb][\/et_pb_column][et_pb_column type=&#8220;1_2&#8243; _builder_version=&#8220;4.22.1&#8243; _module_preset=&#8220;default&#8220; global_colors_info=&#8220;{}&#8220;][et_pb_code _builder_version=&#8220;4.22.1&#8243; _module_preset=&#8220;default&#8220; locked=&#8220;off&#8220; global_colors_info=&#8220;{}&#8220;]<iframe src=\"https:\/\/www.google.com\/maps\/embed?pb=!1m14!1m8!1m3!1d5522.652153339698!2d7.166862000000001!3d46.203968!3m2!1i1024!2i768!4f13.1!3m3!1m2!1s0x478ec6baf3d00001%3A0xa6380ccad9dd6b98!2sEcole%20Suisse%20de%20Ski!5e0!3m2!1sfr!2sch!4v1693399556258!5m2!1sfr!2sch\" width=\"600\" height=\"350\" style=\"border:0;\" allowfullscreen=\"\" loading=\"lazy\" referrerpolicy=\"no-referrer-when-downgrade\"><\/iframe>[\/et_pb_code][\/et_pb_column][\/et_pb_row][\/et_pb_section][et_pb_section fb_built=&#8220;1&#8243; _builder_version=&#8220;4.22.1&#8243; _module_preset=&#8220;default&#8220; global_colors_info=&#8220;{}&#8220;][et_pb_row column_structure=&#8220;1_2,1_2&#8243; _builder_version=&#8220;4.22.1&#8243; _module_preset=&#8220;default&#8220; global_colors_info=&#8220;{}&#8220;][et_pb_column type=&#8220;1_2&#8243; _builder_version=&#8220;4.22.1&#8243; _module_preset=&#8220;default&#8220; global_colors_info=&#8220;{}&#8220;][et_pb_image src=&#8220;http:\/\/www.ovronnaz.ch\/wp-content\/uploads\/2023\/08\/ESS_logo-150&#215;150-2.jpg&#8220; title_text=&#8220;ESS_logo-150&#215;150&#8243; _builder_version=&#8220;4.22.1&#8243; _module_preset=&#8220;default&#8220; global_colors_info=&#8220;{}&#8220;][\/et_pb_image][\/et_pb_column][et_pb_column type=&#8220;1_2&#8243; _builder_version=&#8220;4.22.1&#8243; _module_preset=&#8220;default&#8220; global_colors_info=&#8220;{}&#8220;][et_pb_button button_url=&#8220;http:\/\/www.essovronnaz.ch&#8220; url_new_window=&#8220;on&#8220; button_text=&#8220;Inscription et information&#8220; _builder_version=&#8220;4.22.2&#8243; _module_preset=&#8220;default&#8220; button_text_en_gb=&#8220;Registration and Information&#8220; button_text_de_de=&#8220;Reservierung und Information&#8220; global_colors_info=&#8220;{}&#8220;][\/et_pb_button][\/et_pb_column][\/et_pb_row][\/et_pb_section]<\/p>\n","protected":false},"excerpt":{"rendered":"<p>ECOLE SUISSE DE SKI (ESS)Soignez votre technique ! Vous d\u00e9buter ou souhaitez perfectionner votre technique ? Les professeurs comp\u00e9tents des \u00e9coles de ski\/snowboard d&#8217;Ovronnaz r\u00e9pondront \u00e0 vos attentes. Une tradition [&hellip;]<\/p>\n","protected":false},"author":1,"featured_media":0,"parent":0,"menu_order":36,"comment_status":"closed","ping_status":"closed","template":"","meta":{"_et_pb_use_builder":"on","_et_pb_old_content":"","_et_gb_content_width":"","_monsterinsights_skip_tracking":false,"_monsterinsights_sitenote_active":false,"_monsterinsights_sitenote_note":"","_monsterinsights_sitenote_category":0,"footnotes":""},"dipi_cpt_category":[],"class_list":["post-29328","page","type-page","status-publish","hentry"],"_links":{"self":[{"href":"https:\/\/www.ovronnaz.ch\/de\/wp-json\/wp\/v2\/pages\/29328","targetHints":{"allow":["GET"]}}],"collection":[{"href":"https:\/\/www.ovronnaz.ch\/de\/wp-json\/wp\/v2\/pages"}],"about":[{"href":"https:\/\/www.ovronnaz.ch\/de\/wp-json\/wp\/v2\/types\/page"}],"author":[{"embeddable":true,"href":"https:\/\/www.ovronnaz.ch\/de\/wp-json\/wp\/v2\/users\/1"}],"replies":[{"embeddable":true,"href":"https:\/\/www.ovronnaz.ch\/de\/wp-json\/wp\/v2\/comments?post=29328"}],"version-history":[{"count":1,"href":"https:\/\/www.ovronnaz.ch\/de\/wp-json\/wp\/v2\/pages\/29328\/revisions"}],"predecessor-version":[{"id":37824,"href":"https:\/\/www.ovronnaz.ch\/de\/wp-json\/wp\/v2\/pages\/29328\/revisions\/37824"}],"wp:attachment":[{"href":"https:\/\/www.ovronnaz.ch\/de\/wp-json\/wp\/v2\/media?parent=29328"}],"wp:term":[{"taxonomy":"dipi_cpt_category","embeddable":true,"href":"https:\/\/www.ovronnaz.ch\/de\/wp-json\/wp\/v2\/dipi_cpt_category?post=29328"}],"curies":[{"name":"wp","href":"https:\/\/api.w.org\/{rel}","templated":true}]}}